{"id":5660,"date":"2016-02-05T04:55:35","date_gmt":"2016-02-05T04:55:35","guid":{"rendered":"http:\/\/motors-demo.loc\/dealer_two\/?page_id=12"},"modified":"2026-04-12T14:38:59","modified_gmt":"2026-04-12T14:38:59","slug":"home-page","status":"publish","type":"page","link":"https:\/\/carmax.ma\/pt\/","title":{"rendered":"P\u00e1gina inicial"},"content":{"rendered":"<div data-elementor-type=\"wp-page\" data-elementor-id=\"5660\" class=\"elementor elementor-5660\" data-elementor-settings=\"{&quot;element_pack_global_tooltip_width&quot;:{&quot;unit&quot;:&quot;px&quot;,&quot;size&quot;:&quot;&quot;,&quot;sizes&quot;:[]},&quot;element_pack_global_tooltip_width_tablet&quot;:{&quot;unit&quot;:&quot;px&quot;,&quot;size&quot;:&quot;&quot;,&quot;sizes&quot;:[]},&quot;element_pack_global_tooltip_width_mobile&quot;:{&quot;unit&quot;:&quot;px&quot;,&quot;size&quot;:&quot;&quot;,&quot;sizes&quot;:[]},&quot;element_pack_global_tooltip_padding&quot;:{&quot;unit&quot;:&quot;px&quot;,&quot;top&quot;:&quot;&quot;,&quot;right&quot;:&quot;&quot;,&quot;bottom&quot;:&quot;&quot;,&quot;left&quot;:&quot;&quot;,&quot;isLinked&quot;:true},&quot;element_pack_global_tooltip_padding_tablet&quot;:{&quot;unit&quot;:&quot;px&quot;,&quot;top&quot;:&quot;&quot;,&quot;right&quot;:&quot;&quot;,&quot;bottom&quot;:&quot;&quot;,&quot;left&quot;:&quot;&quot;,&quot;isLinked&quot;:true},&quot;element_pack_global_tooltip_padding_mobile&quot;:{&quot;unit&quot;:&quot;px&quot;,&quot;top&quot;:&quot;&quot;,&quot;right&quot;:&quot;&quot;,&quot;bottom&quot;:&quot;&quot;,&quot;left&quot;:&quot;&quot;,&quot;isLinked&quot;:true},&quot;element_pack_global_tooltip_border_radius&quot;:{&quot;unit&quot;:&quot;px&quot;,&quot;top&quot;:&quot;&quot;,&quot;right&quot;:&quot;&quot;,&quot;bottom&quot;:&quot;&quot;,&quot;left&quot;:&quot;&quot;,&quot;isLinked&quot;:true},&quot;element_pack_global_tooltip_border_radius_tablet&quot;:{&quot;unit&quot;:&quot;px&quot;,&quot;top&quot;:&quot;&quot;,&quot;right&quot;:&quot;&quot;,&quot;bottom&quot;:&quot;&quot;,&quot;left&quot;:&quot;&quot;,&quot;isLinked&quot;:true},&quot;element_pack_global_tooltip_border_radius_mobile&quot;:{&quot;unit&quot;:&quot;px&quot;,&quot;top&quot;:&quot;&quot;,&quot;right&quot;:&quot;&quot;,&quot;bottom&quot;:&quot;&quot;,&quot;left&quot;:&quot;&quot;,&quot;isLinked&quot;:true}}\">\n\t\t\t\t<div class=\"elementor-element elementor-element-1c55e8f e-flex e-con-boxed e-con e-parent\" data-id=\"1c55e8f\" data-element_type=\"container\" data-e-type=\"container\">\n\t\t\t\t\t<div class=\"e-con-inner\">\n\t\t<div class=\"elementor-element elementor-element-e1b6bf4 e-con-full e-flex e-con e-child\" data-id=\"e1b6bf4\" data-element_type=\"container\" data-e-type=\"container\">\n\t\t\t\t<div class=\"elementor-element elementor-element-29a1501 elementor-search-form-skin-default elementor-widget elementor-widget-bdt-search\" data-id=\"29a1501\" data-element_type=\"widget\" data-e-type=\"widget\" data-widget_type=\"bdt-search.default\">\n\t\t\t\t\t\t\t<div class=\"bdt-search-container\">\n\t\t\t\n\t\t\t\n\t\t\t<form class=\"bdt-search bdt-search-default\" role=\"search\" method=\"get\" action=\"https:\/\/carmax.ma\/pt\/\" data-trp-original-action=\"https:\/\/carmax.ma\/pt\/\">\n\t\t\t\t<div class=\"bdt-position-relative\">\n\t\t\t\t\t<span class=\"\" data-bdt-search-icon><\/span>\t\t\t\t\t\t\t\t\t\t\t<input name=\"post_type\" id=\"post_type\" type=\"hidden\" value=\"listings\">\n\t\t\t\t\t\t\t\t\t\t<input placeholder=\"Encontrar um ve\u00edculo ...\" class=\"bdt-search-input\" type=\"search\" name=\"s\" title=\"Search\" value=\"\">\n\t\t\t\t\t\t\t\t\t<\/div>\n\n\n\t\t\t\t\t\t\t<input type=\"hidden\" name=\"trp-form-language\" value=\"pt\"\/><\/form>\n\n\t\t\t\t<\/div>\n\t\t\t\t\t\t<\/div>\n\t\t\t\t<\/div>\n\t\t\t\t\t<\/div>\n\t\t\t\t<\/div>\n\t\t\t\t<section class=\"elementor-section elementor-top-section elementor-element elementor-element-16f2cda1 elementor-section-boxed elementor-section-height-default elementor-section-height-default\" data-id=\"16f2cda1\" data-element_type=\"section\" data-e-type=\"section\">\n\t\t\t\t\t\t<div class=\"elementor-container elementor-column-gap-wider\">\n\t\t\t\t\t<div class=\"elementor-column elementor-col-100 elementor-top-column elementor-element elementor-element-457114d6\" data-id=\"457114d6\" data-element_type=\"column\" data-e-type=\"column\">\n\t\t\t<div class=\"elementor-widget-wrap elementor-element-populated\">\n\t\t\t\t\t\t<div class=\"elementor-element elementor-element-d60b72d elementor-widget elementor-widget-bdt-slideshow\" data-id=\"d60b72d\" data-element_type=\"widget\" data-e-type=\"widget\" data-widget_type=\"bdt-slideshow.default\">\n\t\t\t\t\t\t\t<div data-bdt-slideshow=\"{&quot;animation&quot;:&quot;push&quot;,&quot;ratio&quot;:&quot;16:9&quot;,&quot;min-height&quot;:false,&quot;autoplay&quot;:true,&quot;autoplay-interval&quot;:7000,&quot;pause-on-hover&quot;:false,&quot;velocity&quot;:1}\" class=\"bdt-arrows-align-center\">\n\t\t\t<div class=\"bdt-position-relative bdt-visible-toggle\">\n\n\t\t\t\t\n\t\t\t\t<ul class=\"bdt-slideshow-items\" >\n\t\t\t\t\t\n\t\t\t<li class=\"bdt-slideshow-item elementor-repeater-item-b1969d5\">\n\t\t\t\t\n\t\t\t\t\t\t\t\t\t\t\t<img decoding=\"async\" src=\"https:\/\/carmax.ma\/wp-content\/uploads\/2025\/11\/slider-Maserati.jpg\" alt=\"P\u00e1gina inicial\" class=\"bdt-cover\" data-bdt-cover=\"\">\t\t\t\t\t\n\t\t\t\t\t\n\t\t\t\t\n\t\t\t\t\t\t<div\n\t\t\tclass=\"bdt-slideshow-content-wrapper bdt-position-z-index bdt-position-center-left bdt-position-large bdt-text-center\">\n\t\t\t\n\t\t\t\t\t\t\t<div>\n\t\t\t\t\t<h1\t\t\t\t\t\tclass=\"bdt-slideshow-title bdt-display-inline-block\">\n\t\t\t\t\t\tMaserati Levante\t\t\t\t\t<\/h1>\n\t\t\t\t<\/div>\n\t\t\t\n\t\t\t\n\t\t\t\t\t\t\t<div class=\"bdt-slideshow-text\">\n\t\t\t\t\tA partir de Dhs 850.000 \t\t\t\t<\/div>\n\t\t\t\n\t\t\t\t\t\t\t<div><a class=\"bdt-slideshow-button bdt-display-inline-block\" href=\"#\">\n\t\t\t\t\t\tDescobrir\n\t\t\t\t\t\t\t\t\t\t\t\t\t<span\n\t\t\t\t\t\t\t\tclass=\"bdt-button-icon-align-left bdt-slideshow-button-icon-left\">\n\n\t\t\t\t\t\t\t\t<i aria-hidden=\"true\" class=\"fa-fw stmicon- stm-icon-car_search\"><\/i>\n\t\t\t\t\t\t\t<\/span>\n\t\t\t\t\t\t\n\t\t\t\t\t<\/a><\/div>\n\t\t\t\t\t<\/div>\n\n\t\t\t\t\t<\/li>\n\n\t\t\n\t\t\t<li class=\"bdt-slideshow-item elementor-repeater-item-22e4e40\">\n\t\t\t\t\n\t\t\t\t\t\t\t\t\t\t\t<img decoding=\"async\" src=\"https:\/\/carmax.ma\/wp-content\/uploads\/2025\/11\/slider-jaecoo.jpg\" alt=\"P\u00e1gina inicial\" class=\"bdt-cover\" data-bdt-cover=\"\">\t\t\t\t\t\n\t\t\t\t\t\n\t\t\t\t\n\t\t\t\t\t\t<div\n\t\t\tclass=\"bdt-slideshow-content-wrapper bdt-position-z-index bdt-position-center-left bdt-position-large bdt-text-center\">\n\t\t\t\n\t\t\t\t\t\t\t<div>\n\t\t\t\t\t<h1\t\t\t\t\t\tclass=\"bdt-slideshow-title bdt-display-inline-block\">\n\t\t\t\t\t\tJaecoo J7 SHS\t\t\t\t\t<\/h1>\n\t\t\t\t<\/div>\n\t\t\t\n\t\t\t\n\t\t\t\t\t\t\t<div class=\"bdt-slideshow-text\">\n\t\t\t\t\tA partir de Dhs 370.000 \t\t\t\t<\/div>\n\t\t\t\n\t\t\t\t\t\t\t<div><a class=\"bdt-slideshow-button bdt-display-inline-block\" href=\"https:\/\/carmax.ma\/listings\/jaecoo-j7-phev\/\" target=\"_blank\">\n\t\t\t\t\t\tDescobrir\n\t\t\t\t\t\t\t\t\t\t\t\t\t<span\n\t\t\t\t\t\t\t\tclass=\"bdt-button-icon-align-left bdt-slideshow-button-icon-left\">\n\n\t\t\t\t\t\t\t\t<i aria-hidden=\"true\" class=\"fa-fw stmicon- stm-icon-car_search\"><\/i>\n\t\t\t\t\t\t\t<\/span>\n\t\t\t\t\t\t\n\t\t\t\t\t<\/a><\/div>\n\t\t\t\t\t<\/div>\n\n\t\t\t\t\t<\/li>\n\n\t\t\n\t\t\t<li class=\"bdt-slideshow-item elementor-repeater-item-84f1a2e\">\n\t\t\t\t\n\t\t\t\t\t\t\t\t\t\t\t<img decoding=\"async\" src=\"https:\/\/carmax.ma\/wp-content\/uploads\/2025\/11\/slider-sportqge.jpg\" alt=\"P\u00e1gina inicial\" class=\"bdt-cover\" data-bdt-cover=\"\">\t\t\t\t\t\n\t\t\t\t\t\n\t\t\t\t\n\t\t\t\t\t\t<div\n\t\t\tclass=\"bdt-slideshow-content-wrapper bdt-position-z-index bdt-position-center-left bdt-position-large bdt-text-center\">\n\t\t\t\n\t\t\t\t\t\t\t<div>\n\t\t\t\t\t<h1\t\t\t\t\t\tclass=\"bdt-slideshow-title bdt-display-inline-block\">\n\t\t\t\t\t\tKia Sportage\t\t\t\t\t<\/h1>\n\t\t\t\t<\/div>\n\t\t\t\n\t\t\t\n\t\t\t\t\t\t\t<div class=\"bdt-slideshow-text\">\n\t\t\t\t\tA partir de Dhs 375.000\t\t\t\t<\/div>\n\t\t\t\n\t\t\t\t\t\t\t<div><a class=\"bdt-slideshow-button bdt-display-inline-block\" href=\"https:\/\/carmax.ma\/listings\/kiasportage\/\">\n\t\t\t\t\t\tDescobrir\n\t\t\t\t\t\t\t\t\t\t\t\t\t<span\n\t\t\t\t\t\t\t\tclass=\"bdt-button-icon-align-left bdt-slideshow-button-icon-left\">\n\n\t\t\t\t\t\t\t\t<i aria-hidden=\"true\" class=\"fa-fw stmicon- stm-icon-car_search\"><\/i>\n\t\t\t\t\t\t\t<\/span>\n\t\t\t\t\t\t\n\t\t\t\t\t<\/a><\/div>\n\t\t\t\t\t<\/div>\n\n\t\t\t\t\t<\/li>\n\n\t\t\t\t\t\t<\/ul>\n\t\t\t\t\t\t\t\t\t\t\t<div class=\"bdt-position-z-index bdt-position-center\">\n\t\t\t<div class=\"bdt-arrows-container bdt-slidenav-container\">\n\t\t\t\t<a href=\"\" class=\"bdt-navigation-prev bdt-slidenav-previous bdt-icon bdt-slidenav\"\n\t\t\t\t\tdata-bdt-slideshow-item=\"previous\">\n\t\t\t\t\t<i class=\"ep-icon-arrow-left-1\" aria-hidden=\"true\"><\/i>\n\t\t\t\t<\/a>\n\t\t\t\t<a href=\"\" class=\"bdt-navigation-next bdt-slidenav-next bdt-icon bdt-slidenav\" data-bdt-slideshow-item=\"next\">\n\t\t\t\t\t<i class=\"ep-icon-arrow-right-1\" aria-hidden=\"true\"><\/i>\n\t\t\t\t<\/a>\n\t\t\t<\/div>\n\t\t<\/div>\n\t\t\t\t\t\t\t\t\t<\/div>\n\t\t<\/div>\n\t\t\t\t\t\t<\/div>\n\t\t\t\t\t<\/div>\n\t\t<\/div>\n\t\t\t\t\t<\/div>\n\t\t<\/section>\n\t\t<div class=\"elementor-element elementor-element-1b3d77a e-grid e-con-boxed e-con e-parent\" data-id=\"1b3d77a\" data-element_type=\"container\" data-e-type=\"container\">\n\t\t\t\t\t<div class=\"e-con-inner\">\n\t\t\t\t<div class=\"elementor-element elementor-element-894700e elementor-position-top elementor-widget elementor-widget-image-box\" data-id=\"894700e\" data-element_type=\"widget\" data-e-type=\"widget\" data-widget_type=\"image-box.default\">\n\t\t\t\t\t<div class=\"elementor-image-box-wrapper\"><figure class=\"elementor-image-box-img\"><a href=\"https:\/\/carmax.ma\/vehicule-neuf\/\" tabindex=\"-1\"><img fetchpriority=\"high\" decoding=\"async\" width=\"444\" height=\"341\" src=\"https:\/\/carmax.ma\/wp-content\/uploads\/2025\/11\/Logo-Neuf.png\" class=\"attachment-full size-full wp-image-8038\" alt=\"\" srcset=\"https:\/\/carmax.ma\/wp-content\/uploads\/2025\/11\/Logo-Neuf.png 444w, https:\/\/carmax.ma\/wp-content\/uploads\/2025\/11\/Logo-Neuf-300x230.png 300w, https:\/\/carmax.ma\/wp-content\/uploads\/2025\/11\/Logo-Neuf-16x12.png 16w, https:\/\/carmax.ma\/wp-content\/uploads\/2025\/11\/Logo-Neuf-255x196.png 255w, https:\/\/carmax.ma\/wp-content\/uploads\/2025\/11\/Logo-Neuf-280x215.png 280w, https:\/\/carmax.ma\/wp-content\/uploads\/2025\/11\/Logo-Neuf-350x269.png 350w, https:\/\/carmax.ma\/wp-content\/uploads\/2025\/11\/Logo-Neuf-398x306.png 398w, https:\/\/carmax.ma\/wp-content\/uploads\/2025\/11\/Logo-Neuf-275x211.png 275w, https:\/\/carmax.ma\/wp-content\/uploads\/2025\/11\/Logo-Neuf-327x251.png 327w\" sizes=\"(max-width: 444px) 100vw, 444px\" \/><\/a><\/figure><div class=\"elementor-image-box-content\"><h4 class=\"elementor-image-box-title\"><a href=\"https:\/\/carmax.ma\/vehicule-neuf\/\">V\u00e9hicule Neuf<\/a><\/h4><\/div><\/div>\t\t\t\t<\/div>\n\t\t\t\t<div class=\"elementor-element elementor-element-a646e7c elementor-position-top elementor-widget elementor-widget-image-box\" data-id=\"a646e7c\" data-element_type=\"widget\" data-e-type=\"widget\" data-widget_type=\"image-box.default\">\n\t\t\t\t\t<div class=\"elementor-image-box-wrapper\"><figure class=\"elementor-image-box-img\"><a href=\"https:\/\/deal.carmax.ma\/\" tabindex=\"-1\"><img decoding=\"async\" width=\"444\" height=\"341\" src=\"https:\/\/carmax.ma\/wp-content\/uploads\/2025\/11\/Logo-Occa.png\" class=\"attachment-full size-full wp-image-8039\" alt=\"\" srcset=\"https:\/\/carmax.ma\/wp-content\/uploads\/2025\/11\/Logo-Occa.png 444w, https:\/\/carmax.ma\/wp-content\/uploads\/2025\/11\/Logo-Occa-300x230.png 300w, https:\/\/carmax.ma\/wp-content\/uploads\/2025\/11\/Logo-Occa-16x12.png 16w, https:\/\/carmax.ma\/wp-content\/uploads\/2025\/11\/Logo-Occa-255x196.png 255w, https:\/\/carmax.ma\/wp-content\/uploads\/2025\/11\/Logo-Occa-280x215.png 280w, https:\/\/carmax.ma\/wp-content\/uploads\/2025\/11\/Logo-Occa-350x269.png 350w, https:\/\/carmax.ma\/wp-content\/uploads\/2025\/11\/Logo-Occa-398x306.png 398w, https:\/\/carmax.ma\/wp-content\/uploads\/2025\/11\/Logo-Occa-275x211.png 275w, https:\/\/carmax.ma\/wp-content\/uploads\/2025\/11\/Logo-Occa-327x251.png 327w\" sizes=\"(max-width: 444px) 100vw, 444px\" \/><\/a><\/figure><div class=\"elementor-image-box-content\"><h4 class=\"elementor-image-box-title\"><a href=\"https:\/\/deal.carmax.ma\/\">Ve\u00edculos usados<\/a><\/h4><\/div><\/div>\t\t\t\t<\/div>\n\t\t\t\t<div class=\"elementor-element elementor-element-17f3303 elementor-position-top elementor-widget elementor-widget-image-box\" data-id=\"17f3303\" data-element_type=\"widget\" data-e-type=\"widget\" data-widget_type=\"image-box.default\">\n\t\t\t\t\t<div class=\"elementor-image-box-wrapper\"><figure class=\"elementor-image-box-img\"><a href=\"https:\/\/carmax.ma\/community\/\" tabindex=\"-1\"><img decoding=\"async\" width=\"444\" height=\"341\" src=\"https:\/\/carmax.ma\/wp-content\/uploads\/2025\/11\/Logo-Forum.png\" class=\"attachment-full size-full wp-image-8036\" alt=\"\" srcset=\"https:\/\/carmax.ma\/wp-content\/uploads\/2025\/11\/Logo-Forum.png 444w, https:\/\/carmax.ma\/wp-content\/uploads\/2025\/11\/Logo-Forum-300x230.png 300w, https:\/\/carmax.ma\/wp-content\/uploads\/2025\/11\/Logo-Forum-16x12.png 16w, https:\/\/carmax.ma\/wp-content\/uploads\/2025\/11\/Logo-Forum-255x196.png 255w, https:\/\/carmax.ma\/wp-content\/uploads\/2025\/11\/Logo-Forum-280x215.png 280w, https:\/\/carmax.ma\/wp-content\/uploads\/2025\/11\/Logo-Forum-350x269.png 350w, https:\/\/carmax.ma\/wp-content\/uploads\/2025\/11\/Logo-Forum-398x306.png 398w, https:\/\/carmax.ma\/wp-content\/uploads\/2025\/11\/Logo-Forum-275x211.png 275w, https:\/\/carmax.ma\/wp-content\/uploads\/2025\/11\/Logo-Forum-327x251.png 327w\" sizes=\"(max-width: 444px) 100vw, 444px\" \/><\/a><\/figure><div class=\"elementor-image-box-content\"><h4 class=\"elementor-image-box-title\"><a href=\"https:\/\/carmax.ma\/community\/\">F\u00f3rum<\/a><\/h4><\/div><\/div>\t\t\t\t<\/div>\n\t\t\t\t<div class=\"elementor-element elementor-element-e760227 elementor-position-top elementor-widget elementor-widget-image-box\" data-id=\"e760227\" data-element_type=\"widget\" data-e-type=\"widget\" data-widget_type=\"image-box.default\">\n\t\t\t\t\t<div class=\"elementor-image-box-wrapper\"><figure class=\"elementor-image-box-img\"><a href=\"https:\/\/garage.carmax.ma\/\" tabindex=\"-1\"><img loading=\"lazy\" decoding=\"async\" width=\"444\" height=\"341\" src=\"https:\/\/carmax.ma\/wp-content\/uploads\/2025\/11\/Logo-Garagiste.png\" class=\"attachment-full size-full wp-image-8037\" alt=\"\" srcset=\"https:\/\/carmax.ma\/wp-content\/uploads\/2025\/11\/Logo-Garagiste.png 444w, https:\/\/carmax.ma\/wp-content\/uploads\/2025\/11\/Logo-Garagiste-300x230.png 300w, https:\/\/carmax.ma\/wp-content\/uploads\/2025\/11\/Logo-Garagiste-16x12.png 16w, https:\/\/carmax.ma\/wp-content\/uploads\/2025\/11\/Logo-Garagiste-255x196.png 255w, https:\/\/carmax.ma\/wp-content\/uploads\/2025\/11\/Logo-Garagiste-280x215.png 280w, https:\/\/carmax.ma\/wp-content\/uploads\/2025\/11\/Logo-Garagiste-350x269.png 350w, https:\/\/carmax.ma\/wp-content\/uploads\/2025\/11\/Logo-Garagiste-398x306.png 398w, https:\/\/carmax.ma\/wp-content\/uploads\/2025\/11\/Logo-Garagiste-275x211.png 275w, https:\/\/carmax.ma\/wp-content\/uploads\/2025\/11\/Logo-Garagiste-327x251.png 327w\" sizes=\"(max-width: 444px) 100vw, 444px\" \/><\/a><\/figure><div class=\"elementor-image-box-content\"><h4 class=\"elementor-image-box-title\"><a href=\"https:\/\/garage.carmax.ma\/\">Garagistes<\/a><\/h4><\/div><\/div>\t\t\t\t<\/div>\n\t\t\t\t<div class=\"elementor-element elementor-element-41e3657 elementor-position-top elementor-widget elementor-widget-image-box\" data-id=\"41e3657\" data-element_type=\"widget\" data-e-type=\"widget\" data-widget_type=\"image-box.default\">\n\t\t\t\t\t<div class=\"elementor-image-box-wrapper\"><figure class=\"elementor-image-box-img\"><a href=\"https:\/\/carmax.ma\/assurance\/\" tabindex=\"-1\"><img loading=\"lazy\" decoding=\"async\" width=\"444\" height=\"341\" src=\"https:\/\/carmax.ma\/wp-content\/uploads\/2025\/11\/Logo-Assurance.png\" class=\"attachment-full size-full wp-image-8035\" alt=\"\" srcset=\"https:\/\/carmax.ma\/wp-content\/uploads\/2025\/11\/Logo-Assurance.png 444w, https:\/\/carmax.ma\/wp-content\/uploads\/2025\/11\/Logo-Assurance-300x230.png 300w, https:\/\/carmax.ma\/wp-content\/uploads\/2025\/11\/Logo-Assurance-16x12.png 16w, https:\/\/carmax.ma\/wp-content\/uploads\/2025\/11\/Logo-Assurance-255x196.png 255w, https:\/\/carmax.ma\/wp-content\/uploads\/2025\/11\/Logo-Assurance-280x215.png 280w, https:\/\/carmax.ma\/wp-content\/uploads\/2025\/11\/Logo-Assurance-350x269.png 350w, https:\/\/carmax.ma\/wp-content\/uploads\/2025\/11\/Logo-Assurance-398x306.png 398w, https:\/\/carmax.ma\/wp-content\/uploads\/2025\/11\/Logo-Assurance-275x211.png 275w, https:\/\/carmax.ma\/wp-content\/uploads\/2025\/11\/Logo-Assurance-327x251.png 327w\" sizes=\"(max-width: 444px) 100vw, 444px\" \/><\/a><\/figure><div class=\"elementor-image-box-content\"><h4 class=\"elementor-image-box-title\"><a href=\"https:\/\/carmax.ma\/assurance\/\">Seguros<\/a><\/h4><\/div><\/div>\t\t\t\t<\/div>\n\t\t\t\t<div class=\"elementor-element elementor-element-4fc97b5 elementor-position-top elementor-widget elementor-widget-image-box\" data-id=\"4fc97b5\" data-element_type=\"widget\" data-e-type=\"widget\" data-widget_type=\"image-box.default\">\n\t\t\t\t\t<div class=\"elementor-image-box-wrapper\"><figure class=\"elementor-image-box-img\"><a href=\"https:\/\/carmax.ma\/guide\" tabindex=\"-1\"><img loading=\"lazy\" decoding=\"async\" width=\"444\" height=\"341\" src=\"https:\/\/carmax.ma\/wp-content\/uploads\/2025\/11\/Logo-info-legales.png\" class=\"attachment-full size-full wp-image-8042\" alt=\"\" srcset=\"https:\/\/carmax.ma\/wp-content\/uploads\/2025\/11\/Logo-info-legales.png 444w, https:\/\/carmax.ma\/wp-content\/uploads\/2025\/11\/Logo-info-legales-300x230.png 300w, https:\/\/carmax.ma\/wp-content\/uploads\/2025\/11\/Logo-info-legales-16x12.png 16w, https:\/\/carmax.ma\/wp-content\/uploads\/2025\/11\/Logo-info-legales-255x196.png 255w, https:\/\/carmax.ma\/wp-content\/uploads\/2025\/11\/Logo-info-legales-280x215.png 280w, https:\/\/carmax.ma\/wp-content\/uploads\/2025\/11\/Logo-info-legales-350x269.png 350w, https:\/\/carmax.ma\/wp-content\/uploads\/2025\/11\/Logo-info-legales-398x306.png 398w, https:\/\/carmax.ma\/wp-content\/uploads\/2025\/11\/Logo-info-legales-275x211.png 275w, https:\/\/carmax.ma\/wp-content\/uploads\/2025\/11\/Logo-info-legales-327x251.png 327w\" sizes=\"(max-width: 444px) 100vw, 444px\" \/><\/a><\/figure><div class=\"elementor-image-box-content\"><h4 class=\"elementor-image-box-title\"><a href=\"https:\/\/carmax.ma\/guide\">Informa\u00e7\u00f5es e guias jur\u00eddicos<\/a><\/h4><\/div><\/div>\t\t\t\t<\/div>\n\t\t\t\t\t<\/div>\n\t\t\t\t<\/div>\n\t\t<div class=\"elementor-element elementor-element-67e6867 e-flex e-con-boxed e-con e-parent\" data-id=\"67e6867\" data-element_type=\"container\" data-e-type=\"container\">\n\t\t\t\t\t<div class=\"e-con-inner\">\n\t\t\t\t<div class=\"elementor-element elementor-element-3b12011 elementor-widget-divider--view-line elementor-widget elementor-widget-divider\" data-id=\"3b12011\" data-element_type=\"widget\" data-e-type=\"widget\" data-widget_type=\"divider.default\">\n\t\t\t\t\t\t\t<div class=\"elementor-divider\">\n\t\t\t<span class=\"elementor-divider-separator\">\n\t\t\t\t\t\t<\/span>\n\t\t<\/div>\n\t\t\t\t\t\t<\/div>\n\t\t\t\t\t<\/div>\n\t\t\t\t<\/div>\n\t\t<div class=\"elementor-element elementor-element-da5a4cd e-flex e-con-boxed e-con e-parent\" data-id=\"da5a4cd\" data-element_type=\"container\" data-e-type=\"container\">\n\t\t\t\t\t<div class=\"e-con-inner\">\n\t\t\t\t<div class=\"elementor-element elementor-element-1b1dd4a elementor-widget elementor-widget-motors-listings-carousel\" data-id=\"1b1dd4a\" data-element_type=\"widget\" data-e-type=\"widget\" data-widget_type=\"motors-listings-carousel.default\">\n\t\t\t\t<div class=\"elementor-widget-container\">\n\t\t\t\t\t\n<div class=\"stm-elementor_listings_carousel view_type_carousel skin_2\">\n\t\t\t<div class=\"title heading-font\">\n\t\t\tD\u00e9couvrez\t\t<\/div>\n\n\t\t<div class=\"colored-separator\">\n\t\t\t<div class=\"first-long stm-base-background-color\"><\/div>\n\t\t\t<div class=\"last-short stm-base-background-color\"><\/div>\n\t\t<\/div>\n\n\t\n\t\t\t<div class=\"listing-car-items-units swiper-container items-per-view-4\"\n\t\t\tid=\"selc-48728\">\n\t\t\t<div class=\"listing-car-items swiper-wrapper listing-cars-carousel text-center clearfix\">\n\t\t\t\t\t\t\t\t\t\t<div class=\"dp-in swiper-slide\">\n\t\t\t\t\t\t\t<div class=\"listing-car-item\">\n\t\t\t\t\t\t\t\n<div\n\tclass=\"mvl-card-skins skin_2 col-md-4 col-sm-6 col-xs-12 col-xxs-12 stm-directory-grid-loop stm-isotope-listing-item all 1-4-l-427 350-dhs-403 352000-1127 6-7-l-100-km-1015 a695-451 abarth-311 citadine-567 essence-454 listing_is_active\"\n\tdata-price=\"352000\"\n\tdata-date=\"202603080642\"\n\tdata-listing-id=\"10721\"\n\tdata-post-type=\"listings\"\n\tdata-puissance=\"\">\n\t<div href=\"https:\/\/carmax.ma\/pt\/listagens\/abarth-695\/\" class=\"mvl-card-inner actions_hover\">\n<a href=\"https:\/\/carmax.ma\/pt\/listagens\/abarth-695\/\">\n\t<div class=\"skin_2 image\">\n\t\t\t\t<div class=\"mvl-car-medias\">\n\t\t\t\t\t\t\t<div class=\"stm-listing-media-unit stm-car-media-10721\">\n\t\t\t\t\t<span>1\/5<\/span>\n\t\t\t\t\t<i class=\"motors-icons-photoaparat\"><\/i>\n\t\t\t\t<\/div>\n\n\t\t\t\t<script type=\"text\/javascript\">\n\t\t\t\t\tjQuery(document).ready(function(){\n\t\t\t\t\t\tjQuery(\".stm-car-media-10721\").on('click', function(e) {\n\t\t\t\t\t\t\te.preventDefault();\n\t\t\t\t\t\t\tjQuery(this).lightGallery({\n\t\t\t\t\t\t\t\tdynamic: true,\n\t\t\t\t\t\t\t\tdynamicEl: [\n\t\t\t\t\t\t\t\t\t\t\t\t\t\t\t\t\t\t\t\t\t\t\t\t\t\t\t\t\t{\n\t\t\t\t\t\t\t\t\t\t\tsrc  : \"https:\/\/carmax.ma\/wp-content\/uploads\/2026\/03\/NewAbarth695Esseeesse.jpeg\",\n\t\t\t\t\t\t\t\t\t\t\tthumb: \"https:\/\/carmax.ma\/wp-content\/uploads\/2026\/03\/NewAbarth695Esseeesse.jpeg\"\n\t\t\t\t\t\t\t\t\t\t},\n\t\t\t\t\t\t\t\t\t\t\t\t\t\t\t\t\t\t\t\t{\n\t\t\t\t\t\t\t\t\t\t\tsrc  : \"https:\/\/carmax.ma\/wp-content\/uploads\/2026\/03\/NewAbarth695Esseeesse-2.jpeg\",\n\t\t\t\t\t\t\t\t\t\t\tthumb: \"https:\/\/carmax.ma\/wp-content\/uploads\/2026\/03\/NewAbarth695Esseeesse-2.jpeg\"\n\t\t\t\t\t\t\t\t\t\t},\n\t\t\t\t\t\t\t\t\t\t\t\t\t\t\t\t\t\t\t\t{\n\t\t\t\t\t\t\t\t\t\t\tsrc  : \"https:\/\/carmax.ma\/wp-content\/uploads\/2026\/03\/NewAbarth695Esseeesse-1.jpeg\",\n\t\t\t\t\t\t\t\t\t\t\tthumb: \"https:\/\/carmax.ma\/wp-content\/uploads\/2026\/03\/NewAbarth695Esseeesse-1.jpeg\"\n\t\t\t\t\t\t\t\t\t\t},\n\t\t\t\t\t\t\t\t\t\t\t\t\t\t\t\t\t\t\t\t{\n\t\t\t\t\t\t\t\t\t\t\tsrc  : \"https:\/\/carmax.ma\/wp-content\/uploads\/2026\/03\/NewAbarth695Esseeesse-4.jpeg\",\n\t\t\t\t\t\t\t\t\t\t\tthumb: \"https:\/\/carmax.ma\/wp-content\/uploads\/2026\/03\/NewAbarth695Esseeesse-4.jpeg\"\n\t\t\t\t\t\t\t\t\t\t},\n\t\t\t\t\t\t\t\t\t\t\t\t\t\t\t\t\t\t\t\t{\n\t\t\t\t\t\t\t\t\t\t\tsrc  : \"https:\/\/carmax.ma\/wp-content\/uploads\/2026\/03\/NewAbarth695Esseeesse-3.jpeg\",\n\t\t\t\t\t\t\t\t\t\t\tthumb: \"https:\/\/carmax.ma\/wp-content\/uploads\/2026\/03\/NewAbarth695Esseeesse-3.jpeg\"\n\t\t\t\t\t\t\t\t\t\t},\n\t\t\t\t\t\t\t\t\t\t\t\t\t\t\t\t\t\t\t\n\t\t\t\t\t\t\t\t\t\t\t\t\t\t\t\t\t],\n\t\t\t\t\t\t\t\tdownload: false,\n\t\t\t\t\t\t\t\tmode: 'lg-fade',\n\t\t\t\t\t\t\t});\n\t\t\t\t\t\t});\n\t\t\t\t\t});\n\t\t\t\t<\/script>\n\t\t\t\t\t<\/div>\n\t\t<!--Favourite-->\n\t\t\n\t\t<div class=\"image-inner\">\n\n\t\t\t\n\t\t\t<div class=\"interactive-hoverable\">\n\t\t\t<div class=\"hoverable-wrap\">\n\t\t\t\t\t\t\t<div class=\"hoverable-unit active\">\n\t\t\t\t\t<div class=\"thumb\">\n\t\t\t\t\t\t\t\t\t\t\t\t<img loading=\"lazy\" decoding=\"async\" width=\"1920\" height=\"1280\" src=\"https:\/\/carmax.ma\/wp-content\/uploads\/2026\/03\/NewAbarth695Esseeesse.jpeg\" class=\"img-responsive\" alt=\"ABARTH 695\" sizes=\"(max-width: 767px) 100vw, 380px\" srcset=\"https:\/\/carmax.ma\/wp-content\/uploads\/2026\/03\/NewAbarth695Esseeesse.jpeg 1920w, https:\/\/carmax.ma\/wp-content\/uploads\/2026\/03\/NewAbarth695Esseeesse-300x200.jpeg 300w, https:\/\/carmax.ma\/wp-content\/uploads\/2026\/03\/NewAbarth695Esseeesse-1024x683.jpeg 1024w, https:\/\/carmax.ma\/wp-content\/uploads\/2026\/03\/NewAbarth695Esseeesse-18x12.jpeg 18w, https:\/\/carmax.ma\/wp-content\/uploads\/2026\/03\/NewAbarth695Esseeesse-255x170.jpeg 255w, https:\/\/carmax.ma\/wp-content\/uploads\/2026\/03\/NewAbarth695Esseeesse-510x340.jpeg 510w, https:\/\/carmax.ma\/wp-content\/uploads\/2026\/03\/NewAbarth695Esseeesse-280x187.jpeg 280w, https:\/\/carmax.ma\/wp-content\/uploads\/2026\/03\/NewAbarth695Esseeesse-560x373.jpeg 560w, https:\/\/carmax.ma\/wp-content\/uploads\/2026\/03\/NewAbarth695Esseeesse-350x233.jpeg 350w, https:\/\/carmax.ma\/wp-content\/uploads\/2026\/03\/NewAbarth695Esseeesse-700x467.jpeg 700w, https:\/\/carmax.ma\/wp-content\/uploads\/2026\/03\/NewAbarth695Esseeesse-398x265.jpeg 398w, https:\/\/carmax.ma\/wp-content\/uploads\/2026\/03\/NewAbarth695Esseeesse-796x531.jpeg 796w, https:\/\/carmax.ma\/wp-content\/uploads\/2026\/03\/NewAbarth695Esseeesse-275x183.jpeg 275w, https:\/\/carmax.ma\/wp-content\/uploads\/2026\/03\/NewAbarth695Esseeesse-550x367.jpeg 550w, https:\/\/carmax.ma\/wp-content\/uploads\/2026\/03\/NewAbarth695Esseeesse-1320x880.jpeg 1320w, https:\/\/carmax.ma\/wp-content\/uploads\/2026\/03\/NewAbarth695Esseeesse-327x218.jpeg 327w\" \/>\t\t\t\t\t<\/div>\n\t\t\t\t<\/div>\n\t\t\t\t\t\t\t<div class=\"hoverable-unit\">\n\t\t\t\t\t<div class=\"thumb\">\n\t\t\t\t\t\t\t\t\t\t\t\t<img loading=\"lazy\" decoding=\"async\" width=\"1920\" height=\"1281\" src=\"https:\/\/carmax.ma\/wp-content\/uploads\/2026\/03\/NewAbarth695Esseeesse-2.jpeg\" class=\"img-responsive\" alt=\"ABARTH 695\" sizes=\"(max-width: 767px) 100vw, 380px\" srcset=\"https:\/\/carmax.ma\/wp-content\/uploads\/2026\/03\/NewAbarth695Esseeesse-2.jpeg 1920w, https:\/\/carmax.ma\/wp-content\/uploads\/2026\/03\/NewAbarth695Esseeesse-2-300x200.jpeg 300w, https:\/\/carmax.ma\/wp-content\/uploads\/2026\/03\/NewAbarth695Esseeesse-2-1024x683.jpeg 1024w, https:\/\/carmax.ma\/wp-content\/uploads\/2026\/03\/NewAbarth695Esseeesse-2-18x12.jpeg 18w, https:\/\/carmax.ma\/wp-content\/uploads\/2026\/03\/NewAbarth695Esseeesse-2-255x170.jpeg 255w, https:\/\/carmax.ma\/wp-content\/uploads\/2026\/03\/NewAbarth695Esseeesse-2-510x340.jpeg 510w, https:\/\/carmax.ma\/wp-content\/uploads\/2026\/03\/NewAbarth695Esseeesse-2-280x187.jpeg 280w, https:\/\/carmax.ma\/wp-content\/uploads\/2026\/03\/NewAbarth695Esseeesse-2-560x374.jpeg 560w, https:\/\/carmax.ma\/wp-content\/uploads\/2026\/03\/NewAbarth695Esseeesse-2-350x234.jpeg 350w, https:\/\/carmax.ma\/wp-content\/uploads\/2026\/03\/NewAbarth695Esseeesse-2-700x467.jpeg 700w, https:\/\/carmax.ma\/wp-content\/uploads\/2026\/03\/NewAbarth695Esseeesse-2-398x266.jpeg 398w, https:\/\/carmax.ma\/wp-content\/uploads\/2026\/03\/NewAbarth695Esseeesse-2-796x531.jpeg 796w, https:\/\/carmax.ma\/wp-content\/uploads\/2026\/03\/NewAbarth695Esseeesse-2-275x183.jpeg 275w, https:\/\/carmax.ma\/wp-content\/uploads\/2026\/03\/NewAbarth695Esseeesse-2-550x367.jpeg 550w, https:\/\/carmax.ma\/wp-content\/uploads\/2026\/03\/NewAbarth695Esseeesse-2-1320x881.jpeg 1320w, https:\/\/carmax.ma\/wp-content\/uploads\/2026\/03\/NewAbarth695Esseeesse-2-327x218.jpeg 327w\" \/>\t\t\t\t\t<\/div>\n\t\t\t\t<\/div>\n\t\t\t\t\t\t\t<div class=\"hoverable-unit\">\n\t\t\t\t\t<div class=\"thumb\">\n\t\t\t\t\t\t\t\t\t\t\t\t<img loading=\"lazy\" decoding=\"async\" width=\"1920\" height=\"1280\" src=\"https:\/\/carmax.ma\/wp-content\/uploads\/2026\/03\/NewAbarth695Esseeesse-1.jpeg\" class=\"img-responsive\" alt=\"ABARTH 695\" sizes=\"(max-width: 767px) 100vw, 380px\" srcset=\"https:\/\/carmax.ma\/wp-content\/uploads\/2026\/03\/NewAbarth695Esseeesse-1.jpeg 1920w, https:\/\/carmax.ma\/wp-content\/uploads\/2026\/03\/NewAbarth695Esseeesse-1-300x200.jpeg 300w, https:\/\/carmax.ma\/wp-content\/uploads\/2026\/03\/NewAbarth695Esseeesse-1-1024x683.jpeg 1024w, https:\/\/carmax.ma\/wp-content\/uploads\/2026\/03\/NewAbarth695Esseeesse-1-18x12.jpeg 18w, https:\/\/carmax.ma\/wp-content\/uploads\/2026\/03\/NewAbarth695Esseeesse-1-255x170.jpeg 255w, https:\/\/carmax.ma\/wp-content\/uploads\/2026\/03\/NewAbarth695Esseeesse-1-510x340.jpeg 510w, https:\/\/carmax.ma\/wp-content\/uploads\/2026\/03\/NewAbarth695Esseeesse-1-280x187.jpeg 280w, https:\/\/carmax.ma\/wp-content\/uploads\/2026\/03\/NewAbarth695Esseeesse-1-560x373.jpeg 560w, https:\/\/carmax.ma\/wp-content\/uploads\/2026\/03\/NewAbarth695Esseeesse-1-350x233.jpeg 350w, https:\/\/carmax.ma\/wp-content\/uploads\/2026\/03\/NewAbarth695Esseeesse-1-700x467.jpeg 700w, https:\/\/carmax.ma\/wp-content\/uploads\/2026\/03\/NewAbarth695Esseeesse-1-398x265.jpeg 398w, https:\/\/carmax.ma\/wp-content\/uploads\/2026\/03\/NewAbarth695Esseeesse-1-796x531.jpeg 796w, https:\/\/carmax.ma\/wp-content\/uploads\/2026\/03\/NewAbarth695Esseeesse-1-275x183.jpeg 275w, https:\/\/carmax.ma\/wp-content\/uploads\/2026\/03\/NewAbarth695Esseeesse-1-550x367.jpeg 550w, https:\/\/carmax.ma\/wp-content\/uploads\/2026\/03\/NewAbarth695Esseeesse-1-1320x880.jpeg 1320w, https:\/\/carmax.ma\/wp-content\/uploads\/2026\/03\/NewAbarth695Esseeesse-1-327x218.jpeg 327w\" \/>\t\t\t\t\t<\/div>\n\t\t\t\t<\/div>\n\t\t\t\t\t\t\t<div class=\"hoverable-unit\">\n\t\t\t\t\t<div class=\"thumb\">\n\t\t\t\t\t\t\t\t\t\t\t\t<img loading=\"lazy\" decoding=\"async\" width=\"1920\" height=\"1280\" src=\"https:\/\/carmax.ma\/wp-content\/uploads\/2026\/03\/NewAbarth695Esseeesse-4.jpeg\" class=\"img-responsive\" alt=\"ABARTH 695\" sizes=\"(max-width: 767px) 100vw, 380px\" srcset=\"https:\/\/carmax.ma\/wp-content\/uploads\/2026\/03\/NewAbarth695Esseeesse-4.jpeg 1920w, https:\/\/carmax.ma\/wp-content\/uploads\/2026\/03\/NewAbarth695Esseeesse-4-300x200.jpeg 300w, https:\/\/carmax.ma\/wp-content\/uploads\/2026\/03\/NewAbarth695Esseeesse-4-1024x683.jpeg 1024w, https:\/\/carmax.ma\/wp-content\/uploads\/2026\/03\/NewAbarth695Esseeesse-4-18x12.jpeg 18w, https:\/\/carmax.ma\/wp-content\/uploads\/2026\/03\/NewAbarth695Esseeesse-4-255x170.jpeg 255w, https:\/\/carmax.ma\/wp-content\/uploads\/2026\/03\/NewAbarth695Esseeesse-4-510x340.jpeg 510w, https:\/\/carmax.ma\/wp-content\/uploads\/2026\/03\/NewAbarth695Esseeesse-4-280x187.jpeg 280w, https:\/\/carmax.ma\/wp-content\/uploads\/2026\/03\/NewAbarth695Esseeesse-4-560x373.jpeg 560w, https:\/\/carmax.ma\/wp-content\/uploads\/2026\/03\/NewAbarth695Esseeesse-4-350x233.jpeg 350w, https:\/\/carmax.ma\/wp-content\/uploads\/2026\/03\/NewAbarth695Esseeesse-4-700x467.jpeg 700w, https:\/\/carmax.ma\/wp-content\/uploads\/2026\/03\/NewAbarth695Esseeesse-4-398x265.jpeg 398w, https:\/\/carmax.ma\/wp-content\/uploads\/2026\/03\/NewAbarth695Esseeesse-4-796x531.jpeg 796w, https:\/\/carmax.ma\/wp-content\/uploads\/2026\/03\/NewAbarth695Esseeesse-4-275x183.jpeg 275w, https:\/\/carmax.ma\/wp-content\/uploads\/2026\/03\/NewAbarth695Esseeesse-4-550x367.jpeg 550w, https:\/\/carmax.ma\/wp-content\/uploads\/2026\/03\/NewAbarth695Esseeesse-4-1320x880.jpeg 1320w, https:\/\/carmax.ma\/wp-content\/uploads\/2026\/03\/NewAbarth695Esseeesse-4-327x218.jpeg 327w\" \/>\t\t\t\t\t<\/div>\n\t\t\t\t<\/div>\n\t\t\t\t\t\t\t<div class=\"hoverable-unit\">\n\t\t\t\t\t<div class=\"thumb\">\n\t\t\t\t\t\t\t\t\t\t\t\t<img loading=\"lazy\" decoding=\"async\" width=\"1920\" height=\"1280\" src=\"https:\/\/carmax.ma\/wp-content\/uploads\/2026\/03\/NewAbarth695Esseeesse-3.jpeg\" class=\"img-responsive\" alt=\"ABARTH 695\" sizes=\"(max-width: 767px) 100vw, 380px\" srcset=\"https:\/\/carmax.ma\/wp-content\/uploads\/2026\/03\/NewAbarth695Esseeesse-3.jpeg 1920w, https:\/\/carmax.ma\/wp-content\/uploads\/2026\/03\/NewAbarth695Esseeesse-3-300x200.jpeg 300w, https:\/\/carmax.ma\/wp-content\/uploads\/2026\/03\/NewAbarth695Esseeesse-3-1024x683.jpeg 1024w, https:\/\/carmax.ma\/wp-content\/uploads\/2026\/03\/NewAbarth695Esseeesse-3-18x12.jpeg 18w, https:\/\/carmax.ma\/wp-content\/uploads\/2026\/03\/NewAbarth695Esseeesse-3-255x170.jpeg 255w, https:\/\/carmax.ma\/wp-content\/uploads\/2026\/03\/NewAbarth695Esseeesse-3-510x340.jpeg 510w, https:\/\/carmax.ma\/wp-content\/uploads\/2026\/03\/NewAbarth695Esseeesse-3-280x187.jpeg 280w, https:\/\/carmax.ma\/wp-content\/uploads\/2026\/03\/NewAbarth695Esseeesse-3-560x373.jpeg 560w, https:\/\/carmax.ma\/wp-content\/uploads\/2026\/03\/NewAbarth695Esseeesse-3-350x233.jpeg 350w, https:\/\/carmax.ma\/wp-content\/uploads\/2026\/03\/NewAbarth695Esseeesse-3-700x467.jpeg 700w, https:\/\/carmax.ma\/wp-content\/uploads\/2026\/03\/NewAbarth695Esseeesse-3-398x265.jpeg 398w, https:\/\/carmax.ma\/wp-content\/uploads\/2026\/03\/NewAbarth695Esseeesse-3-796x531.jpeg 796w, https:\/\/carmax.ma\/wp-content\/uploads\/2026\/03\/NewAbarth695Esseeesse-3-275x183.jpeg 275w, https:\/\/carmax.ma\/wp-content\/uploads\/2026\/03\/NewAbarth695Esseeesse-3-550x367.jpeg 550w, https:\/\/carmax.ma\/wp-content\/uploads\/2026\/03\/NewAbarth695Esseeesse-3-1320x880.jpeg 1320w, https:\/\/carmax.ma\/wp-content\/uploads\/2026\/03\/NewAbarth695Esseeesse-3-327x218.jpeg 327w\" \/>\t\t\t\t\t<\/div>\n\t\t\t\t<\/div>\n\t\t\t\t\t<\/div>\n\t\t<div class=\"hoverable-indicators\">\n\t\t\t\t\t\t\t<div class=\"indicator active\"><\/div>\n\t\t\t\t\t\t\t<div class=\"indicator\"><\/div>\n\t\t\t\t\t\t\t<div class=\"indicator\"><\/div>\n\t\t\t\t\t\t\t<div class=\"indicator\"><\/div>\n\t\t\t\t\t\t\t<div class=\"indicator\"><\/div>\n\t\t\t\t\t<\/div>\n\t\t<\/div>\n\t\t\n\n\t\t\t\t<div class=\"mvl_compare_unit\">\n\t\t\t\t\t<span\n\t\t\t\thref=\"#\"\n\t\t\t\tclass=\"mvl-skins-add-to-compare\"\n\t\t\t\tdata-view=\"grid\"\n\t\t\t\tdata-post-type=\"listings\"\n\t\t\t\ttitle=\"Comparar\"\n\t\t\t\tdata-id=\"10721\"\n\t\t\t\tdata-title=\"ABARTH 695\"\n\t\t\t\tdata-toggle=\"tooltip\"\n\t\t\t\tdata-placement=\"top\"\n\t\t\t\tdata-original-title=\"\u0421ompare\"\n\t\t\t\tdata-container=\"body\"\n\t\t\t\t>\n\t\t\t\t<i class=\"motors-icons-mvl-compare\"><\/i>\n\t\t\t<\/span>\n\t\t\t<\/div>\n\t\t<\/div>\n\t<\/div>\n<\/a>\n<div class=\"skin_2 mvl_listing_title_wrapper\">\n\t<div class=\"mvl_listing_title_wrapper-inner\">\n\t\t<a href=\"https:\/\/carmax.ma\/pt\/listagens\/abarth-695\/\" class=\"mvl_listing_title\">\n\t\t\t<div class=\"mvl_listing_title car-title\" data-max-char=\"44\">\n\t\t\t\tAbarth 695\t\t\t<\/div>\n\t\t<\/a>\n\t\t\t<\/div>\n<\/div>\n\n<div class=\"skin_2 mvl-price-grid-card\">\n\t<div class=\"mvl-price-grid-card-inner\">\n\t\t<a href=\"https:\/\/carmax.ma\/pt\/listagens\/abarth-695\/\">\n\t\t\t<div class=\"mvl-price-wrapp\">\n\t\t\t\t<div class=\"mvl-price\">\n\t\t\t\t\t<div class=\"normal-price mvl-normal-price\">352 000DH<\/div>\n\t\t\t\t\t\t\t\t\t<\/div>\n\t\t\t\t\t\t\t<\/div>\n\t\t<\/a>\n\t<\/div>\n<\/div>\n\t<a href=\"https:\/\/carmax.ma\/pt\/listagens\/abarth-695\/\">\n\t\t<div class=\"skin_2 mvl-card-listing-data\">\n\t\t\t<ul class=\"mvl-card-listing-data-inner\">\n\t\t\t\t\t\t\t\t\t\t\t\t\t\t\t\t\t\t\t\t<li>\n\t\t\t\t\t\t\t\t\t\t\t\t\t\t\t<i class=\"stm-service-icon-body_type\"><\/i>\n\t\t\t\t\t\t\t\t\t\t\t\t\t\t\t\t\t\t\t\t\t\t\n\t\t\t\t\t\t\t\t\t\t\t\t\t\t\t\t\t\t\t\t\t\t\t\t\t\t\t<span>Cidade<\/span>\n\t\t\t\t\t\t\t\t\t\t\t\t\t\t\t\t\t\t\t\t\t\t\t\t\t\t\t\t\t\t<\/li>\n\t\t\t\t\t\t\t\t\t\t\t\t\t\t\t\t\t\t\t\t\t\t\t\t\t<li>\n\t\t\t\t\t\t\t\t\t\t\t\t\t\t\t<i class=\"stm-icon-fuel\"><\/i>\n\t\t\t\t\t\t\t\t\t\t\t\t\t\t\t\t\t\t\t\t\t\t\n\t\t\t\t\t\t\t\t\t\t\t\t\t\t\t\t\t\t\t\t\t\t\t\t\t\t\t<span>Gasolina<\/span>\n\t\t\t\t\t\t\t\t\t\t\t\t\t\t\t\t\t\t\t\t\t\t\t\t\t\t\t\t\t\t<\/li>\n\t\t\t\t\t\t\t\t\t\t\t\t\t\t\t\t\t\t\t\t\t\t\t\t\t<li>\n\t\t\t\t\t\t\t\t\t\t\t\t\t\t\t<i class=\"stm-icon-engine_fill\"><\/i>\n\t\t\t\t\t\t\t\t\t\t\t\t\t\t\t\t\t\t\t\t\t\t\n\t\t\t\t\t\t\t\t\t\t\t\t\t\t\t\t\t\t\t\t\t\t\t\t\t\t\t<span>1.4 L<\/span>\n\t\t\t\t\t\t\t\t\t\t\t\t\t\t\t\t\t\t\t\t\t\t\t\t\t\t\t\t\t\t<\/li>\n\t\t\t\t\t\t\t\t\t\t\t\t\t\t\t\t\t\t\t\t\t\t\t\t\t<li>\n\t\t\t\t\t\t\t\t\t\t\t\t\t\t\t<i class=\"stm-service-icon-car-listing\"><\/i>\n\t\t\t\t\t\t\t\t\t\t\t\t\t\t\t\t\t\t\t\t\t\t\n\t\t\t\t\t\t\t\t\t\t\t\t\t\t\t\t\t\t\t\t\t\t\t\t\t\t\t<span>350 DHs<\/span>\n\t\t\t\t\t\t\t\t\t\t\t\t\t\t\t\t\t\t\t\t\t\t\t\t\t\t\t\t\t\t<\/li>\n\t\t\t\t\t\t\t\t\t\t\t\t\t\t\t\t\t\t\t\t\t\t\t\t\t<li>\n\t\t\t\t\t\t\t\t\t\t\t\t\t\t\t<i class=\"stm-icon-speedometr3\"><\/i>\n\t\t\t\t\t\t\t\t\t\t\t\t\t\t\t\t\t\t\t\t\t\t\n\t\t\t\t\t\t\t\t\t\t\t\t\t\t\t\t\t\t\t\t\t\t\t\t\t\t\t<span>6.7 L\/100 km<\/span>\n\t\t\t\t\t\t\t\t\t\t\t\t\t\t\t\t\t\t\t\t\t\t\t\t\t\t\t\t\t\t<\/li>\n\t\t\t\t\t\t\t\t\t\t\t\t<\/ul>\n\t\t<\/div>\n\t<\/a>\n\t<\/div>\n<\/div>\n\t\t\t\t\t\t\t<\/div>\n\t\t\t\t\t\t<\/div>\n\t\t\t\t\t\t\t\t\t\t\t\t<div class=\"dp-in swiper-slide\">\n\t\t\t\t\t\t\t<div class=\"listing-car-item\">\n\t\t\t\t\t\t\t\n<div\n\tclass=\"mvl-card-skins skin_2 col-md-4 col-sm-6 col-xs-12 col-xxs-12 stm-directory-grid-loop stm-isotope-listing-item all 1-4-l-427 324500-1126 350-dhs-403 a595-450 6-5-l-100-435 abarth-311 citadine-567 essence-454 listing_is_active\"\n\tdata-price=\"324500\"\n\tdata-date=\"202603080634\"\n\tdata-listing-id=\"10712\"\n\tdata-post-type=\"listings\"\n\tdata-puissance=\"\">\n\t<div href=\"https:\/\/carmax.ma\/pt\/listagens\/abarth-595\/\" class=\"mvl-card-inner actions_hover\">\n<a href=\"https:\/\/carmax.ma\/pt\/listagens\/abarth-595\/\">\n\t<div class=\"skin_2 image\">\n\t\t\t\t<div class=\"mvl-car-medias\">\n\t\t\t\t\t\t\t<div class=\"stm-listing-media-unit stm-car-media-10712\">\n\t\t\t\t\t<span>1\/5<\/span>\n\t\t\t\t\t<i class=\"motors-icons-photoaparat\"><\/i>\n\t\t\t\t<\/div>\n\n\t\t\t\t<script type=\"text\/javascript\">\n\t\t\t\t\tjQuery(document).ready(function(){\n\t\t\t\t\t\tjQuery(\".stm-car-media-10712\").on('click', function(e) {\n\t\t\t\t\t\t\te.preventDefault();\n\t\t\t\t\t\t\tjQuery(this).lightGallery({\n\t\t\t\t\t\t\t\tdynamic: true,\n\t\t\t\t\t\t\t\tdynamicEl: [\n\t\t\t\t\t\t\t\t\t\t\t\t\t\t\t\t\t\t\t\t\t\t\t\t\t\t\t\t\t{\n\t\t\t\t\t\t\t\t\t\t\tsrc  : \"https:\/\/carmax.ma\/wp-content\/uploads\/2026\/03\/Abarth595062016-3-scaled.jpg\",\n\t\t\t\t\t\t\t\t\t\t\tthumb: \"https:\/\/carmax.ma\/wp-content\/uploads\/2026\/03\/Abarth595062016-3-scaled.jpg\"\n\t\t\t\t\t\t\t\t\t\t},\n\t\t\t\t\t\t\t\t\t\t\t\t\t\t\t\t\t\t\t\t{\n\t\t\t\t\t\t\t\t\t\t\tsrc  : \"https:\/\/carmax.ma\/wp-content\/uploads\/2026\/03\/Abarth595062016-2-scaled.jpg\",\n\t\t\t\t\t\t\t\t\t\t\tthumb: \"https:\/\/carmax.ma\/wp-content\/uploads\/2026\/03\/Abarth595062016-2-scaled.jpg\"\n\t\t\t\t\t\t\t\t\t\t},\n\t\t\t\t\t\t\t\t\t\t\t\t\t\t\t\t\t\t\t\t{\n\t\t\t\t\t\t\t\t\t\t\tsrc  : \"https:\/\/carmax.ma\/wp-content\/uploads\/2026\/03\/Abarth595062016-1-scaled.jpg\",\n\t\t\t\t\t\t\t\t\t\t\tthumb: \"https:\/\/carmax.ma\/wp-content\/uploads\/2026\/03\/Abarth595062016-1-scaled.jpg\"\n\t\t\t\t\t\t\t\t\t\t},\n\t\t\t\t\t\t\t\t\t\t\t\t\t\t\t\t\t\t\t\t{\n\t\t\t\t\t\t\t\t\t\t\tsrc  : \"https:\/\/carmax.ma\/wp-content\/uploads\/2026\/03\/Abarth595062016-4-scaled.jpg\",\n\t\t\t\t\t\t\t\t\t\t\tthumb: \"https:\/\/carmax.ma\/wp-content\/uploads\/2026\/03\/Abarth595062016-4-scaled.jpg\"\n\t\t\t\t\t\t\t\t\t\t},\n\t\t\t\t\t\t\t\t\t\t\t\t\t\t\t\t\t\t\t\t{\n\t\t\t\t\t\t\t\t\t\t\tsrc  : \"https:\/\/carmax.ma\/wp-content\/uploads\/2026\/03\/Abarth595062016-scaled.jpg\",\n\t\t\t\t\t\t\t\t\t\t\tthumb: \"https:\/\/carmax.ma\/wp-content\/uploads\/2026\/03\/Abarth595062016-scaled.jpg\"\n\t\t\t\t\t\t\t\t\t\t},\n\t\t\t\t\t\t\t\t\t\t\t\t\t\t\t\t\t\t\t\n\t\t\t\t\t\t\t\t\t\t\t\t\t\t\t\t\t],\n\t\t\t\t\t\t\t\tdownload: false,\n\t\t\t\t\t\t\t\tmode: 'lg-fade',\n\t\t\t\t\t\t\t});\n\t\t\t\t\t\t});\n\t\t\t\t\t});\n\t\t\t\t<\/script>\n\t\t\t\t\t<\/div>\n\t\t<!--Favourite-->\n\t\t\n\t\t<div class=\"image-inner\">\n\n\t\t\t\n\t\t\t<div class=\"interactive-hoverable\">\n\t\t\t<div class=\"hoverable-wrap\">\n\t\t\t\t\t\t\t<div class=\"hoverable-unit active\">\n\t\t\t\t\t<div class=\"thumb\">\n\t\t\t\t\t\t\t\t\t\t\t\t<img loading=\"lazy\" decoding=\"async\" width=\"2560\" height=\"1707\" src=\"https:\/\/carmax.ma\/wp-content\/uploads\/2026\/03\/Abarth595062016-3-scaled.jpg\" class=\"img-responsive\" alt=\"ABARTH 595\" sizes=\"(max-width: 767px) 100vw, 380px\" srcset=\"https:\/\/carmax.ma\/wp-content\/uploads\/2026\/03\/Abarth595062016-3-scaled.jpg 2560w, https:\/\/carmax.ma\/wp-content\/uploads\/2026\/03\/Abarth595062016-3-300x200.jpg 300w, https:\/\/carmax.ma\/wp-content\/uploads\/2026\/03\/Abarth595062016-3-1024x683.jpg 1024w, https:\/\/carmax.ma\/wp-content\/uploads\/2026\/03\/Abarth595062016-3-18x12.jpg 18w, https:\/\/carmax.ma\/wp-content\/uploads\/2026\/03\/Abarth595062016-3-255x170.jpg 255w, https:\/\/carmax.ma\/wp-content\/uploads\/2026\/03\/Abarth595062016-3-510x340.jpg 510w, https:\/\/carmax.ma\/wp-content\/uploads\/2026\/03\/Abarth595062016-3-280x187.jpg 280w, https:\/\/carmax.ma\/wp-content\/uploads\/2026\/03\/Abarth595062016-3-560x373.jpg 560w, https:\/\/carmax.ma\/wp-content\/uploads\/2026\/03\/Abarth595062016-3-350x233.jpg 350w, https:\/\/carmax.ma\/wp-content\/uploads\/2026\/03\/Abarth595062016-3-700x467.jpg 700w, https:\/\/carmax.ma\/wp-content\/uploads\/2026\/03\/Abarth595062016-3-398x265.jpg 398w, https:\/\/carmax.ma\/wp-content\/uploads\/2026\/03\/Abarth595062016-3-796x531.jpg 796w, https:\/\/carmax.ma\/wp-content\/uploads\/2026\/03\/Abarth595062016-3-275x183.jpg 275w, https:\/\/carmax.ma\/wp-content\/uploads\/2026\/03\/Abarth595062016-3-550x367.jpg 550w, https:\/\/carmax.ma\/wp-content\/uploads\/2026\/03\/Abarth595062016-3-1320x880.jpg 1320w, https:\/\/carmax.ma\/wp-content\/uploads\/2026\/03\/Abarth595062016-3-327x218.jpg 327w\" \/>\t\t\t\t\t<\/div>\n\t\t\t\t<\/div>\n\t\t\t\t\t\t\t<div class=\"hoverable-unit\">\n\t\t\t\t\t<div class=\"thumb\">\n\t\t\t\t\t\t\t\t\t\t\t\t<img loading=\"lazy\" decoding=\"async\" width=\"2560\" height=\"1707\" src=\"https:\/\/carmax.ma\/wp-content\/uploads\/2026\/03\/Abarth595062016-2-scaled.jpg\" class=\"img-responsive\" alt=\"ABARTH 595\" sizes=\"(max-width: 767px) 100vw, 380px\" srcset=\"https:\/\/carmax.ma\/wp-content\/uploads\/2026\/03\/Abarth595062016-2-scaled.jpg 2560w, https:\/\/carmax.ma\/wp-content\/uploads\/2026\/03\/Abarth595062016-2-300x200.jpg 300w, https:\/\/carmax.ma\/wp-content\/uploads\/2026\/03\/Abarth595062016-2-1024x683.jpg 1024w, https:\/\/carmax.ma\/wp-content\/uploads\/2026\/03\/Abarth595062016-2-18x12.jpg 18w, https:\/\/carmax.ma\/wp-content\/uploads\/2026\/03\/Abarth595062016-2-255x170.jpg 255w, https:\/\/carmax.ma\/wp-content\/uploads\/2026\/03\/Abarth595062016-2-510x340.jpg 510w, https:\/\/carmax.ma\/wp-content\/uploads\/2026\/03\/Abarth595062016-2-280x187.jpg 280w, https:\/\/carmax.ma\/wp-content\/uploads\/2026\/03\/Abarth595062016-2-560x373.jpg 560w, https:\/\/carmax.ma\/wp-content\/uploads\/2026\/03\/Abarth595062016-2-350x233.jpg 350w, https:\/\/carmax.ma\/wp-content\/uploads\/2026\/03\/Abarth595062016-2-700x467.jpg 700w, https:\/\/carmax.ma\/wp-content\/uploads\/2026\/03\/Abarth595062016-2-398x265.jpg 398w, https:\/\/carmax.ma\/wp-content\/uploads\/2026\/03\/Abarth595062016-2-796x531.jpg 796w, https:\/\/carmax.ma\/wp-content\/uploads\/2026\/03\/Abarth595062016-2-275x183.jpg 275w, https:\/\/carmax.ma\/wp-content\/uploads\/2026\/03\/Abarth595062016-2-550x367.jpg 550w, https:\/\/carmax.ma\/wp-content\/uploads\/2026\/03\/Abarth595062016-2-1320x880.jpg 1320w, https:\/\/carmax.ma\/wp-content\/uploads\/2026\/03\/Abarth595062016-2-327x218.jpg 327w\" \/>\t\t\t\t\t<\/div>\n\t\t\t\t<\/div>\n\t\t\t\t\t\t\t<div class=\"hoverable-unit\">\n\t\t\t\t\t<div class=\"thumb\">\n\t\t\t\t\t\t\t\t\t\t\t\t<img loading=\"lazy\" decoding=\"async\" width=\"2560\" height=\"1707\" src=\"https:\/\/carmax.ma\/wp-content\/uploads\/2026\/03\/Abarth595062016-1-scaled.jpg\" class=\"img-responsive\" alt=\"ABARTH 595\" sizes=\"(max-width: 767px) 100vw, 380px\" srcset=\"https:\/\/carmax.ma\/wp-content\/uploads\/2026\/03\/Abarth595062016-1-scaled.jpg 2560w, https:\/\/carmax.ma\/wp-content\/uploads\/2026\/03\/Abarth595062016-1-300x200.jpg 300w, https:\/\/carmax.ma\/wp-content\/uploads\/2026\/03\/Abarth595062016-1-1024x683.jpg 1024w, https:\/\/carmax.ma\/wp-content\/uploads\/2026\/03\/Abarth595062016-1-18x12.jpg 18w, https:\/\/carmax.ma\/wp-content\/uploads\/2026\/03\/Abarth595062016-1-255x170.jpg 255w, https:\/\/carmax.ma\/wp-content\/uploads\/2026\/03\/Abarth595062016-1-510x340.jpg 510w, https:\/\/carmax.ma\/wp-content\/uploads\/2026\/03\/Abarth595062016-1-280x187.jpg 280w, https:\/\/carmax.ma\/wp-content\/uploads\/2026\/03\/Abarth595062016-1-560x373.jpg 560w, https:\/\/carmax.ma\/wp-content\/uploads\/2026\/03\/Abarth595062016-1-350x233.jpg 350w, https:\/\/carmax.ma\/wp-content\/uploads\/2026\/03\/Abarth595062016-1-700x467.jpg 700w, https:\/\/carmax.ma\/wp-content\/uploads\/2026\/03\/Abarth595062016-1-398x265.jpg 398w, https:\/\/carmax.ma\/wp-content\/uploads\/2026\/03\/Abarth595062016-1-796x531.jpg 796w, https:\/\/carmax.ma\/wp-content\/uploads\/2026\/03\/Abarth595062016-1-275x183.jpg 275w, https:\/\/carmax.ma\/wp-content\/uploads\/2026\/03\/Abarth595062016-1-550x367.jpg 550w, https:\/\/carmax.ma\/wp-content\/uploads\/2026\/03\/Abarth595062016-1-1320x880.jpg 1320w, https:\/\/carmax.ma\/wp-content\/uploads\/2026\/03\/Abarth595062016-1-327x218.jpg 327w\" \/>\t\t\t\t\t<\/div>\n\t\t\t\t<\/div>\n\t\t\t\t\t\t\t<div class=\"hoverable-unit\">\n\t\t\t\t\t<div class=\"thumb\">\n\t\t\t\t\t\t\t\t\t\t\t\t<img loading=\"lazy\" decoding=\"async\" width=\"2560\" height=\"1707\" src=\"https:\/\/carmax.ma\/wp-content\/uploads\/2026\/03\/Abarth595062016-4-scaled.jpg\" class=\"img-responsive\" alt=\"ABARTH 595\" sizes=\"(max-width: 767px) 100vw, 380px\" srcset=\"https:\/\/carmax.ma\/wp-content\/uploads\/2026\/03\/Abarth595062016-4-scaled.jpg 2560w, https:\/\/carmax.ma\/wp-content\/uploads\/2026\/03\/Abarth595062016-4-300x200.jpg 300w, https:\/\/carmax.ma\/wp-content\/uploads\/2026\/03\/Abarth595062016-4-1024x683.jpg 1024w, https:\/\/carmax.ma\/wp-content\/uploads\/2026\/03\/Abarth595062016-4-18x12.jpg 18w, https:\/\/carmax.ma\/wp-content\/uploads\/2026\/03\/Abarth595062016-4-255x170.jpg 255w, https:\/\/carmax.ma\/wp-content\/uploads\/2026\/03\/Abarth595062016-4-510x340.jpg 510w, https:\/\/carmax.ma\/wp-content\/uploads\/2026\/03\/Abarth595062016-4-280x187.jpg 280w, https:\/\/carmax.ma\/wp-content\/uploads\/2026\/03\/Abarth595062016-4-560x373.jpg 560w, https:\/\/carmax.ma\/wp-content\/uploads\/2026\/03\/Abarth595062016-4-350x233.jpg 350w, https:\/\/carmax.ma\/wp-content\/uploads\/2026\/03\/Abarth595062016-4-700x467.jpg 700w, https:\/\/carmax.ma\/wp-content\/uploads\/2026\/03\/Abarth595062016-4-398x265.jpg 398w, https:\/\/carmax.ma\/wp-content\/uploads\/2026\/03\/Abarth595062016-4-796x531.jpg 796w, https:\/\/carmax.ma\/wp-content\/uploads\/2026\/03\/Abarth595062016-4-275x183.jpg 275w, https:\/\/carmax.ma\/wp-content\/uploads\/2026\/03\/Abarth595062016-4-550x367.jpg 550w, https:\/\/carmax.ma\/wp-content\/uploads\/2026\/03\/Abarth595062016-4-1320x880.jpg 1320w, https:\/\/carmax.ma\/wp-content\/uploads\/2026\/03\/Abarth595062016-4-327x218.jpg 327w\" \/>\t\t\t\t\t<\/div>\n\t\t\t\t<\/div>\n\t\t\t\t\t\t\t<div class=\"hoverable-unit\">\n\t\t\t\t\t<div class=\"thumb\">\n\t\t\t\t\t\t\t\t\t\t\t\t<img loading=\"lazy\" decoding=\"async\" width=\"2560\" height=\"1919\" src=\"https:\/\/carmax.ma\/wp-content\/uploads\/2026\/03\/Abarth595062016-scaled.jpg\" class=\"img-responsive\" alt=\"ABARTH 595\" sizes=\"(max-width: 767px) 100vw, 380px\" srcset=\"https:\/\/carmax.ma\/wp-content\/uploads\/2026\/03\/Abarth595062016-scaled.jpg 2560w, https:\/\/carmax.ma\/wp-content\/uploads\/2026\/03\/Abarth595062016-300x225.jpg 300w, https:\/\/carmax.ma\/wp-content\/uploads\/2026\/03\/Abarth595062016-1024x767.jpg 1024w, https:\/\/carmax.ma\/wp-content\/uploads\/2026\/03\/Abarth595062016-16x12.jpg 16w, https:\/\/carmax.ma\/wp-content\/uploads\/2026\/03\/Abarth595062016-255x191.jpg 255w, https:\/\/carmax.ma\/wp-content\/uploads\/2026\/03\/Abarth595062016-510x382.jpg 510w, https:\/\/carmax.ma\/wp-content\/uploads\/2026\/03\/Abarth595062016-280x210.jpg 280w, https:\/\/carmax.ma\/wp-content\/uploads\/2026\/03\/Abarth595062016-560x420.jpg 560w, https:\/\/carmax.ma\/wp-content\/uploads\/2026\/03\/Abarth595062016-350x262.jpg 350w, https:\/\/carmax.ma\/wp-content\/uploads\/2026\/03\/Abarth595062016-700x525.jpg 700w, https:\/\/carmax.ma\/wp-content\/uploads\/2026\/03\/Abarth595062016-398x298.jpg 398w, https:\/\/carmax.ma\/wp-content\/uploads\/2026\/03\/Abarth595062016-796x597.jpg 796w, https:\/\/carmax.ma\/wp-content\/uploads\/2026\/03\/Abarth595062016-275x206.jpg 275w, https:\/\/carmax.ma\/wp-content\/uploads\/2026\/03\/Abarth595062016-550x412.jpg 550w, https:\/\/carmax.ma\/wp-content\/uploads\/2026\/03\/Abarth595062016-1320x989.jpg 1320w, https:\/\/carmax.ma\/wp-content\/uploads\/2026\/03\/Abarth595062016-327x245.jpg 327w\" \/>\t\t\t\t\t<\/div>\n\t\t\t\t<\/div>\n\t\t\t\t\t<\/div>\n\t\t<div class=\"hoverable-indicators\">\n\t\t\t\t\t\t\t<div class=\"indicator active\"><\/div>\n\t\t\t\t\t\t\t<div class=\"indicator\"><\/div>\n\t\t\t\t\t\t\t<div class=\"indicator\"><\/div>\n\t\t\t\t\t\t\t<div class=\"indicator\"><\/div>\n\t\t\t\t\t\t\t<div class=\"indicator\"><\/div>\n\t\t\t\t\t<\/div>\n\t\t<\/div>\n\t\t\n\n\t\t\t\t<div class=\"mvl_compare_unit\">\n\t\t\t\t\t<span\n\t\t\t\thref=\"#\"\n\t\t\t\tclass=\"mvl-skins-add-to-compare\"\n\t\t\t\tdata-view=\"grid\"\n\t\t\t\tdata-post-type=\"listings\"\n\t\t\t\ttitle=\"Comparar\"\n\t\t\t\tdata-id=\"10712\"\n\t\t\t\tdata-title=\"ABARTH 595\"\n\t\t\t\tdata-toggle=\"tooltip\"\n\t\t\t\tdata-placement=\"top\"\n\t\t\t\tdata-original-title=\"\u0421ompare\"\n\t\t\t\tdata-container=\"body\"\n\t\t\t\t>\n\t\t\t\t<i class=\"motors-icons-mvl-compare\"><\/i>\n\t\t\t<\/span>\n\t\t\t<\/div>\n\t\t<\/div>\n\t<\/div>\n<\/a>\n<div class=\"skin_2 mvl_listing_title_wrapper\">\n\t<div class=\"mvl_listing_title_wrapper-inner\">\n\t\t<a href=\"https:\/\/carmax.ma\/pt\/listagens\/abarth-595\/\" class=\"mvl_listing_title\">\n\t\t\t<div class=\"mvl_listing_title car-title\" data-max-char=\"44\">\n\t\t\t\tAbarth 595\t\t\t<\/div>\n\t\t<\/a>\n\t\t\t<\/div>\n<\/div>\n\n<div class=\"skin_2 mvl-price-grid-card\">\n\t<div class=\"mvl-price-grid-card-inner\">\n\t\t<a href=\"https:\/\/carmax.ma\/pt\/listagens\/abarth-595\/\">\n\t\t\t<div class=\"mvl-price-wrapp\">\n\t\t\t\t<div class=\"mvl-price\">\n\t\t\t\t\t<div class=\"normal-price mvl-normal-price\">324 500DH<\/div>\n\t\t\t\t\t\t\t\t\t<\/div>\n\t\t\t\t\t\t\t<\/div>\n\t\t<\/a>\n\t<\/div>\n<\/div>\n\t<a href=\"https:\/\/carmax.ma\/pt\/listagens\/abarth-595\/\">\n\t\t<div class=\"skin_2 mvl-card-listing-data\">\n\t\t\t<ul class=\"mvl-card-listing-data-inner\">\n\t\t\t\t\t\t\t\t\t\t\t\t\t\t\t\t\t\t\t\t<li>\n\t\t\t\t\t\t\t\t\t\t\t\t\t\t\t<i class=\"stm-service-icon-body_type\"><\/i>\n\t\t\t\t\t\t\t\t\t\t\t\t\t\t\t\t\t\t\t\t\t\t\n\t\t\t\t\t\t\t\t\t\t\t\t\t\t\t\t\t\t\t\t\t\t\t\t\t\t\t<span>Cidade<\/span>\n\t\t\t\t\t\t\t\t\t\t\t\t\t\t\t\t\t\t\t\t\t\t\t\t\t\t\t\t\t\t<\/li>\n\t\t\t\t\t\t\t\t\t\t\t\t\t\t\t\t\t\t\t\t\t\t\t\t\t<li>\n\t\t\t\t\t\t\t\t\t\t\t\t\t\t\t<i class=\"stm-icon-fuel\"><\/i>\n\t\t\t\t\t\t\t\t\t\t\t\t\t\t\t\t\t\t\t\t\t\t\n\t\t\t\t\t\t\t\t\t\t\t\t\t\t\t\t\t\t\t\t\t\t\t\t\t\t\t<span>Gasolina<\/span>\n\t\t\t\t\t\t\t\t\t\t\t\t\t\t\t\t\t\t\t\t\t\t\t\t\t\t\t\t\t\t<\/li>\n\t\t\t\t\t\t\t\t\t\t\t\t\t\t\t\t\t\t\t\t\t\t\t\t\t<li>\n\t\t\t\t\t\t\t\t\t\t\t\t\t\t\t<i class=\"stm-icon-engine_fill\"><\/i>\n\t\t\t\t\t\t\t\t\t\t\t\t\t\t\t\t\t\t\t\t\t\t\n\t\t\t\t\t\t\t\t\t\t\t\t\t\t\t\t\t\t\t\t\t\t\t\t\t\t\t<span>1.4 L<\/span>\n\t\t\t\t\t\t\t\t\t\t\t\t\t\t\t\t\t\t\t\t\t\t\t\t\t\t\t\t\t\t<\/li>\n\t\t\t\t\t\t\t\t\t\t\t\t\t\t\t\t\t\t\t\t\t\t\t\t\t<li>\n\t\t\t\t\t\t\t\t\t\t\t\t\t\t\t<i class=\"stm-service-icon-car-listing\"><\/i>\n\t\t\t\t\t\t\t\t\t\t\t\t\t\t\t\t\t\t\t\t\t\t\n\t\t\t\t\t\t\t\t\t\t\t\t\t\t\t\t\t\t\t\t\t\t\t\t\t\t\t<span>350 DHs<\/span>\n\t\t\t\t\t\t\t\t\t\t\t\t\t\t\t\t\t\t\t\t\t\t\t\t\t\t\t\t\t\t<\/li>\n\t\t\t\t\t\t\t\t\t\t\t\t\t\t\t\t\t\t\t\t\t\t\t\t\t<li>\n\t\t\t\t\t\t\t\t\t\t\t\t\t\t\t<i class=\"stm-icon-speedometr3\"><\/i>\n\t\t\t\t\t\t\t\t\t\t\t\t\t\t\t\t\t\t\t\t\t\t\n\t\t\t\t\t\t\t\t\t\t\t\t\t\t\t\t\t\t\t\t\t\t\t\t\t\t\t<span>6.5 L\/100<\/span>\n\t\t\t\t\t\t\t\t\t\t\t\t\t\t\t\t\t\t\t\t\t\t\t\t\t\t\t\t\t\t<\/li>\n\t\t\t\t\t\t\t\t\t\t\t\t<\/ul>\n\t\t<\/div>\n\t<\/a>\n\t<\/div>\n<\/div>\n\t\t\t\t\t\t\t<\/div>\n\t\t\t\t\t\t<\/div>\n\t\t\t\t\t\t\t\t\t\t\t\t<div class=\"dp-in swiper-slide\">\n\t\t\t\t\t\t\t<div class=\"listing-car-item\">\n\t\t\t\t\t\t\t\n<div\n\tclass=\"mvl-card-skins skin_2 col-md-4 col-sm-6 col-xs-12 col-xxs-12 stm-directory-grid-loop stm-isotope-listing-item all 0dhs-443 22-0-kwh-100-km-1124 break-sport-1125 electrique-417 porsche-353 taycan-cross-turismo-1123 listing_is_active\"\n\tdata-price=\"1450000\"\n\tdata-date=\"202603080554\"\n\tdata-listing-id=\"10703\"\n\tdata-post-type=\"listings\"\n\tdata-puissance=\"\">\n\t<div href=\"https:\/\/carmax.ma\/pt\/listagens\/porsche-taycan-cross-turismo\/\" class=\"mvl-card-inner actions_hover\">\n<a href=\"https:\/\/carmax.ma\/pt\/listagens\/porsche-taycan-cross-turismo\/\">\n\t<div class=\"skin_2 image\">\n\t\t\t\t<div class=\"mvl-car-medias\">\n\t\t\t\t\t\t\t<div class=\"stm-listing-media-unit stm-car-media-10703\">\n\t\t\t\t\t<span>1\/7<\/span>\n\t\t\t\t\t<i class=\"motors-icons-photoaparat\"><\/i>\n\t\t\t\t<\/div>\n\n\t\t\t\t<script type=\"text\/javascript\">\n\t\t\t\t\tjQuery(document).ready(function(){\n\t\t\t\t\t\tjQuery(\".stm-car-media-10703\").on('click', function(e) {\n\t\t\t\t\t\t\te.preventDefault();\n\t\t\t\t\t\t\tjQuery(this).lightGallery({\n\t\t\t\t\t\t\t\tdynamic: true,\n\t\t\t\t\t\t\t\tdynamicEl: [\n\t\t\t\t\t\t\t\t\t\t\t\t\t\t\t\t\t\t\t\t\t\t\t\t\t\t\t\t\t{\n\t\t\t\t\t\t\t\t\t\t\tsrc  : \"https:\/\/carmax.ma\/wp-content\/uploads\/2026\/03\/S8-essai-porsche-taycan-cross-turismo-2021-la-meilleure-des-taycan-671942.jpg\",\n\t\t\t\t\t\t\t\t\t\t\tthumb: \"https:\/\/carmax.ma\/wp-content\/uploads\/2026\/03\/S8-essai-porsche-taycan-cross-turismo-2021-la-meilleure-des-taycan-671942.jpg\"\n\t\t\t\t\t\t\t\t\t\t},\n\t\t\t\t\t\t\t\t\t\t\t\t\t\t\t\t\t\t\t\t{\n\t\t\t\t\t\t\t\t\t\t\tsrc  : \"https:\/\/carmax.ma\/wp-content\/uploads\/2026\/03\/S8-essai-porsche-taycan-cross-turismo-2021-la-meilleure-des-taycan-671930.jpg\",\n\t\t\t\t\t\t\t\t\t\t\tthumb: \"https:\/\/carmax.ma\/wp-content\/uploads\/2026\/03\/S8-essai-porsche-taycan-cross-turismo-2021-la-meilleure-des-taycan-671930.jpg\"\n\t\t\t\t\t\t\t\t\t\t},\n\t\t\t\t\t\t\t\t\t\t\t\t\t\t\t\t\t\t\t\t{\n\t\t\t\t\t\t\t\t\t\t\tsrc  : \"https:\/\/carmax.ma\/wp-content\/uploads\/2026\/03\/S8-essai-porsche-taycan-cross-turismo-2021-la-meilleure-des-taycan-671926.jpg\",\n\t\t\t\t\t\t\t\t\t\t\tthumb: \"https:\/\/carmax.ma\/wp-content\/uploads\/2026\/03\/S8-essai-porsche-taycan-cross-turismo-2021-la-meilleure-des-taycan-671926.jpg\"\n\t\t\t\t\t\t\t\t\t\t},\n\t\t\t\t\t\t\t\t\t\t\t\t\t\t\t\t\t\t\t\t{\n\t\t\t\t\t\t\t\t\t\t\tsrc  : \"https:\/\/carmax.ma\/wp-content\/uploads\/2026\/03\/S8-essai-porsche-taycan-cross-turismo-2021-la-meilleure-des-taycan-671932.jpg\",\n\t\t\t\t\t\t\t\t\t\t\tthumb: \"https:\/\/carmax.ma\/wp-content\/uploads\/2026\/03\/S8-essai-porsche-taycan-cross-turismo-2021-la-meilleure-des-taycan-671932.jpg\"\n\t\t\t\t\t\t\t\t\t\t},\n\t\t\t\t\t\t\t\t\t\t\t\t\t\t\t\t\t\t\t\t{\n\t\t\t\t\t\t\t\t\t\t\tsrc  : \"https:\/\/carmax.ma\/wp-content\/uploads\/2026\/03\/S8-essai-porsche-taycan-cross-turismo-2021-la-meilleure-des-taycan-671933.jpg\",\n\t\t\t\t\t\t\t\t\t\t\tthumb: \"https:\/\/carmax.ma\/wp-content\/uploads\/2026\/03\/S8-essai-porsche-taycan-cross-turismo-2021-la-meilleure-des-taycan-671933.jpg\"\n\t\t\t\t\t\t\t\t\t\t},\n\t\t\t\t\t\t\t\t\t\t\t\t\t\t\t\t\t\t\t\t{\n\t\t\t\t\t\t\t\t\t\t\tsrc  : \"https:\/\/carmax.ma\/wp-content\/uploads\/2026\/03\/S8-essai-porsche-taycan-cross-turismo-2021-la-meilleure-des-taycan-671914.jpg\",\n\t\t\t\t\t\t\t\t\t\t\tthumb: \"https:\/\/carmax.ma\/wp-content\/uploads\/2026\/03\/S8-essai-porsche-taycan-cross-turismo-2021-la-meilleure-des-taycan-671914.jpg\"\n\t\t\t\t\t\t\t\t\t\t},\n\t\t\t\t\t\t\t\t\t\t\t\t\t\t\t\t\t\t\t\t{\n\t\t\t\t\t\t\t\t\t\t\tsrc  : \"https:\/\/carmax.ma\/wp-content\/uploads\/2026\/03\/S8-essai-porsche-taycan-cross-turismo-2021-la-meilleure-des-taycan-671912.jpg\",\n\t\t\t\t\t\t\t\t\t\t\tthumb: \"https:\/\/carmax.ma\/wp-content\/uploads\/2026\/03\/S8-essai-porsche-taycan-cross-turismo-2021-la-meilleure-des-taycan-671912.jpg\"\n\t\t\t\t\t\t\t\t\t\t},\n\t\t\t\t\t\t\t\t\t\t\t\t\t\t\t\t\t\t\t\n\t\t\t\t\t\t\t\t\t\t\t\t\t\t\t\t\t],\n\t\t\t\t\t\t\t\tdownload: false,\n\t\t\t\t\t\t\t\tmode: 'lg-fade',\n\t\t\t\t\t\t\t});\n\t\t\t\t\t\t});\n\t\t\t\t\t});\n\t\t\t\t<\/script>\n\t\t\t\t\t<\/div>\n\t\t<!--Favourite-->\n\t\t\n\t\t<div class=\"image-inner\">\n\n\t\t\t\n\t\t\t<div class=\"interactive-hoverable\">\n\t\t\t<div class=\"hoverable-wrap\">\n\t\t\t\t\t\t\t<div class=\"hoverable-unit active\">\n\t\t\t\t\t<div class=\"thumb\">\n\t\t\t\t\t\t\t\t\t\t\t\t<img loading=\"lazy\" decoding=\"async\" width=\"960\" height=\"640\" src=\"https:\/\/carmax.ma\/wp-content\/uploads\/2026\/03\/S8-essai-porsche-taycan-cross-turismo-2021-la-meilleure-des-taycan-671942.jpg\" class=\"img-responsive\" alt=\"PORSCHE Taycan Cross Turismo\" sizes=\"(max-width: 767px) 100vw, 380px\" srcset=\"https:\/\/carmax.ma\/wp-content\/uploads\/2026\/03\/S8-essai-porsche-taycan-cross-turismo-2021-la-meilleure-des-taycan-671942.jpg 960w, https:\/\/carmax.ma\/wp-content\/uploads\/2026\/03\/S8-essai-porsche-taycan-cross-turismo-2021-la-meilleure-des-taycan-671942-300x200.jpg 300w, https:\/\/carmax.ma\/wp-content\/uploads\/2026\/03\/S8-essai-porsche-taycan-cross-turismo-2021-la-meilleure-des-taycan-671942-18x12.jpg 18w, https:\/\/carmax.ma\/wp-content\/uploads\/2026\/03\/S8-essai-porsche-taycan-cross-turismo-2021-la-meilleure-des-taycan-671942-255x170.jpg 255w, https:\/\/carmax.ma\/wp-content\/uploads\/2026\/03\/S8-essai-porsche-taycan-cross-turismo-2021-la-meilleure-des-taycan-671942-510x340.jpg 510w, https:\/\/carmax.ma\/wp-content\/uploads\/2026\/03\/S8-essai-porsche-taycan-cross-turismo-2021-la-meilleure-des-taycan-671942-280x187.jpg 280w, https:\/\/carmax.ma\/wp-content\/uploads\/2026\/03\/S8-essai-porsche-taycan-cross-turismo-2021-la-meilleure-des-taycan-671942-560x373.jpg 560w, https:\/\/carmax.ma\/wp-content\/uploads\/2026\/03\/S8-essai-porsche-taycan-cross-turismo-2021-la-meilleure-des-taycan-671942-350x233.jpg 350w, https:\/\/carmax.ma\/wp-content\/uploads\/2026\/03\/S8-essai-porsche-taycan-cross-turismo-2021-la-meilleure-des-taycan-671942-700x467.jpg 700w, https:\/\/carmax.ma\/wp-content\/uploads\/2026\/03\/S8-essai-porsche-taycan-cross-turismo-2021-la-meilleure-des-taycan-671942-398x265.jpg 398w, https:\/\/carmax.ma\/wp-content\/uploads\/2026\/03\/S8-essai-porsche-taycan-cross-turismo-2021-la-meilleure-des-taycan-671942-796x531.jpg 796w, https:\/\/carmax.ma\/wp-content\/uploads\/2026\/03\/S8-essai-porsche-taycan-cross-turismo-2021-la-meilleure-des-taycan-671942-275x183.jpg 275w, https:\/\/carmax.ma\/wp-content\/uploads\/2026\/03\/S8-essai-porsche-taycan-cross-turismo-2021-la-meilleure-des-taycan-671942-550x367.jpg 550w, https:\/\/carmax.ma\/wp-content\/uploads\/2026\/03\/S8-essai-porsche-taycan-cross-turismo-2021-la-meilleure-des-taycan-671942-327x218.jpg 327w\" \/>\t\t\t\t\t<\/div>\n\t\t\t\t<\/div>\n\t\t\t\t\t\t\t<div class=\"hoverable-unit\">\n\t\t\t\t\t<div class=\"thumb\">\n\t\t\t\t\t\t\t\t\t\t\t\t<img loading=\"lazy\" decoding=\"async\" width=\"960\" height=\"640\" src=\"https:\/\/carmax.ma\/wp-content\/uploads\/2026\/03\/S8-essai-porsche-taycan-cross-turismo-2021-la-meilleure-des-taycan-671930.jpg\" class=\"img-responsive\" alt=\"PORSCHE Taycan Cross Turismo\" sizes=\"(max-width: 767px) 100vw, 380px\" srcset=\"https:\/\/carmax.ma\/wp-content\/uploads\/2026\/03\/S8-essai-porsche-taycan-cross-turismo-2021-la-meilleure-des-taycan-671930.jpg 960w, https:\/\/carmax.ma\/wp-content\/uploads\/2026\/03\/S8-essai-porsche-taycan-cross-turismo-2021-la-meilleure-des-taycan-671930-300x200.jpg 300w, https:\/\/carmax.ma\/wp-content\/uploads\/2026\/03\/S8-essai-porsche-taycan-cross-turismo-2021-la-meilleure-des-taycan-671930-18x12.jpg 18w, https:\/\/carmax.ma\/wp-content\/uploads\/2026\/03\/S8-essai-porsche-taycan-cross-turismo-2021-la-meilleure-des-taycan-671930-255x170.jpg 255w, https:\/\/carmax.ma\/wp-content\/uploads\/2026\/03\/S8-essai-porsche-taycan-cross-turismo-2021-la-meilleure-des-taycan-671930-510x340.jpg 510w, https:\/\/carmax.ma\/wp-content\/uploads\/2026\/03\/S8-essai-porsche-taycan-cross-turismo-2021-la-meilleure-des-taycan-671930-280x187.jpg 280w, https:\/\/carmax.ma\/wp-content\/uploads\/2026\/03\/S8-essai-porsche-taycan-cross-turismo-2021-la-meilleure-des-taycan-671930-560x373.jpg 560w, https:\/\/carmax.ma\/wp-content\/uploads\/2026\/03\/S8-essai-porsche-taycan-cross-turismo-2021-la-meilleure-des-taycan-671930-350x233.jpg 350w, https:\/\/carmax.ma\/wp-content\/uploads\/2026\/03\/S8-essai-porsche-taycan-cross-turismo-2021-la-meilleure-des-taycan-671930-700x467.jpg 700w, https:\/\/carmax.ma\/wp-content\/uploads\/2026\/03\/S8-essai-porsche-taycan-cross-turismo-2021-la-meilleure-des-taycan-671930-398x265.jpg 398w, https:\/\/carmax.ma\/wp-content\/uploads\/2026\/03\/S8-essai-porsche-taycan-cross-turismo-2021-la-meilleure-des-taycan-671930-796x531.jpg 796w, https:\/\/carmax.ma\/wp-content\/uploads\/2026\/03\/S8-essai-porsche-taycan-cross-turismo-2021-la-meilleure-des-taycan-671930-275x183.jpg 275w, https:\/\/carmax.ma\/wp-content\/uploads\/2026\/03\/S8-essai-porsche-taycan-cross-turismo-2021-la-meilleure-des-taycan-671930-550x367.jpg 550w, https:\/\/carmax.ma\/wp-content\/uploads\/2026\/03\/S8-essai-porsche-taycan-cross-turismo-2021-la-meilleure-des-taycan-671930-327x218.jpg 327w\" \/>\t\t\t\t\t<\/div>\n\t\t\t\t<\/div>\n\t\t\t\t\t\t\t<div class=\"hoverable-unit\">\n\t\t\t\t\t<div class=\"thumb\">\n\t\t\t\t\t\t\t\t\t\t\t\t<img loading=\"lazy\" decoding=\"async\" width=\"960\" height=\"640\" src=\"https:\/\/carmax.ma\/wp-content\/uploads\/2026\/03\/S8-essai-porsche-taycan-cross-turismo-2021-la-meilleure-des-taycan-671926.jpg\" class=\"img-responsive\" alt=\"PORSCHE Taycan Cross Turismo\" sizes=\"(max-width: 767px) 100vw, 380px\" srcset=\"https:\/\/carmax.ma\/wp-content\/uploads\/2026\/03\/S8-essai-porsche-taycan-cross-turismo-2021-la-meilleure-des-taycan-671926.jpg 960w, https:\/\/carmax.ma\/wp-content\/uploads\/2026\/03\/S8-essai-porsche-taycan-cross-turismo-2021-la-meilleure-des-taycan-671926-300x200.jpg 300w, https:\/\/carmax.ma\/wp-content\/uploads\/2026\/03\/S8-essai-porsche-taycan-cross-turismo-2021-la-meilleure-des-taycan-671926-18x12.jpg 18w, https:\/\/carmax.ma\/wp-content\/uploads\/2026\/03\/S8-essai-porsche-taycan-cross-turismo-2021-la-meilleure-des-taycan-671926-255x170.jpg 255w, https:\/\/carmax.ma\/wp-content\/uploads\/2026\/03\/S8-essai-porsche-taycan-cross-turismo-2021-la-meilleure-des-taycan-671926-510x340.jpg 510w, https:\/\/carmax.ma\/wp-content\/uploads\/2026\/03\/S8-essai-porsche-taycan-cross-turismo-2021-la-meilleure-des-taycan-671926-280x187.jpg 280w, https:\/\/carmax.ma\/wp-content\/uploads\/2026\/03\/S8-essai-porsche-taycan-cross-turismo-2021-la-meilleure-des-taycan-671926-560x373.jpg 560w, https:\/\/carmax.ma\/wp-content\/uploads\/2026\/03\/S8-essai-porsche-taycan-cross-turismo-2021-la-meilleure-des-taycan-671926-350x233.jpg 350w, https:\/\/carmax.ma\/wp-content\/uploads\/2026\/03\/S8-essai-porsche-taycan-cross-turismo-2021-la-meilleure-des-taycan-671926-700x467.jpg 700w, https:\/\/carmax.ma\/wp-content\/uploads\/2026\/03\/S8-essai-porsche-taycan-cross-turismo-2021-la-meilleure-des-taycan-671926-398x265.jpg 398w, https:\/\/carmax.ma\/wp-content\/uploads\/2026\/03\/S8-essai-porsche-taycan-cross-turismo-2021-la-meilleure-des-taycan-671926-796x531.jpg 796w, https:\/\/carmax.ma\/wp-content\/uploads\/2026\/03\/S8-essai-porsche-taycan-cross-turismo-2021-la-meilleure-des-taycan-671926-275x183.jpg 275w, https:\/\/carmax.ma\/wp-content\/uploads\/2026\/03\/S8-essai-porsche-taycan-cross-turismo-2021-la-meilleure-des-taycan-671926-550x367.jpg 550w, https:\/\/carmax.ma\/wp-content\/uploads\/2026\/03\/S8-essai-porsche-taycan-cross-turismo-2021-la-meilleure-des-taycan-671926-327x218.jpg 327w\" \/>\t\t\t\t\t<\/div>\n\t\t\t\t<\/div>\n\t\t\t\t\t\t\t<div class=\"hoverable-unit\">\n\t\t\t\t\t<div class=\"thumb\">\n\t\t\t\t\t\t\t\t\t\t\t\t<img loading=\"lazy\" decoding=\"async\" width=\"960\" height=\"640\" src=\"https:\/\/carmax.ma\/wp-content\/uploads\/2026\/03\/S8-essai-porsche-taycan-cross-turismo-2021-la-meilleure-des-taycan-671932.jpg\" class=\"img-responsive\" alt=\"PORSCHE Taycan Cross Turismo\" sizes=\"(max-width: 767px) 100vw, 380px\" srcset=\"https:\/\/carmax.ma\/wp-content\/uploads\/2026\/03\/S8-essai-porsche-taycan-cross-turismo-2021-la-meilleure-des-taycan-671932.jpg 960w, https:\/\/carmax.ma\/wp-content\/uploads\/2026\/03\/S8-essai-porsche-taycan-cross-turismo-2021-la-meilleure-des-taycan-671932-300x200.jpg 300w, https:\/\/carmax.ma\/wp-content\/uploads\/2026\/03\/S8-essai-porsche-taycan-cross-turismo-2021-la-meilleure-des-taycan-671932-18x12.jpg 18w, https:\/\/carmax.ma\/wp-content\/uploads\/2026\/03\/S8-essai-porsche-taycan-cross-turismo-2021-la-meilleure-des-taycan-671932-255x170.jpg 255w, https:\/\/carmax.ma\/wp-content\/uploads\/2026\/03\/S8-essai-porsche-taycan-cross-turismo-2021-la-meilleure-des-taycan-671932-510x340.jpg 510w, https:\/\/carmax.ma\/wp-content\/uploads\/2026\/03\/S8-essai-porsche-taycan-cross-turismo-2021-la-meilleure-des-taycan-671932-280x187.jpg 280w, https:\/\/carmax.ma\/wp-content\/uploads\/2026\/03\/S8-essai-porsche-taycan-cross-turismo-2021-la-meilleure-des-taycan-671932-560x373.jpg 560w, https:\/\/carmax.ma\/wp-content\/uploads\/2026\/03\/S8-essai-porsche-taycan-cross-turismo-2021-la-meilleure-des-taycan-671932-350x233.jpg 350w, https:\/\/carmax.ma\/wp-content\/uploads\/2026\/03\/S8-essai-porsche-taycan-cross-turismo-2021-la-meilleure-des-taycan-671932-700x467.jpg 700w, https:\/\/carmax.ma\/wp-content\/uploads\/2026\/03\/S8-essai-porsche-taycan-cross-turismo-2021-la-meilleure-des-taycan-671932-398x265.jpg 398w, https:\/\/carmax.ma\/wp-content\/uploads\/2026\/03\/S8-essai-porsche-taycan-cross-turismo-2021-la-meilleure-des-taycan-671932-796x531.jpg 796w, https:\/\/carmax.ma\/wp-content\/uploads\/2026\/03\/S8-essai-porsche-taycan-cross-turismo-2021-la-meilleure-des-taycan-671932-275x183.jpg 275w, https:\/\/carmax.ma\/wp-content\/uploads\/2026\/03\/S8-essai-porsche-taycan-cross-turismo-2021-la-meilleure-des-taycan-671932-550x367.jpg 550w, https:\/\/carmax.ma\/wp-content\/uploads\/2026\/03\/S8-essai-porsche-taycan-cross-turismo-2021-la-meilleure-des-taycan-671932-327x218.jpg 327w\" \/>\t\t\t\t\t<\/div>\n\t\t\t\t<\/div>\n\t\t\t\t\t\t\t<div class=\"hoverable-unit\">\n\t\t\t\t\t<div class=\"thumb\">\n\t\t\t\t\t\t\t\t\t\t\t\t\t<div class=\"remaining\">\n\t\t\t\t\t\t\t\t<i class=\"stm-icon-album\"><\/i>\n\t\t\t\t\t\t\t\t<p>\n\t\t\t\t\t\t\t\t\t2 more photos\t\t\t\t\t\t\t\t<\/p>\n\t\t\t\t\t\t\t<\/div>\n\t\t\t\t\t\t\t\t\t\t\t\t<img loading=\"lazy\" decoding=\"async\" width=\"960\" height=\"640\" src=\"https:\/\/carmax.ma\/wp-content\/uploads\/2026\/03\/S8-essai-porsche-taycan-cross-turismo-2021-la-meilleure-des-taycan-671933.jpg\" class=\"img-responsive\" alt=\"PORSCHE Taycan Cross Turismo\" sizes=\"(max-width: 767px) 100vw, 380px\" srcset=\"https:\/\/carmax.ma\/wp-content\/uploads\/2026\/03\/S8-essai-porsche-taycan-cross-turismo-2021-la-meilleure-des-taycan-671933.jpg 960w, https:\/\/carmax.ma\/wp-content\/uploads\/2026\/03\/S8-essai-porsche-taycan-cross-turismo-2021-la-meilleure-des-taycan-671933-300x200.jpg 300w, https:\/\/carmax.ma\/wp-content\/uploads\/2026\/03\/S8-essai-porsche-taycan-cross-turismo-2021-la-meilleure-des-taycan-671933-18x12.jpg 18w, https:\/\/carmax.ma\/wp-content\/uploads\/2026\/03\/S8-essai-porsche-taycan-cross-turismo-2021-la-meilleure-des-taycan-671933-255x170.jpg 255w, https:\/\/carmax.ma\/wp-content\/uploads\/2026\/03\/S8-essai-porsche-taycan-cross-turismo-2021-la-meilleure-des-taycan-671933-510x340.jpg 510w, https:\/\/carmax.ma\/wp-content\/uploads\/2026\/03\/S8-essai-porsche-taycan-cross-turismo-2021-la-meilleure-des-taycan-671933-280x187.jpg 280w, https:\/\/carmax.ma\/wp-content\/uploads\/2026\/03\/S8-essai-porsche-taycan-cross-turismo-2021-la-meilleure-des-taycan-671933-560x373.jpg 560w, https:\/\/carmax.ma\/wp-content\/uploads\/2026\/03\/S8-essai-porsche-taycan-cross-turismo-2021-la-meilleure-des-taycan-671933-350x233.jpg 350w, https:\/\/carmax.ma\/wp-content\/uploads\/2026\/03\/S8-essai-porsche-taycan-cross-turismo-2021-la-meilleure-des-taycan-671933-700x467.jpg 700w, https:\/\/carmax.ma\/wp-content\/uploads\/2026\/03\/S8-essai-porsche-taycan-cross-turismo-2021-la-meilleure-des-taycan-671933-398x265.jpg 398w, https:\/\/carmax.ma\/wp-content\/uploads\/2026\/03\/S8-essai-porsche-taycan-cross-turismo-2021-la-meilleure-des-taycan-671933-796x531.jpg 796w, https:\/\/carmax.ma\/wp-content\/uploads\/2026\/03\/S8-essai-porsche-taycan-cross-turismo-2021-la-meilleure-des-taycan-671933-275x183.jpg 275w, https:\/\/carmax.ma\/wp-content\/uploads\/2026\/03\/S8-essai-porsche-taycan-cross-turismo-2021-la-meilleure-des-taycan-671933-550x367.jpg 550w, https:\/\/carmax.ma\/wp-content\/uploads\/2026\/03\/S8-essai-porsche-taycan-cross-turismo-2021-la-meilleure-des-taycan-671933-327x218.jpg 327w\" \/>\t\t\t\t\t<\/div>\n\t\t\t\t<\/div>\n\t\t\t\t\t<\/div>\n\t\t<div class=\"hoverable-indicators\">\n\t\t\t\t\t\t\t<div class=\"indicator active\"><\/div>\n\t\t\t\t\t\t\t<div class=\"indicator\"><\/div>\n\t\t\t\t\t\t\t<div class=\"indicator\"><\/div>\n\t\t\t\t\t\t\t<div class=\"indicator\"><\/div>\n\t\t\t\t\t\t\t<div class=\"indicator\"><\/div>\n\t\t\t\t\t<\/div>\n\t\t<\/div>\n\t\t\n\n\t\t\t\t<div class=\"mvl_compare_unit\">\n\t\t\t\t\t<span\n\t\t\t\thref=\"#\"\n\t\t\t\tclass=\"mvl-skins-add-to-compare\"\n\t\t\t\tdata-view=\"grid\"\n\t\t\t\tdata-post-type=\"listings\"\n\t\t\t\ttitle=\"Comparar\"\n\t\t\t\tdata-id=\"10703\"\n\t\t\t\tdata-title=\"PORSCHE Taycan Cross Turismo\"\n\t\t\t\tdata-toggle=\"tooltip\"\n\t\t\t\tdata-placement=\"top\"\n\t\t\t\tdata-original-title=\"\u0421ompare\"\n\t\t\t\tdata-container=\"body\"\n\t\t\t\t>\n\t\t\t\t<i class=\"motors-icons-mvl-compare\"><\/i>\n\t\t\t<\/span>\n\t\t\t<\/div>\n\t\t<\/div>\n\t<\/div>\n<\/a>\n<div class=\"skin_2 mvl_listing_title_wrapper\">\n\t<div class=\"mvl_listing_title_wrapper-inner\">\n\t\t<a href=\"https:\/\/carmax.ma\/pt\/listagens\/porsche-taycan-cross-turismo\/\" class=\"mvl_listing_title\">\n\t\t\t<div class=\"mvl_listing_title car-title\" data-max-char=\"44\">\n\t\t\t\tPorsche Taycan Cross Turismo\t\t\t<\/div>\n\t\t<\/a>\n\t\t\t<\/div>\n<\/div>\n\n<div class=\"skin_2 mvl-price-grid-card\">\n\t<div class=\"mvl-price-grid-card-inner\">\n\t\t<a href=\"https:\/\/carmax.ma\/pt\/listagens\/porsche-taycan-cross-turismo\/\">\n\t\t\t<div class=\"mvl-price-wrapp\">\n\t\t\t\t<div class=\"mvl-price\">\n\t\t\t\t\t<div class=\"normal-price mvl-normal-price\">1 450 000DH<\/div>\n\t\t\t\t\t\t\t\t\t<\/div>\n\t\t\t\t\t\t\t<\/div>\n\t\t<\/a>\n\t<\/div>\n<\/div>\n\t<a href=\"https:\/\/carmax.ma\/pt\/listagens\/porsche-taycan-cross-turismo\/\">\n\t\t<div class=\"skin_2 mvl-card-listing-data\">\n\t\t\t<ul class=\"mvl-card-listing-data-inner\">\n\t\t\t\t\t\t\t\t\t\t\t\t\t\t\t\t\t\t\t\t<li>\n\t\t\t\t\t\t\t\t\t\t\t\t\t\t\t<i class=\"stm-service-icon-body_type\"><\/i>\n\t\t\t\t\t\t\t\t\t\t\t\t\t\t\t\t\t\t\t\t\t\t\n\t\t\t\t\t\t\t\t\t\t\t\t\t\t\t\t\t\t\t\t\t\t\t\t\t\t\t<span>Break Sport<\/span>\n\t\t\t\t\t\t\t\t\t\t\t\t\t\t\t\t\t\t\t\t\t\t\t\t\t\t\t\t\t\t<\/li>\n\t\t\t\t\t\t\t\t\t\t\t\t\t\t\t\t\t\t\t\t\t\t\t\t\t<li>\n\t\t\t\t\t\t\t\t\t\t\t\t\t\t\t<i class=\"stm-icon-fuel\"><\/i>\n\t\t\t\t\t\t\t\t\t\t\t\t\t\t\t\t\t\t\t\t\t\t\n\t\t\t\t\t\t\t\t\t\t\t\t\t\t\t\t\t\t\t\t\t\t\t\t\t\t\t<span>El\u00e9trico<\/span>\n\t\t\t\t\t\t\t\t\t\t\t\t\t\t\t\t\t\t\t\t\t\t\t\t\t\t\t\t\t\t<\/li>\n\t\t\t\t\t\t\t\t\t\t\t\t\t\t\t\t\t\t\t\t\t\t\t\t\t\t\t\t\t\t\t\t\t\t\t\t\t\t\t<li>\n\t\t\t\t\t\t\t\t\t\t\t\t\t\t\t<i class=\"stm-service-icon-car-listing\"><\/i>\n\t\t\t\t\t\t\t\t\t\t\t\t\t\t\t\t\t\t\t\t\t\t\n\t\t\t\t\t\t\t\t\t\t\t\t\t\t\t\t\t\t\t\t\t\t\t\t\t\t\t<span>0 DHs (ve\u00edculo isento)<\/span>\n\t\t\t\t\t\t\t\t\t\t\t\t\t\t\t\t\t\t\t\t\t\t\t\t\t\t\t\t\t\t<\/li>\n\t\t\t\t\t\t\t\t\t\t\t\t\t\t\t\t\t\t\t\t\t\t\t\t\t<li>\n\t\t\t\t\t\t\t\t\t\t\t\t\t\t\t<i class=\"stm-icon-speedometr3\"><\/i>\n\t\t\t\t\t\t\t\t\t\t\t\t\t\t\t\t\t\t\t\t\t\t\n\t\t\t\t\t\t\t\t\t\t\t\t\t\t\t\t\t\t\t\t\t\t\t\t\t\t\t<span>22.0 kWh\/100 km<\/span>\n\t\t\t\t\t\t\t\t\t\t\t\t\t\t\t\t\t\t\t\t\t\t\t\t\t\t\t\t\t\t<\/li>\n\t\t\t\t\t\t\t\t\t\t\t\t<\/ul>\n\t\t<\/div>\n\t<\/a>\n\t<\/div>\n<\/div>\n\t\t\t\t\t\t\t<\/div>\n\t\t\t\t\t\t<\/div>\n\t\t\t\t\t\t\t\t\t\t\t\t<div class=\"dp-in swiper-slide\">\n\t\t\t\t\t\t\t<div class=\"listing-car-item\">\n\t\t\t\t\t\t\t\n<div\n\tclass=\"mvl-card-skins skin_2 col-md-4 col-sm-6 col-xs-12 col-xxs-12 stm-directory-grid-loop stm-isotope-listing-item all 0dhs-443 20-0-kwh-100-km-1122 berline-385 electrique-417 porsche-353 taycan-1121 listing_is_active\"\n\tdata-price=\"1350000\"\n\tdata-date=\"202603080547\"\n\tdata-listing-id=\"10692\"\n\tdata-post-type=\"listings\"\n\tdata-puissance=\"\">\n\t<div href=\"https:\/\/carmax.ma\/pt\/listagens\/porsche-taycan\/\" class=\"mvl-card-inner actions_hover\">\n<a href=\"https:\/\/carmax.ma\/pt\/listagens\/porsche-taycan\/\">\n\t<div class=\"skin_2 image\">\n\t\t\t\t<div class=\"mvl-car-medias\">\n\t\t\t\t\t\t\t<div class=\"stm-listing-media-unit stm-car-media-10692\">\n\t\t\t\t\t<span>1\/6<\/span>\n\t\t\t\t\t<i class=\"motors-icons-photoaparat\"><\/i>\n\t\t\t\t<\/div>\n\n\t\t\t\t<script type=\"text\/javascript\">\n\t\t\t\t\tjQuery(document).ready(function(){\n\t\t\t\t\t\tjQuery(\".stm-car-media-10692\").on('click', function(e) {\n\t\t\t\t\t\t\te.preventDefault();\n\t\t\t\t\t\t\tjQuery(this).lightGallery({\n\t\t\t\t\t\t\t\tdynamic: true,\n\t\t\t\t\t\t\t\tdynamicEl: [\n\t\t\t\t\t\t\t\t\t\t\t\t\t\t\t\t\t\t\t\t\t\t\t\t\t\t\t\t\t{\n\t\t\t\t\t\t\t\t\t\t\tsrc  : \"https:\/\/carmax.ma\/wp-content\/uploads\/2026\/03\/S8-s0-essai-video-porsche-taycan-zero-emission-100-sensations-634064-146953.jpg\",\n\t\t\t\t\t\t\t\t\t\t\tthumb: \"https:\/\/carmax.ma\/wp-content\/uploads\/2026\/03\/S8-s0-essai-video-porsche-taycan-zero-emission-100-sensations-634064-146953.jpg\"\n\t\t\t\t\t\t\t\t\t\t},\n\t\t\t\t\t\t\t\t\t\t\t\t\t\t\t\t\t\t\t\t{\n\t\t\t\t\t\t\t\t\t\t\tsrc  : \"https:\/\/carmax.ma\/wp-content\/uploads\/2026\/03\/S8-s0-essai-video-porsche-taycan-zero-emission-100-sensations-634065-146954.jpg\",\n\t\t\t\t\t\t\t\t\t\t\tthumb: \"https:\/\/carmax.ma\/wp-content\/uploads\/2026\/03\/S8-s0-essai-video-porsche-taycan-zero-emission-100-sensations-634065-146954.jpg\"\n\t\t\t\t\t\t\t\t\t\t},\n\t\t\t\t\t\t\t\t\t\t\t\t\t\t\t\t\t\t\t\t{\n\t\t\t\t\t\t\t\t\t\t\tsrc  : \"https:\/\/carmax.ma\/wp-content\/uploads\/2026\/03\/S8-s0-essai-video-porsche-taycan-zero-emission-100-sensations-634066-146955.jpg\",\n\t\t\t\t\t\t\t\t\t\t\tthumb: \"https:\/\/carmax.ma\/wp-content\/uploads\/2026\/03\/S8-s0-essai-video-porsche-taycan-zero-emission-100-sensations-634066-146955.jpg\"\n\t\t\t\t\t\t\t\t\t\t},\n\t\t\t\t\t\t\t\t\t\t\t\t\t\t\t\t\t\t\t\t{\n\t\t\t\t\t\t\t\t\t\t\tsrc  : \"https:\/\/carmax.ma\/wp-content\/uploads\/2026\/03\/S8-s0-essai-video-porsche-taycan-zero-emission-100-sensations-634067-146956.jpg\",\n\t\t\t\t\t\t\t\t\t\t\tthumb: \"https:\/\/carmax.ma\/wp-content\/uploads\/2026\/03\/S8-s0-essai-video-porsche-taycan-zero-emission-100-sensations-634067-146956.jpg\"\n\t\t\t\t\t\t\t\t\t\t},\n\t\t\t\t\t\t\t\t\t\t\t\t\t\t\t\t\t\t\t\t{\n\t\t\t\t\t\t\t\t\t\t\tsrc  : \"https:\/\/carmax.ma\/wp-content\/uploads\/2026\/03\/S8-s0-essai-video-porsche-taycan-zero-emission-100-sensations-634077-146966.jpg\",\n\t\t\t\t\t\t\t\t\t\t\tthumb: \"https:\/\/carmax.ma\/wp-content\/uploads\/2026\/03\/S8-s0-essai-video-porsche-taycan-zero-emission-100-sensations-634077-146966.jpg\"\n\t\t\t\t\t\t\t\t\t\t},\n\t\t\t\t\t\t\t\t\t\t\t\t\t\t\t\t\t\t\t\t{\n\t\t\t\t\t\t\t\t\t\t\tsrc  : \"https:\/\/carmax.ma\/wp-content\/uploads\/2026\/03\/S8-s0-essai-video-porsche-taycan-zero-emission-100-sensations-634071-146960.jpg\",\n\t\t\t\t\t\t\t\t\t\t\tthumb: \"https:\/\/carmax.ma\/wp-content\/uploads\/2026\/03\/S8-s0-essai-video-porsche-taycan-zero-emission-100-sensations-634071-146960.jpg\"\n\t\t\t\t\t\t\t\t\t\t},\n\t\t\t\t\t\t\t\t\t\t\t\t\t\t\t\t\t\t\t\n\t\t\t\t\t\t\t\t\t\t\t\t\t\t\t\t\t],\n\t\t\t\t\t\t\t\tdownload: false,\n\t\t\t\t\t\t\t\tmode: 'lg-fade',\n\t\t\t\t\t\t\t});\n\t\t\t\t\t\t});\n\t\t\t\t\t});\n\t\t\t\t<\/script>\n\t\t\t\t\t<\/div>\n\t\t<!--Favourite-->\n\t\t\n\t\t<div class=\"image-inner\">\n\n\t\t\t\n\t\t\t<div class=\"interactive-hoverable\">\n\t\t\t<div class=\"hoverable-wrap\">\n\t\t\t\t\t\t\t<div class=\"hoverable-unit active\">\n\t\t\t\t\t<div class=\"thumb\">\n\t\t\t\t\t\t\t\t\t\t\t\t<img loading=\"lazy\" decoding=\"async\" width=\"960\" height=\"640\" src=\"https:\/\/carmax.ma\/wp-content\/uploads\/2026\/03\/S8-s0-essai-video-porsche-taycan-zero-emission-100-sensations-634064-146953.jpg\" class=\"img-responsive\" alt=\"PORSCHE Taycan\" sizes=\"(max-width: 767px) 100vw, 380px\" srcset=\"https:\/\/carmax.ma\/wp-content\/uploads\/2026\/03\/S8-s0-essai-video-porsche-taycan-zero-emission-100-sensations-634064-146953.jpg 960w, https:\/\/carmax.ma\/wp-content\/uploads\/2026\/03\/S8-s0-essai-video-porsche-taycan-zero-emission-100-sensations-634064-146953-300x200.jpg 300w, https:\/\/carmax.ma\/wp-content\/uploads\/2026\/03\/S8-s0-essai-video-porsche-taycan-zero-emission-100-sensations-634064-146953-18x12.jpg 18w, https:\/\/carmax.ma\/wp-content\/uploads\/2026\/03\/S8-s0-essai-video-porsche-taycan-zero-emission-100-sensations-634064-146953-255x170.jpg 255w, https:\/\/carmax.ma\/wp-content\/uploads\/2026\/03\/S8-s0-essai-video-porsche-taycan-zero-emission-100-sensations-634064-146953-510x340.jpg 510w, https:\/\/carmax.ma\/wp-content\/uploads\/2026\/03\/S8-s0-essai-video-porsche-taycan-zero-emission-100-sensations-634064-146953-280x187.jpg 280w, https:\/\/carmax.ma\/wp-content\/uploads\/2026\/03\/S8-s0-essai-video-porsche-taycan-zero-emission-100-sensations-634064-146953-560x373.jpg 560w, https:\/\/carmax.ma\/wp-content\/uploads\/2026\/03\/S8-s0-essai-video-porsche-taycan-zero-emission-100-sensations-634064-146953-350x233.jpg 350w, https:\/\/carmax.ma\/wp-content\/uploads\/2026\/03\/S8-s0-essai-video-porsche-taycan-zero-emission-100-sensations-634064-146953-700x467.jpg 700w, https:\/\/carmax.ma\/wp-content\/uploads\/2026\/03\/S8-s0-essai-video-porsche-taycan-zero-emission-100-sensations-634064-146953-398x265.jpg 398w, https:\/\/carmax.ma\/wp-content\/uploads\/2026\/03\/S8-s0-essai-video-porsche-taycan-zero-emission-100-sensations-634064-146953-796x531.jpg 796w, https:\/\/carmax.ma\/wp-content\/uploads\/2026\/03\/S8-s0-essai-video-porsche-taycan-zero-emission-100-sensations-634064-146953-275x183.jpg 275w, https:\/\/carmax.ma\/wp-content\/uploads\/2026\/03\/S8-s0-essai-video-porsche-taycan-zero-emission-100-sensations-634064-146953-550x367.jpg 550w, https:\/\/carmax.ma\/wp-content\/uploads\/2026\/03\/S8-s0-essai-video-porsche-taycan-zero-emission-100-sensations-634064-146953-327x218.jpg 327w\" \/>\t\t\t\t\t<\/div>\n\t\t\t\t<\/div>\n\t\t\t\t\t\t\t<div class=\"hoverable-unit\">\n\t\t\t\t\t<div class=\"thumb\">\n\t\t\t\t\t\t\t\t\t\t\t\t<img loading=\"lazy\" decoding=\"async\" width=\"960\" height=\"640\" src=\"https:\/\/carmax.ma\/wp-content\/uploads\/2026\/03\/S8-s0-essai-video-porsche-taycan-zero-emission-100-sensations-634065-146954.jpg\" class=\"img-responsive\" alt=\"PORSCHE Taycan\" sizes=\"(max-width: 767px) 100vw, 380px\" srcset=\"https:\/\/carmax.ma\/wp-content\/uploads\/2026\/03\/S8-s0-essai-video-porsche-taycan-zero-emission-100-sensations-634065-146954.jpg 960w, https:\/\/carmax.ma\/wp-content\/uploads\/2026\/03\/S8-s0-essai-video-porsche-taycan-zero-emission-100-sensations-634065-146954-300x200.jpg 300w, https:\/\/carmax.ma\/wp-content\/uploads\/2026\/03\/S8-s0-essai-video-porsche-taycan-zero-emission-100-sensations-634065-146954-18x12.jpg 18w, https:\/\/carmax.ma\/wp-content\/uploads\/2026\/03\/S8-s0-essai-video-porsche-taycan-zero-emission-100-sensations-634065-146954-255x170.jpg 255w, https:\/\/carmax.ma\/wp-content\/uploads\/2026\/03\/S8-s0-essai-video-porsche-taycan-zero-emission-100-sensations-634065-146954-510x340.jpg 510w, https:\/\/carmax.ma\/wp-content\/uploads\/2026\/03\/S8-s0-essai-video-porsche-taycan-zero-emission-100-sensations-634065-146954-280x187.jpg 280w, https:\/\/carmax.ma\/wp-content\/uploads\/2026\/03\/S8-s0-essai-video-porsche-taycan-zero-emission-100-sensations-634065-146954-560x373.jpg 560w, https:\/\/carmax.ma\/wp-content\/uploads\/2026\/03\/S8-s0-essai-video-porsche-taycan-zero-emission-100-sensations-634065-146954-350x233.jpg 350w, https:\/\/carmax.ma\/wp-content\/uploads\/2026\/03\/S8-s0-essai-video-porsche-taycan-zero-emission-100-sensations-634065-146954-700x467.jpg 700w, https:\/\/carmax.ma\/wp-content\/uploads\/2026\/03\/S8-s0-essai-video-porsche-taycan-zero-emission-100-sensations-634065-146954-398x265.jpg 398w, https:\/\/carmax.ma\/wp-content\/uploads\/2026\/03\/S8-s0-essai-video-porsche-taycan-zero-emission-100-sensations-634065-146954-796x531.jpg 796w, https:\/\/carmax.ma\/wp-content\/uploads\/2026\/03\/S8-s0-essai-video-porsche-taycan-zero-emission-100-sensations-634065-146954-275x183.jpg 275w, https:\/\/carmax.ma\/wp-content\/uploads\/2026\/03\/S8-s0-essai-video-porsche-taycan-zero-emission-100-sensations-634065-146954-550x367.jpg 550w, https:\/\/carmax.ma\/wp-content\/uploads\/2026\/03\/S8-s0-essai-video-porsche-taycan-zero-emission-100-sensations-634065-146954-327x218.jpg 327w\" \/>\t\t\t\t\t<\/div>\n\t\t\t\t<\/div>\n\t\t\t\t\t\t\t<div class=\"hoverable-unit\">\n\t\t\t\t\t<div class=\"thumb\">\n\t\t\t\t\t\t\t\t\t\t\t\t<img loading=\"lazy\" decoding=\"async\" width=\"960\" height=\"640\" src=\"https:\/\/carmax.ma\/wp-content\/uploads\/2026\/03\/S8-s0-essai-video-porsche-taycan-zero-emission-100-sensations-634066-146955.jpg\" class=\"img-responsive\" alt=\"PORSCHE Taycan\" sizes=\"(max-width: 767px) 100vw, 380px\" srcset=\"https:\/\/carmax.ma\/wp-content\/uploads\/2026\/03\/S8-s0-essai-video-porsche-taycan-zero-emission-100-sensations-634066-146955.jpg 960w, https:\/\/carmax.ma\/wp-content\/uploads\/2026\/03\/S8-s0-essai-video-porsche-taycan-zero-emission-100-sensations-634066-146955-300x200.jpg 300w, https:\/\/carmax.ma\/wp-content\/uploads\/2026\/03\/S8-s0-essai-video-porsche-taycan-zero-emission-100-sensations-634066-146955-18x12.jpg 18w, https:\/\/carmax.ma\/wp-content\/uploads\/2026\/03\/S8-s0-essai-video-porsche-taycan-zero-emission-100-sensations-634066-146955-255x170.jpg 255w, https:\/\/carmax.ma\/wp-content\/uploads\/2026\/03\/S8-s0-essai-video-porsche-taycan-zero-emission-100-sensations-634066-146955-510x340.jpg 510w, https:\/\/carmax.ma\/wp-content\/uploads\/2026\/03\/S8-s0-essai-video-porsche-taycan-zero-emission-100-sensations-634066-146955-280x187.jpg 280w, https:\/\/carmax.ma\/wp-content\/uploads\/2026\/03\/S8-s0-essai-video-porsche-taycan-zero-emission-100-sensations-634066-146955-560x373.jpg 560w, https:\/\/carmax.ma\/wp-content\/uploads\/2026\/03\/S8-s0-essai-video-porsche-taycan-zero-emission-100-sensations-634066-146955-350x233.jpg 350w, https:\/\/carmax.ma\/wp-content\/uploads\/2026\/03\/S8-s0-essai-video-porsche-taycan-zero-emission-100-sensations-634066-146955-700x467.jpg 700w, https:\/\/carmax.ma\/wp-content\/uploads\/2026\/03\/S8-s0-essai-video-porsche-taycan-zero-emission-100-sensations-634066-146955-398x265.jpg 398w, https:\/\/carmax.ma\/wp-content\/uploads\/2026\/03\/S8-s0-essai-video-porsche-taycan-zero-emission-100-sensations-634066-146955-796x531.jpg 796w, https:\/\/carmax.ma\/wp-content\/uploads\/2026\/03\/S8-s0-essai-video-porsche-taycan-zero-emission-100-sensations-634066-146955-275x183.jpg 275w, https:\/\/carmax.ma\/wp-content\/uploads\/2026\/03\/S8-s0-essai-video-porsche-taycan-zero-emission-100-sensations-634066-146955-550x367.jpg 550w, https:\/\/carmax.ma\/wp-content\/uploads\/2026\/03\/S8-s0-essai-video-porsche-taycan-zero-emission-100-sensations-634066-146955-327x218.jpg 327w\" \/>\t\t\t\t\t<\/div>\n\t\t\t\t<\/div>\n\t\t\t\t\t\t\t<div class=\"hoverable-unit\">\n\t\t\t\t\t<div class=\"thumb\">\n\t\t\t\t\t\t\t\t\t\t\t\t<img loading=\"lazy\" decoding=\"async\" width=\"960\" height=\"640\" src=\"https:\/\/carmax.ma\/wp-content\/uploads\/2026\/03\/S8-s0-essai-video-porsche-taycan-zero-emission-100-sensations-634067-146956.jpg\" class=\"img-responsive\" alt=\"PORSCHE Taycan\" sizes=\"(max-width: 767px) 100vw, 380px\" srcset=\"https:\/\/carmax.ma\/wp-content\/uploads\/2026\/03\/S8-s0-essai-video-porsche-taycan-zero-emission-100-sensations-634067-146956.jpg 960w, https:\/\/carmax.ma\/wp-content\/uploads\/2026\/03\/S8-s0-essai-video-porsche-taycan-zero-emission-100-sensations-634067-146956-300x200.jpg 300w, https:\/\/carmax.ma\/wp-content\/uploads\/2026\/03\/S8-s0-essai-video-porsche-taycan-zero-emission-100-sensations-634067-146956-18x12.jpg 18w, https:\/\/carmax.ma\/wp-content\/uploads\/2026\/03\/S8-s0-essai-video-porsche-taycan-zero-emission-100-sensations-634067-146956-255x170.jpg 255w, https:\/\/carmax.ma\/wp-content\/uploads\/2026\/03\/S8-s0-essai-video-porsche-taycan-zero-emission-100-sensations-634067-146956-510x340.jpg 510w, https:\/\/carmax.ma\/wp-content\/uploads\/2026\/03\/S8-s0-essai-video-porsche-taycan-zero-emission-100-sensations-634067-146956-280x187.jpg 280w, https:\/\/carmax.ma\/wp-content\/uploads\/2026\/03\/S8-s0-essai-video-porsche-taycan-zero-emission-100-sensations-634067-146956-560x373.jpg 560w, https:\/\/carmax.ma\/wp-content\/uploads\/2026\/03\/S8-s0-essai-video-porsche-taycan-zero-emission-100-sensations-634067-146956-350x233.jpg 350w, https:\/\/carmax.ma\/wp-content\/uploads\/2026\/03\/S8-s0-essai-video-porsche-taycan-zero-emission-100-sensations-634067-146956-700x467.jpg 700w, https:\/\/carmax.ma\/wp-content\/uploads\/2026\/03\/S8-s0-essai-video-porsche-taycan-zero-emission-100-sensations-634067-146956-398x265.jpg 398w, https:\/\/carmax.ma\/wp-content\/uploads\/2026\/03\/S8-s0-essai-video-porsche-taycan-zero-emission-100-sensations-634067-146956-796x531.jpg 796w, https:\/\/carmax.ma\/wp-content\/uploads\/2026\/03\/S8-s0-essai-video-porsche-taycan-zero-emission-100-sensations-634067-146956-275x183.jpg 275w, https:\/\/carmax.ma\/wp-content\/uploads\/2026\/03\/S8-s0-essai-video-porsche-taycan-zero-emission-100-sensations-634067-146956-550x367.jpg 550w, https:\/\/carmax.ma\/wp-content\/uploads\/2026\/03\/S8-s0-essai-video-porsche-taycan-zero-emission-100-sensations-634067-146956-327x218.jpg 327w\" \/>\t\t\t\t\t<\/div>\n\t\t\t\t<\/div>\n\t\t\t\t\t\t\t<div class=\"hoverable-unit\">\n\t\t\t\t\t<div class=\"thumb\">\n\t\t\t\t\t\t\t\t\t\t\t\t\t<div class=\"remaining\">\n\t\t\t\t\t\t\t\t<i class=\"stm-icon-album\"><\/i>\n\t\t\t\t\t\t\t\t<p>\n\t\t\t\t\t\t\t\t\t1 more photo\t\t\t\t\t\t\t\t<\/p>\n\t\t\t\t\t\t\t<\/div>\n\t\t\t\t\t\t\t\t\t\t\t\t<img loading=\"lazy\" decoding=\"async\" width=\"960\" height=\"640\" src=\"https:\/\/carmax.ma\/wp-content\/uploads\/2026\/03\/S8-s0-essai-video-porsche-taycan-zero-emission-100-sensations-634077-146966.jpg\" class=\"img-responsive\" alt=\"PORSCHE Taycan\" sizes=\"(max-width: 767px) 100vw, 380px\" srcset=\"https:\/\/carmax.ma\/wp-content\/uploads\/2026\/03\/S8-s0-essai-video-porsche-taycan-zero-emission-100-sensations-634077-146966.jpg 960w, https:\/\/carmax.ma\/wp-content\/uploads\/2026\/03\/S8-s0-essai-video-porsche-taycan-zero-emission-100-sensations-634077-146966-300x200.jpg 300w, https:\/\/carmax.ma\/wp-content\/uploads\/2026\/03\/S8-s0-essai-video-porsche-taycan-zero-emission-100-sensations-634077-146966-18x12.jpg 18w, https:\/\/carmax.ma\/wp-content\/uploads\/2026\/03\/S8-s0-essai-video-porsche-taycan-zero-emission-100-sensations-634077-146966-255x170.jpg 255w, https:\/\/carmax.ma\/wp-content\/uploads\/2026\/03\/S8-s0-essai-video-porsche-taycan-zero-emission-100-sensations-634077-146966-510x340.jpg 510w, https:\/\/carmax.ma\/wp-content\/uploads\/2026\/03\/S8-s0-essai-video-porsche-taycan-zero-emission-100-sensations-634077-146966-280x187.jpg 280w, https:\/\/carmax.ma\/wp-content\/uploads\/2026\/03\/S8-s0-essai-video-porsche-taycan-zero-emission-100-sensations-634077-146966-560x373.jpg 560w, https:\/\/carmax.ma\/wp-content\/uploads\/2026\/03\/S8-s0-essai-video-porsche-taycan-zero-emission-100-sensations-634077-146966-350x233.jpg 350w, https:\/\/carmax.ma\/wp-content\/uploads\/2026\/03\/S8-s0-essai-video-porsche-taycan-zero-emission-100-sensations-634077-146966-700x467.jpg 700w, https:\/\/carmax.ma\/wp-content\/uploads\/2026\/03\/S8-s0-essai-video-porsche-taycan-zero-emission-100-sensations-634077-146966-398x265.jpg 398w, https:\/\/carmax.ma\/wp-content\/uploads\/2026\/03\/S8-s0-essai-video-porsche-taycan-zero-emission-100-sensations-634077-146966-796x531.jpg 796w, https:\/\/carmax.ma\/wp-content\/uploads\/2026\/03\/S8-s0-essai-video-porsche-taycan-zero-emission-100-sensations-634077-146966-275x183.jpg 275w, https:\/\/carmax.ma\/wp-content\/uploads\/2026\/03\/S8-s0-essai-video-porsche-taycan-zero-emission-100-sensations-634077-146966-550x367.jpg 550w, https:\/\/carmax.ma\/wp-content\/uploads\/2026\/03\/S8-s0-essai-video-porsche-taycan-zero-emission-100-sensations-634077-146966-327x218.jpg 327w\" \/>\t\t\t\t\t<\/div>\n\t\t\t\t<\/div>\n\t\t\t\t\t<\/div>\n\t\t<div class=\"hoverable-indicators\">\n\t\t\t\t\t\t\t<div class=\"indicator active\"><\/div>\n\t\t\t\t\t\t\t<div class=\"indicator\"><\/div>\n\t\t\t\t\t\t\t<div class=\"indicator\"><\/div>\n\t\t\t\t\t\t\t<div class=\"indicator\"><\/div>\n\t\t\t\t\t\t\t<div class=\"indicator\"><\/div>\n\t\t\t\t\t<\/div>\n\t\t<\/div>\n\t\t\n\n\t\t\t\t<div class=\"mvl_compare_unit\">\n\t\t\t\t\t<span\n\t\t\t\thref=\"#\"\n\t\t\t\tclass=\"mvl-skins-add-to-compare\"\n\t\t\t\tdata-view=\"grid\"\n\t\t\t\tdata-post-type=\"listings\"\n\t\t\t\ttitle=\"Comparar\"\n\t\t\t\tdata-id=\"10692\"\n\t\t\t\tdata-title=\"PORSCHE Taycan\"\n\t\t\t\tdata-toggle=\"tooltip\"\n\t\t\t\tdata-placement=\"top\"\n\t\t\t\tdata-original-title=\"\u0421ompare\"\n\t\t\t\tdata-container=\"body\"\n\t\t\t\t>\n\t\t\t\t<i class=\"motors-icons-mvl-compare\"><\/i>\n\t\t\t<\/span>\n\t\t\t<\/div>\n\t\t<\/div>\n\t<\/div>\n<\/a>\n<div class=\"skin_2 mvl_listing_title_wrapper\">\n\t<div class=\"mvl_listing_title_wrapper-inner\">\n\t\t<a href=\"https:\/\/carmax.ma\/pt\/listagens\/porsche-taycan\/\" class=\"mvl_listing_title\">\n\t\t\t<div class=\"mvl_listing_title car-title\" data-max-char=\"44\">\n\t\t\t\tPorsche Taycan\t\t\t<\/div>\n\t\t<\/a>\n\t\t\t<\/div>\n<\/div>\n\n<div class=\"skin_2 mvl-price-grid-card\">\n\t<div class=\"mvl-price-grid-card-inner\">\n\t\t<a href=\"https:\/\/carmax.ma\/pt\/listagens\/porsche-taycan\/\">\n\t\t\t<div class=\"mvl-price-wrapp\">\n\t\t\t\t<div class=\"mvl-price\">\n\t\t\t\t\t<div class=\"normal-price mvl-normal-price\">1 350 000DH<\/div>\n\t\t\t\t\t\t\t\t\t<\/div>\n\t\t\t\t\t\t\t<\/div>\n\t\t<\/a>\n\t<\/div>\n<\/div>\n\t<a href=\"https:\/\/carmax.ma\/pt\/listagens\/porsche-taycan\/\">\n\t\t<div class=\"skin_2 mvl-card-listing-data\">\n\t\t\t<ul class=\"mvl-card-listing-data-inner\">\n\t\t\t\t\t\t\t\t\t\t\t\t\t\t\t\t\t\t\t\t<li>\n\t\t\t\t\t\t\t\t\t\t\t\t\t\t\t<i class=\"stm-service-icon-body_type\"><\/i>\n\t\t\t\t\t\t\t\t\t\t\t\t\t\t\t\t\t\t\t\t\t\t\n\t\t\t\t\t\t\t\t\t\t\t\t\t\t\t\t\t\t\t\t\t\t\t\t\t\t\t<span>Sal\u00e3o<\/span>\n\t\t\t\t\t\t\t\t\t\t\t\t\t\t\t\t\t\t\t\t\t\t\t\t\t\t\t\t\t\t<\/li>\n\t\t\t\t\t\t\t\t\t\t\t\t\t\t\t\t\t\t\t\t\t\t\t\t\t<li>\n\t\t\t\t\t\t\t\t\t\t\t\t\t\t\t<i class=\"stm-icon-fuel\"><\/i>\n\t\t\t\t\t\t\t\t\t\t\t\t\t\t\t\t\t\t\t\t\t\t\n\t\t\t\t\t\t\t\t\t\t\t\t\t\t\t\t\t\t\t\t\t\t\t\t\t\t\t<span>El\u00e9trico<\/span>\n\t\t\t\t\t\t\t\t\t\t\t\t\t\t\t\t\t\t\t\t\t\t\t\t\t\t\t\t\t\t<\/li>\n\t\t\t\t\t\t\t\t\t\t\t\t\t\t\t\t\t\t\t\t\t\t\t\t\t\t\t\t\t\t\t\t\t\t\t\t\t\t\t<li>\n\t\t\t\t\t\t\t\t\t\t\t\t\t\t\t<i class=\"stm-service-icon-car-listing\"><\/i>\n\t\t\t\t\t\t\t\t\t\t\t\t\t\t\t\t\t\t\t\t\t\t\n\t\t\t\t\t\t\t\t\t\t\t\t\t\t\t\t\t\t\t\t\t\t\t\t\t\t\t<span>0 DHs (ve\u00edculo isento)<\/span>\n\t\t\t\t\t\t\t\t\t\t\t\t\t\t\t\t\t\t\t\t\t\t\t\t\t\t\t\t\t\t<\/li>\n\t\t\t\t\t\t\t\t\t\t\t\t\t\t\t\t\t\t\t\t\t\t\t\t\t<li>\n\t\t\t\t\t\t\t\t\t\t\t\t\t\t\t<i class=\"stm-icon-speedometr3\"><\/i>\n\t\t\t\t\t\t\t\t\t\t\t\t\t\t\t\t\t\t\t\t\t\t\n\t\t\t\t\t\t\t\t\t\t\t\t\t\t\t\t\t\t\t\t\t\t\t\t\t\t\t<span>20.0 kWh\/100 km<\/span>\n\t\t\t\t\t\t\t\t\t\t\t\t\t\t\t\t\t\t\t\t\t\t\t\t\t\t\t\t\t\t<\/li>\n\t\t\t\t\t\t\t\t\t\t\t\t<\/ul>\n\t\t<\/div>\n\t<\/a>\n\t<\/div>\n<\/div>\n\t\t\t\t\t\t\t<\/div>\n\t\t\t\t\t\t<\/div>\n\t\t\t\t\t\t\t\t\t\t\t\t<div class=\"dp-in swiper-slide\">\n\t\t\t\t\t\t\t<div class=\"listing-car-item\">\n\t\t\t\t\t\t\t\n<div\n\tclass=\"mvl-card-skins skin_2 col-md-4 col-sm-6 col-xs-12 col-xxs-12 stm-directory-grid-loop stm-isotope-listing-item all 0dhs-443 1800000-1120 2-5-l-100-km-1119 2-9-l-629 berline-de-luxe-386 hybrid-rechargeable-419 panamera-1118 porsche-353 listing_is_active\"\n\tdata-price=\"1800000\"\n\tdata-date=\"202603080540\"\n\tdata-listing-id=\"10682\"\n\tdata-post-type=\"listings\"\n\tdata-puissance=\"\">\n\t<div href=\"https:\/\/carmax.ma\/pt\/listagens\/porsche-panamera\/\" class=\"mvl-card-inner actions_hover\">\n<a href=\"https:\/\/carmax.ma\/pt\/listagens\/porsche-panamera\/\">\n\t<div class=\"skin_2 image\">\n\t\t\t\t<div class=\"mvl-car-medias\">\n\t\t\t\t\t\t\t<div class=\"stm-listing-media-unit stm-car-media-10682\">\n\t\t\t\t\t<span>1\/6<\/span>\n\t\t\t\t\t<i class=\"motors-icons-photoaparat\"><\/i>\n\t\t\t\t<\/div>\n\n\t\t\t\t<script type=\"text\/javascript\">\n\t\t\t\t\tjQuery(document).ready(function(){\n\t\t\t\t\t\tjQuery(\".stm-car-media-10682\").on('click', function(e) {\n\t\t\t\t\t\t\te.preventDefault();\n\t\t\t\t\t\t\tjQuery(this).lightGallery({\n\t\t\t\t\t\t\t\tdynamic: true,\n\t\t\t\t\t\t\t\tdynamicEl: [\n\t\t\t\t\t\t\t\t\t\t\t\t\t\t\t\t\t\t\t\t\t\t\t\t\t\t\t\t\t{\n\t\t\t\t\t\t\t\t\t\t\tsrc  : \"https:\/\/carmax.ma\/wp-content\/uploads\/2026\/03\/S8-s0-211776-820404-163461.jpg\",\n\t\t\t\t\t\t\t\t\t\t\tthumb: \"https:\/\/carmax.ma\/wp-content\/uploads\/2026\/03\/S8-s0-211776-820404-163461.jpg\"\n\t\t\t\t\t\t\t\t\t\t},\n\t\t\t\t\t\t\t\t\t\t\t\t\t\t\t\t\t\t\t\t{\n\t\t\t\t\t\t\t\t\t\t\tsrc  : \"https:\/\/carmax.ma\/wp-content\/uploads\/2026\/03\/S8-s0-211776-820407-163464.jpg\",\n\t\t\t\t\t\t\t\t\t\t\tthumb: \"https:\/\/carmax.ma\/wp-content\/uploads\/2026\/03\/S8-s0-211776-820407-163464.jpg\"\n\t\t\t\t\t\t\t\t\t\t},\n\t\t\t\t\t\t\t\t\t\t\t\t\t\t\t\t\t\t\t\t{\n\t\t\t\t\t\t\t\t\t\t\tsrc  : \"https:\/\/carmax.ma\/wp-content\/uploads\/2026\/03\/S8-s0-211776-820426-163483.jpg\",\n\t\t\t\t\t\t\t\t\t\t\tthumb: \"https:\/\/carmax.ma\/wp-content\/uploads\/2026\/03\/S8-s0-211776-820426-163483.jpg\"\n\t\t\t\t\t\t\t\t\t\t},\n\t\t\t\t\t\t\t\t\t\t\t\t\t\t\t\t\t\t\t\t{\n\t\t\t\t\t\t\t\t\t\t\tsrc  : \"https:\/\/carmax.ma\/wp-content\/uploads\/2026\/03\/S8-s0-211776-820431-163488.jpg\",\n\t\t\t\t\t\t\t\t\t\t\tthumb: \"https:\/\/carmax.ma\/wp-content\/uploads\/2026\/03\/S8-s0-211776-820431-163488.jpg\"\n\t\t\t\t\t\t\t\t\t\t},\n\t\t\t\t\t\t\t\t\t\t\t\t\t\t\t\t\t\t\t\t{\n\t\t\t\t\t\t\t\t\t\t\tsrc  : \"https:\/\/carmax.ma\/wp-content\/uploads\/2026\/03\/S8-s0-211776-820432-163489.jpg\",\n\t\t\t\t\t\t\t\t\t\t\tthumb: \"https:\/\/carmax.ma\/wp-content\/uploads\/2026\/03\/S8-s0-211776-820432-163489.jpg\"\n\t\t\t\t\t\t\t\t\t\t},\n\t\t\t\t\t\t\t\t\t\t\t\t\t\t\t\t\t\t\t\t{\n\t\t\t\t\t\t\t\t\t\t\tsrc  : \"https:\/\/carmax.ma\/wp-content\/uploads\/2026\/03\/S8-s0-la-nouvelle-porsche-panamera-2024-n-innove-qu-en-version-hybride-essai-793493-163527.jpg\",\n\t\t\t\t\t\t\t\t\t\t\tthumb: \"https:\/\/carmax.ma\/wp-content\/uploads\/2026\/03\/S8-s0-la-nouvelle-porsche-panamera-2024-n-innove-qu-en-version-hybride-essai-793493-163527.jpg\"\n\t\t\t\t\t\t\t\t\t\t},\n\t\t\t\t\t\t\t\t\t\t\t\t\t\t\t\t\t\t\t\n\t\t\t\t\t\t\t\t\t\t\t\t\t\t\t\t\t],\n\t\t\t\t\t\t\t\tdownload: false,\n\t\t\t\t\t\t\t\tmode: 'lg-fade',\n\t\t\t\t\t\t\t});\n\t\t\t\t\t\t});\n\t\t\t\t\t});\n\t\t\t\t<\/script>\n\t\t\t\t\t<\/div>\n\t\t<!--Favourite-->\n\t\t\n\t\t<div class=\"image-inner\">\n\n\t\t\t\n\t\t\t<div class=\"interactive-hoverable\">\n\t\t\t<div class=\"hoverable-wrap\">\n\t\t\t\t\t\t\t<div class=\"hoverable-unit active\">\n\t\t\t\t\t<div class=\"thumb\">\n\t\t\t\t\t\t\t\t\t\t\t\t<img loading=\"lazy\" decoding=\"async\" width=\"960\" height=\"720\" src=\"https:\/\/carmax.ma\/wp-content\/uploads\/2026\/03\/S8-s0-211776-820404-163461.jpg\" class=\"img-responsive\" alt=\"PORSCHE Panamera\" sizes=\"(max-width: 767px) 100vw, 380px\" srcset=\"https:\/\/carmax.ma\/wp-content\/uploads\/2026\/03\/S8-s0-211776-820404-163461.jpg 960w, https:\/\/carmax.ma\/wp-content\/uploads\/2026\/03\/S8-s0-211776-820404-163461-300x225.jpg 300w, https:\/\/carmax.ma\/wp-content\/uploads\/2026\/03\/S8-s0-211776-820404-163461-16x12.jpg 16w, https:\/\/carmax.ma\/wp-content\/uploads\/2026\/03\/S8-s0-211776-820404-163461-255x191.jpg 255w, https:\/\/carmax.ma\/wp-content\/uploads\/2026\/03\/S8-s0-211776-820404-163461-510x383.jpg 510w, https:\/\/carmax.ma\/wp-content\/uploads\/2026\/03\/S8-s0-211776-820404-163461-280x210.jpg 280w, https:\/\/carmax.ma\/wp-content\/uploads\/2026\/03\/S8-s0-211776-820404-163461-560x420.jpg 560w, https:\/\/carmax.ma\/wp-content\/uploads\/2026\/03\/S8-s0-211776-820404-163461-350x263.jpg 350w, https:\/\/carmax.ma\/wp-content\/uploads\/2026\/03\/S8-s0-211776-820404-163461-700x525.jpg 700w, https:\/\/carmax.ma\/wp-content\/uploads\/2026\/03\/S8-s0-211776-820404-163461-398x299.jpg 398w, https:\/\/carmax.ma\/wp-content\/uploads\/2026\/03\/S8-s0-211776-820404-163461-796x597.jpg 796w, https:\/\/carmax.ma\/wp-content\/uploads\/2026\/03\/S8-s0-211776-820404-163461-275x206.jpg 275w, https:\/\/carmax.ma\/wp-content\/uploads\/2026\/03\/S8-s0-211776-820404-163461-550x413.jpg 550w, https:\/\/carmax.ma\/wp-content\/uploads\/2026\/03\/S8-s0-211776-820404-163461-327x245.jpg 327w\" \/>\t\t\t\t\t<\/div>\n\t\t\t\t<\/div>\n\t\t\t\t\t\t\t<div class=\"hoverable-unit\">\n\t\t\t\t\t<div class=\"thumb\">\n\t\t\t\t\t\t\t\t\t\t\t\t<img loading=\"lazy\" decoding=\"async\" width=\"960\" height=\"720\" src=\"https:\/\/carmax.ma\/wp-content\/uploads\/2026\/03\/S8-s0-211776-820407-163464.jpg\" class=\"img-responsive\" alt=\"PORSCHE Panamera\" sizes=\"(max-width: 767px) 100vw, 380px\" srcset=\"https:\/\/carmax.ma\/wp-content\/uploads\/2026\/03\/S8-s0-211776-820407-163464.jpg 960w, https:\/\/carmax.ma\/wp-content\/uploads\/2026\/03\/S8-s0-211776-820407-163464-300x225.jpg 300w, https:\/\/carmax.ma\/wp-content\/uploads\/2026\/03\/S8-s0-211776-820407-163464-16x12.jpg 16w, https:\/\/carmax.ma\/wp-content\/uploads\/2026\/03\/S8-s0-211776-820407-163464-255x191.jpg 255w, https:\/\/carmax.ma\/wp-content\/uploads\/2026\/03\/S8-s0-211776-820407-163464-510x383.jpg 510w, https:\/\/carmax.ma\/wp-content\/uploads\/2026\/03\/S8-s0-211776-820407-163464-280x210.jpg 280w, https:\/\/carmax.ma\/wp-content\/uploads\/2026\/03\/S8-s0-211776-820407-163464-560x420.jpg 560w, https:\/\/carmax.ma\/wp-content\/uploads\/2026\/03\/S8-s0-211776-820407-163464-350x263.jpg 350w, https:\/\/carmax.ma\/wp-content\/uploads\/2026\/03\/S8-s0-211776-820407-163464-700x525.jpg 700w, https:\/\/carmax.ma\/wp-content\/uploads\/2026\/03\/S8-s0-211776-820407-163464-398x299.jpg 398w, https:\/\/carmax.ma\/wp-content\/uploads\/2026\/03\/S8-s0-211776-820407-163464-796x597.jpg 796w, https:\/\/carmax.ma\/wp-content\/uploads\/2026\/03\/S8-s0-211776-820407-163464-275x206.jpg 275w, https:\/\/carmax.ma\/wp-content\/uploads\/2026\/03\/S8-s0-211776-820407-163464-550x413.jpg 550w, https:\/\/carmax.ma\/wp-content\/uploads\/2026\/03\/S8-s0-211776-820407-163464-327x245.jpg 327w\" \/>\t\t\t\t\t<\/div>\n\t\t\t\t<\/div>\n\t\t\t\t\t\t\t<div class=\"hoverable-unit\">\n\t\t\t\t\t<div class=\"thumb\">\n\t\t\t\t\t\t\t\t\t\t\t\t<img loading=\"lazy\" decoding=\"async\" width=\"960\" height=\"720\" src=\"https:\/\/carmax.ma\/wp-content\/uploads\/2026\/03\/S8-s0-211776-820426-163483.jpg\" class=\"img-responsive\" alt=\"PORSCHE Panamera\" sizes=\"(max-width: 767px) 100vw, 380px\" srcset=\"https:\/\/carmax.ma\/wp-content\/uploads\/2026\/03\/S8-s0-211776-820426-163483.jpg 960w, https:\/\/carmax.ma\/wp-content\/uploads\/2026\/03\/S8-s0-211776-820426-163483-300x225.jpg 300w, https:\/\/carmax.ma\/wp-content\/uploads\/2026\/03\/S8-s0-211776-820426-163483-16x12.jpg 16w, https:\/\/carmax.ma\/wp-content\/uploads\/2026\/03\/S8-s0-211776-820426-163483-255x191.jpg 255w, https:\/\/carmax.ma\/wp-content\/uploads\/2026\/03\/S8-s0-211776-820426-163483-510x383.jpg 510w, https:\/\/carmax.ma\/wp-content\/uploads\/2026\/03\/S8-s0-211776-820426-163483-280x210.jpg 280w, https:\/\/carmax.ma\/wp-content\/uploads\/2026\/03\/S8-s0-211776-820426-163483-560x420.jpg 560w, https:\/\/carmax.ma\/wp-content\/uploads\/2026\/03\/S8-s0-211776-820426-163483-350x263.jpg 350w, https:\/\/carmax.ma\/wp-content\/uploads\/2026\/03\/S8-s0-211776-820426-163483-700x525.jpg 700w, https:\/\/carmax.ma\/wp-content\/uploads\/2026\/03\/S8-s0-211776-820426-163483-398x299.jpg 398w, https:\/\/carmax.ma\/wp-content\/uploads\/2026\/03\/S8-s0-211776-820426-163483-796x597.jpg 796w, https:\/\/carmax.ma\/wp-content\/uploads\/2026\/03\/S8-s0-211776-820426-163483-275x206.jpg 275w, https:\/\/carmax.ma\/wp-content\/uploads\/2026\/03\/S8-s0-211776-820426-163483-550x413.jpg 550w, https:\/\/carmax.ma\/wp-content\/uploads\/2026\/03\/S8-s0-211776-820426-163483-327x245.jpg 327w\" \/>\t\t\t\t\t<\/div>\n\t\t\t\t<\/div>\n\t\t\t\t\t\t\t<div class=\"hoverable-unit\">\n\t\t\t\t\t<div class=\"thumb\">\n\t\t\t\t\t\t\t\t\t\t\t\t<img loading=\"lazy\" decoding=\"async\" width=\"960\" height=\"720\" src=\"https:\/\/carmax.ma\/wp-content\/uploads\/2026\/03\/S8-s0-211776-820431-163488.jpg\" class=\"img-responsive\" alt=\"PORSCHE Panamera\" sizes=\"(max-width: 767px) 100vw, 380px\" srcset=\"https:\/\/carmax.ma\/wp-content\/uploads\/2026\/03\/S8-s0-211776-820431-163488.jpg 960w, https:\/\/carmax.ma\/wp-content\/uploads\/2026\/03\/S8-s0-211776-820431-163488-300x225.jpg 300w, https:\/\/carmax.ma\/wp-content\/uploads\/2026\/03\/S8-s0-211776-820431-163488-16x12.jpg 16w, https:\/\/carmax.ma\/wp-content\/uploads\/2026\/03\/S8-s0-211776-820431-163488-255x191.jpg 255w, https:\/\/carmax.ma\/wp-content\/uploads\/2026\/03\/S8-s0-211776-820431-163488-510x383.jpg 510w, https:\/\/carmax.ma\/wp-content\/uploads\/2026\/03\/S8-s0-211776-820431-163488-280x210.jpg 280w, https:\/\/carmax.ma\/wp-content\/uploads\/2026\/03\/S8-s0-211776-820431-163488-560x420.jpg 560w, https:\/\/carmax.ma\/wp-content\/uploads\/2026\/03\/S8-s0-211776-820431-163488-350x263.jpg 350w, https:\/\/carmax.ma\/wp-content\/uploads\/2026\/03\/S8-s0-211776-820431-163488-700x525.jpg 700w, https:\/\/carmax.ma\/wp-content\/uploads\/2026\/03\/S8-s0-211776-820431-163488-398x299.jpg 398w, https:\/\/carmax.ma\/wp-content\/uploads\/2026\/03\/S8-s0-211776-820431-163488-796x597.jpg 796w, https:\/\/carmax.ma\/wp-content\/uploads\/2026\/03\/S8-s0-211776-820431-163488-275x206.jpg 275w, https:\/\/carmax.ma\/wp-content\/uploads\/2026\/03\/S8-s0-211776-820431-163488-550x413.jpg 550w, https:\/\/carmax.ma\/wp-content\/uploads\/2026\/03\/S8-s0-211776-820431-163488-327x245.jpg 327w\" \/>\t\t\t\t\t<\/div>\n\t\t\t\t<\/div>\n\t\t\t\t\t\t\t<div class=\"hoverable-unit\">\n\t\t\t\t\t<div class=\"thumb\">\n\t\t\t\t\t\t\t\t\t\t\t\t\t<div class=\"remaining\">\n\t\t\t\t\t\t\t\t<i class=\"stm-icon-album\"><\/i>\n\t\t\t\t\t\t\t\t<p>\n\t\t\t\t\t\t\t\t\t1 more photo\t\t\t\t\t\t\t\t<\/p>\n\t\t\t\t\t\t\t<\/div>\n\t\t\t\t\t\t\t\t\t\t\t\t<img loading=\"lazy\" decoding=\"async\" width=\"960\" height=\"720\" src=\"https:\/\/carmax.ma\/wp-content\/uploads\/2026\/03\/S8-s0-211776-820432-163489.jpg\" class=\"img-responsive\" alt=\"PORSCHE Panamera\" sizes=\"(max-width: 767px) 100vw, 380px\" srcset=\"https:\/\/carmax.ma\/wp-content\/uploads\/2026\/03\/S8-s0-211776-820432-163489.jpg 960w, https:\/\/carmax.ma\/wp-content\/uploads\/2026\/03\/S8-s0-211776-820432-163489-300x225.jpg 300w, https:\/\/carmax.ma\/wp-content\/uploads\/2026\/03\/S8-s0-211776-820432-163489-16x12.jpg 16w, https:\/\/carmax.ma\/wp-content\/uploads\/2026\/03\/S8-s0-211776-820432-163489-255x191.jpg 255w, https:\/\/carmax.ma\/wp-content\/uploads\/2026\/03\/S8-s0-211776-820432-163489-510x383.jpg 510w, https:\/\/carmax.ma\/wp-content\/uploads\/2026\/03\/S8-s0-211776-820432-163489-280x210.jpg 280w, https:\/\/carmax.ma\/wp-content\/uploads\/2026\/03\/S8-s0-211776-820432-163489-560x420.jpg 560w, https:\/\/carmax.ma\/wp-content\/uploads\/2026\/03\/S8-s0-211776-820432-163489-350x263.jpg 350w, https:\/\/carmax.ma\/wp-content\/uploads\/2026\/03\/S8-s0-211776-820432-163489-700x525.jpg 700w, https:\/\/carmax.ma\/wp-content\/uploads\/2026\/03\/S8-s0-211776-820432-163489-398x299.jpg 398w, https:\/\/carmax.ma\/wp-content\/uploads\/2026\/03\/S8-s0-211776-820432-163489-796x597.jpg 796w, https:\/\/carmax.ma\/wp-content\/uploads\/2026\/03\/S8-s0-211776-820432-163489-275x206.jpg 275w, https:\/\/carmax.ma\/wp-content\/uploads\/2026\/03\/S8-s0-211776-820432-163489-550x413.jpg 550w, https:\/\/carmax.ma\/wp-content\/uploads\/2026\/03\/S8-s0-211776-820432-163489-327x245.jpg 327w\" \/>\t\t\t\t\t<\/div>\n\t\t\t\t<\/div>\n\t\t\t\t\t<\/div>\n\t\t<div class=\"hoverable-indicators\">\n\t\t\t\t\t\t\t<div class=\"indicator active\"><\/div>\n\t\t\t\t\t\t\t<div class=\"indicator\"><\/div>\n\t\t\t\t\t\t\t<div class=\"indicator\"><\/div>\n\t\t\t\t\t\t\t<div class=\"indicator\"><\/div>\n\t\t\t\t\t\t\t<div class=\"indicator\"><\/div>\n\t\t\t\t\t<\/div>\n\t\t<\/div>\n\t\t\n\n\t\t\t\t<div class=\"mvl_compare_unit\">\n\t\t\t\t\t<span\n\t\t\t\thref=\"#\"\n\t\t\t\tclass=\"mvl-skins-add-to-compare\"\n\t\t\t\tdata-view=\"grid\"\n\t\t\t\tdata-post-type=\"listings\"\n\t\t\t\ttitle=\"Comparar\"\n\t\t\t\tdata-id=\"10682\"\n\t\t\t\tdata-title=\"PORSCHE Panamera\"\n\t\t\t\tdata-toggle=\"tooltip\"\n\t\t\t\tdata-placement=\"top\"\n\t\t\t\tdata-original-title=\"\u0421ompare\"\n\t\t\t\tdata-container=\"body\"\n\t\t\t\t>\n\t\t\t\t<i class=\"motors-icons-mvl-compare\"><\/i>\n\t\t\t<\/span>\n\t\t\t<\/div>\n\t\t<\/div>\n\t<\/div>\n<\/a>\n<div class=\"skin_2 mvl_listing_title_wrapper\">\n\t<div class=\"mvl_listing_title_wrapper-inner\">\n\t\t<a href=\"https:\/\/carmax.ma\/pt\/listagens\/porsche-panamera\/\" class=\"mvl_listing_title\">\n\t\t\t<div class=\"mvl_listing_title car-title\" data-max-char=\"44\">\n\t\t\t\tPorsche Panamera\t\t\t<\/div>\n\t\t<\/a>\n\t\t\t<\/div>\n<\/div>\n\n<div class=\"skin_2 mvl-price-grid-card\">\n\t<div class=\"mvl-price-grid-card-inner\">\n\t\t<a href=\"https:\/\/carmax.ma\/pt\/listagens\/porsche-panamera\/\">\n\t\t\t<div class=\"mvl-price-wrapp\">\n\t\t\t\t<div class=\"mvl-price\">\n\t\t\t\t\t<div class=\"normal-price mvl-normal-price\">1 800 000DH<\/div>\n\t\t\t\t\t\t\t\t\t<\/div>\n\t\t\t\t\t\t\t<\/div>\n\t\t<\/a>\n\t<\/div>\n<\/div>\n\t<a href=\"https:\/\/carmax.ma\/pt\/listagens\/porsche-panamera\/\">\n\t\t<div class=\"skin_2 mvl-card-listing-data\">\n\t\t\t<ul class=\"mvl-card-listing-data-inner\">\n\t\t\t\t\t\t\t\t\t\t\t\t\t\t\t\t\t\t\t\t<li>\n\t\t\t\t\t\t\t\t\t\t\t\t\t\t\t<i class=\"stm-service-icon-body_type\"><\/i>\n\t\t\t\t\t\t\t\t\t\t\t\t\t\t\t\t\t\t\t\t\t\t\n\t\t\t\t\t\t\t\t\t\t\t\t\t\t\t\t\t\t\t\t\t\t\t\t\t\t\t<span>Sal\u00e3o de luxo<\/span>\n\t\t\t\t\t\t\t\t\t\t\t\t\t\t\t\t\t\t\t\t\t\t\t\t\t\t\t\t\t\t<\/li>\n\t\t\t\t\t\t\t\t\t\t\t\t\t\t\t\t\t\t\t\t\t\t\t\t\t<li>\n\t\t\t\t\t\t\t\t\t\t\t\t\t\t\t<i class=\"stm-icon-fuel\"><\/i>\n\t\t\t\t\t\t\t\t\t\t\t\t\t\t\t\t\t\t\t\t\t\t\n\t\t\t\t\t\t\t\t\t\t\t\t\t\t\t\t\t\t\t\t\t\t\t\t\t\t\t<span>H\u00edbrido recarreg\u00e1vel<\/span>\n\t\t\t\t\t\t\t\t\t\t\t\t\t\t\t\t\t\t\t\t\t\t\t\t\t\t\t\t\t\t<\/li>\n\t\t\t\t\t\t\t\t\t\t\t\t\t\t\t\t\t\t\t\t\t\t\t\t\t<li>\n\t\t\t\t\t\t\t\t\t\t\t\t\t\t\t<i class=\"stm-icon-engine_fill\"><\/i>\n\t\t\t\t\t\t\t\t\t\t\t\t\t\t\t\t\t\t\t\t\t\t\n\t\t\t\t\t\t\t\t\t\t\t\t\t\t\t\t\t\t\t\t\t\t\t\t\t\t\t<span>2.9 L<\/span>\n\t\t\t\t\t\t\t\t\t\t\t\t\t\t\t\t\t\t\t\t\t\t\t\t\t\t\t\t\t\t<\/li>\n\t\t\t\t\t\t\t\t\t\t\t\t\t\t\t\t\t\t\t\t\t\t\t\t\t<li>\n\t\t\t\t\t\t\t\t\t\t\t\t\t\t\t<i class=\"stm-service-icon-car-listing\"><\/i>\n\t\t\t\t\t\t\t\t\t\t\t\t\t\t\t\t\t\t\t\t\t\t\n\t\t\t\t\t\t\t\t\t\t\t\t\t\t\t\t\t\t\t\t\t\t\t\t\t\t\t<span>0 DHs (ve\u00edculo isento)<\/span>\n\t\t\t\t\t\t\t\t\t\t\t\t\t\t\t\t\t\t\t\t\t\t\t\t\t\t\t\t\t\t<\/li>\n\t\t\t\t\t\t\t\t\t\t\t\t\t\t\t\t\t\t\t\t\t\t\t\t\t<li>\n\t\t\t\t\t\t\t\t\t\t\t\t\t\t\t<i class=\"stm-icon-speedometr3\"><\/i>\n\t\t\t\t\t\t\t\t\t\t\t\t\t\t\t\t\t\t\t\t\t\t\n\t\t\t\t\t\t\t\t\t\t\t\t\t\t\t\t\t\t\t\t\t\t\t\t\t\t\t<span>2.5 L\/100 km<\/span>\n\t\t\t\t\t\t\t\t\t\t\t\t\t\t\t\t\t\t\t\t\t\t\t\t\t\t\t\t\t\t<\/li>\n\t\t\t\t\t\t\t\t\t\t\t\t<\/ul>\n\t\t<\/div>\n\t<\/a>\n\t<\/div>\n<\/div>\n\t\t\t\t\t\t\t<\/div>\n\t\t\t\t\t\t<\/div>\n\t\t\t\t\t\t\t\t\t\t\t\t<div class=\"dp-in swiper-slide\">\n\t\t\t\t\t\t\t<div class=\"listing-car-item\">\n\t\t\t\t\t\t\t\n<div\n\tclass=\"mvl-card-skins skin_2 col-md-4 col-sm-6 col-xs-12 col-xxs-12 stm-directory-grid-loop stm-isotope-listing-item all 0dhs-443 1090000-1117 18-9-kwh-100-km-1116 electrique-417 macan-1115 porsche-353 suv-539 listing_is_active\"\n\tdata-price=\"1090000\"\n\tdata-date=\"202603080531\"\n\tdata-listing-id=\"10675\"\n\tdata-post-type=\"listings\"\n\tdata-puissance=\"\">\n\t<div href=\"https:\/\/carmax.ma\/pt\/listagens\/porsche-macan\/\" class=\"mvl-card-inner actions_hover\">\n<a href=\"https:\/\/carmax.ma\/pt\/listagens\/porsche-macan\/\">\n\t<div class=\"skin_2 image\">\n\t\t\t\t<div class=\"mvl-car-medias\">\n\t\t\t\t\t\t\t<div class=\"stm-listing-media-unit stm-car-media-10675\">\n\t\t\t\t\t<span>1\/5<\/span>\n\t\t\t\t\t<i class=\"motors-icons-photoaparat\"><\/i>\n\t\t\t\t<\/div>\n\n\t\t\t\t<script type=\"text\/javascript\">\n\t\t\t\t\tjQuery(document).ready(function(){\n\t\t\t\t\t\tjQuery(\".stm-car-media-10675\").on('click', function(e) {\n\t\t\t\t\t\t\te.preventDefault();\n\t\t\t\t\t\t\tjQuery(this).lightGallery({\n\t\t\t\t\t\t\t\tdynamic: true,\n\t\t\t\t\t\t\t\tdynamicEl: [\n\t\t\t\t\t\t\t\t\t\t\t\t\t\t\t\t\t\t\t\t\t\t\t\t\t\t\t\t\t{\n\t\t\t\t\t\t\t\t\t\t\tsrc  : \"https:\/\/carmax.ma\/wp-content\/uploads\/2026\/03\/P21_0369_v02_nr.jpeg\",\n\t\t\t\t\t\t\t\t\t\t\tthumb: \"https:\/\/carmax.ma\/wp-content\/uploads\/2026\/03\/P21_0369_v02_nr.jpeg\"\n\t\t\t\t\t\t\t\t\t\t},\n\t\t\t\t\t\t\t\t\t\t\t\t\t\t\t\t\t\t\t\t{\n\t\t\t\t\t\t\t\t\t\t\tsrc  : \"https:\/\/carmax.ma\/wp-content\/uploads\/2026\/03\/P21_0356_v02_nr.jpeg\",\n\t\t\t\t\t\t\t\t\t\t\tthumb: \"https:\/\/carmax.ma\/wp-content\/uploads\/2026\/03\/P21_0356_v02_nr.jpeg\"\n\t\t\t\t\t\t\t\t\t\t},\n\t\t\t\t\t\t\t\t\t\t\t\t\t\t\t\t\t\t\t\t{\n\t\t\t\t\t\t\t\t\t\t\tsrc  : \"https:\/\/carmax.ma\/wp-content\/uploads\/2026\/03\/P21_0359_v02_nr.jpeg\",\n\t\t\t\t\t\t\t\t\t\t\tthumb: \"https:\/\/carmax.ma\/wp-content\/uploads\/2026\/03\/P21_0359_v02_nr.jpeg\"\n\t\t\t\t\t\t\t\t\t\t},\n\t\t\t\t\t\t\t\t\t\t\t\t\t\t\t\t\t\t\t\t{\n\t\t\t\t\t\t\t\t\t\t\tsrc  : \"https:\/\/carmax.ma\/wp-content\/uploads\/2026\/03\/P21_0358_v01_nr.jpeg\",\n\t\t\t\t\t\t\t\t\t\t\tthumb: \"https:\/\/carmax.ma\/wp-content\/uploads\/2026\/03\/P21_0358_v01_nr.jpeg\"\n\t\t\t\t\t\t\t\t\t\t},\n\t\t\t\t\t\t\t\t\t\t\t\t\t\t\t\t\t\t\t\t{\n\t\t\t\t\t\t\t\t\t\t\tsrc  : \"https:\/\/carmax.ma\/wp-content\/uploads\/2026\/03\/P21_0363_v02_nr.jpeg\",\n\t\t\t\t\t\t\t\t\t\t\tthumb: \"https:\/\/carmax.ma\/wp-content\/uploads\/2026\/03\/P21_0363_v02_nr.jpeg\"\n\t\t\t\t\t\t\t\t\t\t},\n\t\t\t\t\t\t\t\t\t\t\t\t\t\t\t\t\t\t\t\n\t\t\t\t\t\t\t\t\t\t\t\t\t\t\t\t\t],\n\t\t\t\t\t\t\t\tdownload: false,\n\t\t\t\t\t\t\t\tmode: 'lg-fade',\n\t\t\t\t\t\t\t});\n\t\t\t\t\t\t});\n\t\t\t\t\t});\n\t\t\t\t<\/script>\n\t\t\t\t\t<\/div>\n\t\t<!--Favourite-->\n\t\t\n\t\t<div class=\"image-inner\">\n\n\t\t\t\n\t\t\t<div class=\"interactive-hoverable\">\n\t\t\t<div class=\"hoverable-wrap\">\n\t\t\t\t\t\t\t<div class=\"hoverable-unit active\">\n\t\t\t\t\t<div class=\"thumb\">\n\t\t\t\t\t\t\t\t\t\t\t\t<img loading=\"lazy\" decoding=\"async\" width=\"1440\" height=\"812\" src=\"https:\/\/carmax.ma\/wp-content\/uploads\/2026\/03\/P21_0369_v02_nr.jpeg\" class=\"img-responsive\" alt=\"PORSCHE Macan\" sizes=\"(max-width: 767px) 100vw, 380px\" srcset=\"https:\/\/carmax.ma\/wp-content\/uploads\/2026\/03\/P21_0369_v02_nr.jpeg 1440w, https:\/\/carmax.ma\/wp-content\/uploads\/2026\/03\/P21_0369_v02_nr-300x169.jpeg 300w, https:\/\/carmax.ma\/wp-content\/uploads\/2026\/03\/P21_0369_v02_nr-1024x577.jpeg 1024w, https:\/\/carmax.ma\/wp-content\/uploads\/2026\/03\/P21_0369_v02_nr-18x10.jpeg 18w, https:\/\/carmax.ma\/wp-content\/uploads\/2026\/03\/P21_0369_v02_nr-255x144.jpeg 255w, https:\/\/carmax.ma\/wp-content\/uploads\/2026\/03\/P21_0369_v02_nr-510x288.jpeg 510w, https:\/\/carmax.ma\/wp-content\/uploads\/2026\/03\/P21_0369_v02_nr-280x158.jpeg 280w, https:\/\/carmax.ma\/wp-content\/uploads\/2026\/03\/P21_0369_v02_nr-560x316.jpeg 560w, https:\/\/carmax.ma\/wp-content\/uploads\/2026\/03\/P21_0369_v02_nr-350x197.jpeg 350w, https:\/\/carmax.ma\/wp-content\/uploads\/2026\/03\/P21_0369_v02_nr-700x395.jpeg 700w, https:\/\/carmax.ma\/wp-content\/uploads\/2026\/03\/P21_0369_v02_nr-398x224.jpeg 398w, https:\/\/carmax.ma\/wp-content\/uploads\/2026\/03\/P21_0369_v02_nr-796x449.jpeg 796w, https:\/\/carmax.ma\/wp-content\/uploads\/2026\/03\/P21_0369_v02_nr-275x155.jpeg 275w, https:\/\/carmax.ma\/wp-content\/uploads\/2026\/03\/P21_0369_v02_nr-550x310.jpeg 550w, https:\/\/carmax.ma\/wp-content\/uploads\/2026\/03\/P21_0369_v02_nr-1320x744.jpeg 1320w, https:\/\/carmax.ma\/wp-content\/uploads\/2026\/03\/P21_0369_v02_nr-327x184.jpeg 327w\" \/>\t\t\t\t\t<\/div>\n\t\t\t\t<\/div>\n\t\t\t\t\t\t\t<div class=\"hoverable-unit\">\n\t\t\t\t\t<div class=\"thumb\">\n\t\t\t\t\t\t\t\t\t\t\t\t<img loading=\"lazy\" decoding=\"async\" width=\"1440\" height=\"812\" src=\"https:\/\/carmax.ma\/wp-content\/uploads\/2026\/03\/P21_0356_v02_nr.jpeg\" class=\"img-responsive\" alt=\"PORSCHE Macan\" sizes=\"(max-width: 767px) 100vw, 380px\" srcset=\"https:\/\/carmax.ma\/wp-content\/uploads\/2026\/03\/P21_0356_v02_nr.jpeg 1440w, https:\/\/carmax.ma\/wp-content\/uploads\/2026\/03\/P21_0356_v02_nr-300x169.jpeg 300w, https:\/\/carmax.ma\/wp-content\/uploads\/2026\/03\/P21_0356_v02_nr-1024x577.jpeg 1024w, https:\/\/carmax.ma\/wp-content\/uploads\/2026\/03\/P21_0356_v02_nr-18x10.jpeg 18w, https:\/\/carmax.ma\/wp-content\/uploads\/2026\/03\/P21_0356_v02_nr-255x144.jpeg 255w, https:\/\/carmax.ma\/wp-content\/uploads\/2026\/03\/P21_0356_v02_nr-510x288.jpeg 510w, https:\/\/carmax.ma\/wp-content\/uploads\/2026\/03\/P21_0356_v02_nr-280x158.jpeg 280w, https:\/\/carmax.ma\/wp-content\/uploads\/2026\/03\/P21_0356_v02_nr-560x316.jpeg 560w, https:\/\/carmax.ma\/wp-content\/uploads\/2026\/03\/P21_0356_v02_nr-350x197.jpeg 350w, https:\/\/carmax.ma\/wp-content\/uploads\/2026\/03\/P21_0356_v02_nr-700x395.jpeg 700w, https:\/\/carmax.ma\/wp-content\/uploads\/2026\/03\/P21_0356_v02_nr-398x224.jpeg 398w, https:\/\/carmax.ma\/wp-content\/uploads\/2026\/03\/P21_0356_v02_nr-796x449.jpeg 796w, https:\/\/carmax.ma\/wp-content\/uploads\/2026\/03\/P21_0356_v02_nr-275x155.jpeg 275w, https:\/\/carmax.ma\/wp-content\/uploads\/2026\/03\/P21_0356_v02_nr-550x310.jpeg 550w, https:\/\/carmax.ma\/wp-content\/uploads\/2026\/03\/P21_0356_v02_nr-1320x744.jpeg 1320w, https:\/\/carmax.ma\/wp-content\/uploads\/2026\/03\/P21_0356_v02_nr-327x184.jpeg 327w\" \/>\t\t\t\t\t<\/div>\n\t\t\t\t<\/div>\n\t\t\t\t\t\t\t<div class=\"hoverable-unit\">\n\t\t\t\t\t<div class=\"thumb\">\n\t\t\t\t\t\t\t\t\t\t\t\t<img loading=\"lazy\" decoding=\"async\" width=\"1440\" height=\"812\" src=\"https:\/\/carmax.ma\/wp-content\/uploads\/2026\/03\/P21_0359_v02_nr.jpeg\" class=\"img-responsive\" alt=\"PORSCHE Macan\" sizes=\"(max-width: 767px) 100vw, 380px\" srcset=\"https:\/\/carmax.ma\/wp-content\/uploads\/2026\/03\/P21_0359_v02_nr.jpeg 1440w, https:\/\/carmax.ma\/wp-content\/uploads\/2026\/03\/P21_0359_v02_nr-300x169.jpeg 300w, https:\/\/carmax.ma\/wp-content\/uploads\/2026\/03\/P21_0359_v02_nr-1024x577.jpeg 1024w, https:\/\/carmax.ma\/wp-content\/uploads\/2026\/03\/P21_0359_v02_nr-18x10.jpeg 18w, https:\/\/carmax.ma\/wp-content\/uploads\/2026\/03\/P21_0359_v02_nr-255x144.jpeg 255w, https:\/\/carmax.ma\/wp-content\/uploads\/2026\/03\/P21_0359_v02_nr-510x288.jpeg 510w, https:\/\/carmax.ma\/wp-content\/uploads\/2026\/03\/P21_0359_v02_nr-280x158.jpeg 280w, https:\/\/carmax.ma\/wp-content\/uploads\/2026\/03\/P21_0359_v02_nr-560x316.jpeg 560w, https:\/\/carmax.ma\/wp-content\/uploads\/2026\/03\/P21_0359_v02_nr-350x197.jpeg 350w, https:\/\/carmax.ma\/wp-content\/uploads\/2026\/03\/P21_0359_v02_nr-700x395.jpeg 700w, https:\/\/carmax.ma\/wp-content\/uploads\/2026\/03\/P21_0359_v02_nr-398x224.jpeg 398w, https:\/\/carmax.ma\/wp-content\/uploads\/2026\/03\/P21_0359_v02_nr-796x449.jpeg 796w, https:\/\/carmax.ma\/wp-content\/uploads\/2026\/03\/P21_0359_v02_nr-275x155.jpeg 275w, https:\/\/carmax.ma\/wp-content\/uploads\/2026\/03\/P21_0359_v02_nr-550x310.jpeg 550w, https:\/\/carmax.ma\/wp-content\/uploads\/2026\/03\/P21_0359_v02_nr-1320x744.jpeg 1320w, https:\/\/carmax.ma\/wp-content\/uploads\/2026\/03\/P21_0359_v02_nr-327x184.jpeg 327w\" \/>\t\t\t\t\t<\/div>\n\t\t\t\t<\/div>\n\t\t\t\t\t\t\t<div class=\"hoverable-unit\">\n\t\t\t\t\t<div class=\"thumb\">\n\t\t\t\t\t\t\t\t\t\t\t\t<img loading=\"lazy\" decoding=\"async\" width=\"1440\" height=\"812\" src=\"https:\/\/carmax.ma\/wp-content\/uploads\/2026\/03\/P21_0358_v01_nr.jpeg\" class=\"img-responsive\" alt=\"PORSCHE Macan\" sizes=\"(max-width: 767px) 100vw, 380px\" srcset=\"https:\/\/carmax.ma\/wp-content\/uploads\/2026\/03\/P21_0358_v01_nr.jpeg 1440w, https:\/\/carmax.ma\/wp-content\/uploads\/2026\/03\/P21_0358_v01_nr-300x169.jpeg 300w, https:\/\/carmax.ma\/wp-content\/uploads\/2026\/03\/P21_0358_v01_nr-1024x577.jpeg 1024w, https:\/\/carmax.ma\/wp-content\/uploads\/2026\/03\/P21_0358_v01_nr-18x10.jpeg 18w, https:\/\/carmax.ma\/wp-content\/uploads\/2026\/03\/P21_0358_v01_nr-255x144.jpeg 255w, https:\/\/carmax.ma\/wp-content\/uploads\/2026\/03\/P21_0358_v01_nr-510x288.jpeg 510w, https:\/\/carmax.ma\/wp-content\/uploads\/2026\/03\/P21_0358_v01_nr-280x158.jpeg 280w, https:\/\/carmax.ma\/wp-content\/uploads\/2026\/03\/P21_0358_v01_nr-560x316.jpeg 560w, https:\/\/carmax.ma\/wp-content\/uploads\/2026\/03\/P21_0358_v01_nr-350x197.jpeg 350w, https:\/\/carmax.ma\/wp-content\/uploads\/2026\/03\/P21_0358_v01_nr-700x395.jpeg 700w, https:\/\/carmax.ma\/wp-content\/uploads\/2026\/03\/P21_0358_v01_nr-398x224.jpeg 398w, https:\/\/carmax.ma\/wp-content\/uploads\/2026\/03\/P21_0358_v01_nr-796x449.jpeg 796w, https:\/\/carmax.ma\/wp-content\/uploads\/2026\/03\/P21_0358_v01_nr-275x155.jpeg 275w, https:\/\/carmax.ma\/wp-content\/uploads\/2026\/03\/P21_0358_v01_nr-550x310.jpeg 550w, https:\/\/carmax.ma\/wp-content\/uploads\/2026\/03\/P21_0358_v01_nr-1320x744.jpeg 1320w, https:\/\/carmax.ma\/wp-content\/uploads\/2026\/03\/P21_0358_v01_nr-327x184.jpeg 327w\" \/>\t\t\t\t\t<\/div>\n\t\t\t\t<\/div>\n\t\t\t\t\t\t\t<div class=\"hoverable-unit\">\n\t\t\t\t\t<div class=\"thumb\">\n\t\t\t\t\t\t\t\t\t\t\t\t<img loading=\"lazy\" decoding=\"async\" width=\"1440\" height=\"812\" src=\"https:\/\/carmax.ma\/wp-content\/uploads\/2026\/03\/P21_0363_v02_nr.jpeg\" class=\"img-responsive\" alt=\"PORSCHE Macan\" sizes=\"(max-width: 767px) 100vw, 380px\" srcset=\"https:\/\/carmax.ma\/wp-content\/uploads\/2026\/03\/P21_0363_v02_nr.jpeg 1440w, https:\/\/carmax.ma\/wp-content\/uploads\/2026\/03\/P21_0363_v02_nr-300x169.jpeg 300w, https:\/\/carmax.ma\/wp-content\/uploads\/2026\/03\/P21_0363_v02_nr-1024x577.jpeg 1024w, https:\/\/carmax.ma\/wp-content\/uploads\/2026\/03\/P21_0363_v02_nr-18x10.jpeg 18w, https:\/\/carmax.ma\/wp-content\/uploads\/2026\/03\/P21_0363_v02_nr-255x144.jpeg 255w, https:\/\/carmax.ma\/wp-content\/uploads\/2026\/03\/P21_0363_v02_nr-510x288.jpeg 510w, https:\/\/carmax.ma\/wp-content\/uploads\/2026\/03\/P21_0363_v02_nr-280x158.jpeg 280w, https:\/\/carmax.ma\/wp-content\/uploads\/2026\/03\/P21_0363_v02_nr-560x316.jpeg 560w, https:\/\/carmax.ma\/wp-content\/uploads\/2026\/03\/P21_0363_v02_nr-350x197.jpeg 350w, https:\/\/carmax.ma\/wp-content\/uploads\/2026\/03\/P21_0363_v02_nr-700x395.jpeg 700w, https:\/\/carmax.ma\/wp-content\/uploads\/2026\/03\/P21_0363_v02_nr-398x224.jpeg 398w, https:\/\/carmax.ma\/wp-content\/uploads\/2026\/03\/P21_0363_v02_nr-796x449.jpeg 796w, https:\/\/carmax.ma\/wp-content\/uploads\/2026\/03\/P21_0363_v02_nr-275x155.jpeg 275w, https:\/\/carmax.ma\/wp-content\/uploads\/2026\/03\/P21_0363_v02_nr-550x310.jpeg 550w, https:\/\/carmax.ma\/wp-content\/uploads\/2026\/03\/P21_0363_v02_nr-1320x744.jpeg 1320w, https:\/\/carmax.ma\/wp-content\/uploads\/2026\/03\/P21_0363_v02_nr-327x184.jpeg 327w\" \/>\t\t\t\t\t<\/div>\n\t\t\t\t<\/div>\n\t\t\t\t\t<\/div>\n\t\t<div class=\"hoverable-indicators\">\n\t\t\t\t\t\t\t<div class=\"indicator active\"><\/div>\n\t\t\t\t\t\t\t<div class=\"indicator\"><\/div>\n\t\t\t\t\t\t\t<div class=\"indicator\"><\/div>\n\t\t\t\t\t\t\t<div class=\"indicator\"><\/div>\n\t\t\t\t\t\t\t<div class=\"indicator\"><\/div>\n\t\t\t\t\t<\/div>\n\t\t<\/div>\n\t\t\n\n\t\t\t\t<div class=\"mvl_compare_unit\">\n\t\t\t\t\t<span\n\t\t\t\thref=\"#\"\n\t\t\t\tclass=\"mvl-skins-add-to-compare\"\n\t\t\t\tdata-view=\"grid\"\n\t\t\t\tdata-post-type=\"listings\"\n\t\t\t\ttitle=\"Comparar\"\n\t\t\t\tdata-id=\"10675\"\n\t\t\t\tdata-title=\"PORSCHE Macan\"\n\t\t\t\tdata-toggle=\"tooltip\"\n\t\t\t\tdata-placement=\"top\"\n\t\t\t\tdata-original-title=\"\u0421ompare\"\n\t\t\t\tdata-container=\"body\"\n\t\t\t\t>\n\t\t\t\t<i class=\"motors-icons-mvl-compare\"><\/i>\n\t\t\t<\/span>\n\t\t\t<\/div>\n\t\t<\/div>\n\t<\/div>\n<\/a>\n<div class=\"skin_2 mvl_listing_title_wrapper\">\n\t<div class=\"mvl_listing_title_wrapper-inner\">\n\t\t<a href=\"https:\/\/carmax.ma\/pt\/listagens\/porsche-macan\/\" class=\"mvl_listing_title\">\n\t\t\t<div class=\"mvl_listing_title car-title\" data-max-char=\"44\">\n\t\t\t\tPorsche Macan\t\t\t<\/div>\n\t\t<\/a>\n\t\t\t<\/div>\n<\/div>\n\n<div class=\"skin_2 mvl-price-grid-card\">\n\t<div class=\"mvl-price-grid-card-inner\">\n\t\t<a href=\"https:\/\/carmax.ma\/pt\/listagens\/porsche-macan\/\">\n\t\t\t<div class=\"mvl-price-wrapp\">\n\t\t\t\t<div class=\"mvl-price\">\n\t\t\t\t\t<div class=\"normal-price mvl-normal-price\">1 090 000DH<\/div>\n\t\t\t\t\t\t\t\t\t<\/div>\n\t\t\t\t\t\t\t<\/div>\n\t\t<\/a>\n\t<\/div>\n<\/div>\n\t<a href=\"https:\/\/carmax.ma\/pt\/listagens\/porsche-macan\/\">\n\t\t<div class=\"skin_2 mvl-card-listing-data\">\n\t\t\t<ul class=\"mvl-card-listing-data-inner\">\n\t\t\t\t\t\t\t\t\t\t\t\t\t\t\t\t\t\t\t\t<li>\n\t\t\t\t\t\t\t\t\t\t\t\t\t\t\t<i class=\"stm-service-icon-body_type\"><\/i>\n\t\t\t\t\t\t\t\t\t\t\t\t\t\t\t\t\t\t\t\t\t\t\n\t\t\t\t\t\t\t\t\t\t\t\t\t\t\t\t\t\t\t\t\t\t\t\t\t\t\t<span>SUV<\/span>\n\t\t\t\t\t\t\t\t\t\t\t\t\t\t\t\t\t\t\t\t\t\t\t\t\t\t\t\t\t\t<\/li>\n\t\t\t\t\t\t\t\t\t\t\t\t\t\t\t\t\t\t\t\t\t\t\t\t\t<li>\n\t\t\t\t\t\t\t\t\t\t\t\t\t\t\t<i class=\"stm-icon-fuel\"><\/i>\n\t\t\t\t\t\t\t\t\t\t\t\t\t\t\t\t\t\t\t\t\t\t\n\t\t\t\t\t\t\t\t\t\t\t\t\t\t\t\t\t\t\t\t\t\t\t\t\t\t\t<span>El\u00e9trico<\/span>\n\t\t\t\t\t\t\t\t\t\t\t\t\t\t\t\t\t\t\t\t\t\t\t\t\t\t\t\t\t\t<\/li>\n\t\t\t\t\t\t\t\t\t\t\t\t\t\t\t\t\t\t\t\t\t\t\t\t\t\t\t\t\t\t\t\t\t\t\t\t\t\t\t<li>\n\t\t\t\t\t\t\t\t\t\t\t\t\t\t\t<i class=\"stm-service-icon-car-listing\"><\/i>\n\t\t\t\t\t\t\t\t\t\t\t\t\t\t\t\t\t\t\t\t\t\t\n\t\t\t\t\t\t\t\t\t\t\t\t\t\t\t\t\t\t\t\t\t\t\t\t\t\t\t<span>0 DHs (ve\u00edculo isento)<\/span>\n\t\t\t\t\t\t\t\t\t\t\t\t\t\t\t\t\t\t\t\t\t\t\t\t\t\t\t\t\t\t<\/li>\n\t\t\t\t\t\t\t\t\t\t\t\t\t\t\t\t\t\t\t\t\t\t\t\t\t<li>\n\t\t\t\t\t\t\t\t\t\t\t\t\t\t\t<i class=\"stm-icon-speedometr3\"><\/i>\n\t\t\t\t\t\t\t\t\t\t\t\t\t\t\t\t\t\t\t\t\t\t\n\t\t\t\t\t\t\t\t\t\t\t\t\t\t\t\t\t\t\t\t\t\t\t\t\t\t\t<span>18.9 kWh\/100 km<\/span>\n\t\t\t\t\t\t\t\t\t\t\t\t\t\t\t\t\t\t\t\t\t\t\t\t\t\t\t\t\t\t<\/li>\n\t\t\t\t\t\t\t\t\t\t\t\t<\/ul>\n\t\t<\/div>\n\t<\/a>\n\t<\/div>\n<\/div>\n\t\t\t\t\t\t\t<\/div>\n\t\t\t\t\t\t<\/div>\n\t\t\t\t\t\t\t\t\t\t\t\t<div class=\"dp-in swiper-slide\">\n\t\t\t\t\t\t\t<div class=\"listing-car-item\">\n\t\t\t\t\t\t\t\n<div\n\tclass=\"mvl-card-skins skin_2 col-md-4 col-sm-6 col-xs-12 col-xxs-12 stm-directory-grid-loop stm-isotope-listing-item all 0dhs-443 1400000-1114 3-0-l-434 3-3-l-100-km-1113 cayenne-coupe-1112 hybrid-rechargeable-419 porsche-353 suv-coupe-659 listing_is_active\"\n\tdata-price=\"1400000\"\n\tdata-date=\"202603080523\"\n\tdata-listing-id=\"10668\"\n\tdata-post-type=\"listings\"\n\tdata-puissance=\"\">\n\t<div href=\"https:\/\/carmax.ma\/pt\/listagens\/porsche-cayenne-coupe\/\" class=\"mvl-card-inner actions_hover\">\n<a href=\"https:\/\/carmax.ma\/pt\/listagens\/porsche-cayenne-coupe\/\">\n\t<div class=\"skin_2 image\">\n\t\t\t\t<div class=\"mvl-car-medias\">\n\t\t\t\t\t\t\t<div class=\"stm-listing-media-unit stm-car-media-10668\">\n\t\t\t\t\t<span>1\/4<\/span>\n\t\t\t\t\t<i class=\"motors-icons-photoaparat\"><\/i>\n\t\t\t\t<\/div>\n\n\t\t\t\t<script type=\"text\/javascript\">\n\t\t\t\t\tjQuery(document).ready(function(){\n\t\t\t\t\t\tjQuery(\".stm-car-media-10668\").on('click', function(e) {\n\t\t\t\t\t\t\te.preventDefault();\n\t\t\t\t\t\t\tjQuery(this).lightGallery({\n\t\t\t\t\t\t\t\tdynamic: true,\n\t\t\t\t\t\t\t\tdynamicEl: [\n\t\t\t\t\t\t\t\t\t\t\t\t\t\t\t\t\t\t\t\t\t\t\t\t\t\t\t\t\t{\n\t\t\t\t\t\t\t\t\t\t\tsrc  : \"https:\/\/carmax.ma\/wp-content\/uploads\/2026\/03\/1616648499.webp\",\n\t\t\t\t\t\t\t\t\t\t\tthumb: \"https:\/\/carmax.ma\/wp-content\/uploads\/2026\/03\/1616648499.webp\"\n\t\t\t\t\t\t\t\t\t\t},\n\t\t\t\t\t\t\t\t\t\t\t\t\t\t\t\t\t\t\t\t{\n\t\t\t\t\t\t\t\t\t\t\tsrc  : \"https:\/\/carmax.ma\/wp-content\/uploads\/2026\/03\/1468394235.webp\",\n\t\t\t\t\t\t\t\t\t\t\tthumb: \"https:\/\/carmax.ma\/wp-content\/uploads\/2026\/03\/1468394235.webp\"\n\t\t\t\t\t\t\t\t\t\t},\n\t\t\t\t\t\t\t\t\t\t\t\t\t\t\t\t\t\t\t\t{\n\t\t\t\t\t\t\t\t\t\t\tsrc  : \"https:\/\/carmax.ma\/wp-content\/uploads\/2026\/03\/1389072108.webp\",\n\t\t\t\t\t\t\t\t\t\t\tthumb: \"https:\/\/carmax.ma\/wp-content\/uploads\/2026\/03\/1389072108.webp\"\n\t\t\t\t\t\t\t\t\t\t},\n\t\t\t\t\t\t\t\t\t\t\t\t\t\t\t\t\t\t\t\t{\n\t\t\t\t\t\t\t\t\t\t\tsrc  : \"https:\/\/carmax.ma\/wp-content\/uploads\/2026\/03\/1802920896.webp\",\n\t\t\t\t\t\t\t\t\t\t\tthumb: \"https:\/\/carmax.ma\/wp-content\/uploads\/2026\/03\/1802920896.webp\"\n\t\t\t\t\t\t\t\t\t\t},\n\t\t\t\t\t\t\t\t\t\t\t\t\t\t\t\t\t\t\t\n\t\t\t\t\t\t\t\t\t\t\t\t\t\t\t\t\t],\n\t\t\t\t\t\t\t\tdownload: false,\n\t\t\t\t\t\t\t\tmode: 'lg-fade',\n\t\t\t\t\t\t\t});\n\t\t\t\t\t\t});\n\t\t\t\t\t});\n\t\t\t\t<\/script>\n\t\t\t\t\t<\/div>\n\t\t<!--Favourite-->\n\t\t\n\t\t<div class=\"image-inner\">\n\n\t\t\t\n\t\t\t<div class=\"interactive-hoverable\">\n\t\t\t<div class=\"hoverable-wrap\">\n\t\t\t\t\t\t\t<div class=\"hoverable-unit active\">\n\t\t\t\t\t<div class=\"thumb\">\n\t\t\t\t\t\t\t\t\t\t\t\t<img loading=\"lazy\" decoding=\"async\" width=\"1920\" height=\"1440\" src=\"https:\/\/carmax.ma\/wp-content\/uploads\/2026\/03\/1616648499.webp\" class=\"img-responsive\" alt=\"PORSCHE Cayenne Coup\u00e9\" sizes=\"(max-width: 767px) 100vw, 380px\" srcset=\"https:\/\/carmax.ma\/wp-content\/uploads\/2026\/03\/1616648499.webp 1920w, https:\/\/carmax.ma\/wp-content\/uploads\/2026\/03\/1616648499-300x225.webp 300w, https:\/\/carmax.ma\/wp-content\/uploads\/2026\/03\/1616648499-1024x768.webp 1024w, https:\/\/carmax.ma\/wp-content\/uploads\/2026\/03\/1616648499-16x12.webp 16w, https:\/\/carmax.ma\/wp-content\/uploads\/2026\/03\/1616648499-255x191.webp 255w, https:\/\/carmax.ma\/wp-content\/uploads\/2026\/03\/1616648499-510x383.webp 510w, https:\/\/carmax.ma\/wp-content\/uploads\/2026\/03\/1616648499-280x210.webp 280w, https:\/\/carmax.ma\/wp-content\/uploads\/2026\/03\/1616648499-560x420.webp 560w, https:\/\/carmax.ma\/wp-content\/uploads\/2026\/03\/1616648499-350x263.webp 350w, https:\/\/carmax.ma\/wp-content\/uploads\/2026\/03\/1616648499-700x525.webp 700w, https:\/\/carmax.ma\/wp-content\/uploads\/2026\/03\/1616648499-398x299.webp 398w, https:\/\/carmax.ma\/wp-content\/uploads\/2026\/03\/1616648499-796x597.webp 796w, https:\/\/carmax.ma\/wp-content\/uploads\/2026\/03\/1616648499-275x206.webp 275w, https:\/\/carmax.ma\/wp-content\/uploads\/2026\/03\/1616648499-550x413.webp 550w, https:\/\/carmax.ma\/wp-content\/uploads\/2026\/03\/1616648499-1320x990.webp 1320w, https:\/\/carmax.ma\/wp-content\/uploads\/2026\/03\/1616648499-327x245.webp 327w\" \/>\t\t\t\t\t<\/div>\n\t\t\t\t<\/div>\n\t\t\t\t\t\t\t<div class=\"hoverable-unit\">\n\t\t\t\t\t<div class=\"thumb\">\n\t\t\t\t\t\t\t\t\t\t\t\t<img loading=\"lazy\" decoding=\"async\" width=\"1920\" height=\"1440\" src=\"https:\/\/carmax.ma\/wp-content\/uploads\/2026\/03\/1468394235.webp\" class=\"img-responsive\" alt=\"PORSCHE Cayenne Coup\u00e9\" sizes=\"(max-width: 767px) 100vw, 380px\" srcset=\"https:\/\/carmax.ma\/wp-content\/uploads\/2026\/03\/1468394235.webp 1920w, https:\/\/carmax.ma\/wp-content\/uploads\/2026\/03\/1468394235-300x225.webp 300w, https:\/\/carmax.ma\/wp-content\/uploads\/2026\/03\/1468394235-1024x768.webp 1024w, https:\/\/carmax.ma\/wp-content\/uploads\/2026\/03\/1468394235-16x12.webp 16w, https:\/\/carmax.ma\/wp-content\/uploads\/2026\/03\/1468394235-255x191.webp 255w, https:\/\/carmax.ma\/wp-content\/uploads\/2026\/03\/1468394235-510x383.webp 510w, https:\/\/carmax.ma\/wp-content\/uploads\/2026\/03\/1468394235-280x210.webp 280w, https:\/\/carmax.ma\/wp-content\/uploads\/2026\/03\/1468394235-560x420.webp 560w, https:\/\/carmax.ma\/wp-content\/uploads\/2026\/03\/1468394235-350x263.webp 350w, https:\/\/carmax.ma\/wp-content\/uploads\/2026\/03\/1468394235-700x525.webp 700w, https:\/\/carmax.ma\/wp-content\/uploads\/2026\/03\/1468394235-398x299.webp 398w, https:\/\/carmax.ma\/wp-content\/uploads\/2026\/03\/1468394235-796x597.webp 796w, https:\/\/carmax.ma\/wp-content\/uploads\/2026\/03\/1468394235-275x206.webp 275w, https:\/\/carmax.ma\/wp-content\/uploads\/2026\/03\/1468394235-550x413.webp 550w, https:\/\/carmax.ma\/wp-content\/uploads\/2026\/03\/1468394235-1320x990.webp 1320w, https:\/\/carmax.ma\/wp-content\/uploads\/2026\/03\/1468394235-327x245.webp 327w\" \/>\t\t\t\t\t<\/div>\n\t\t\t\t<\/div>\n\t\t\t\t\t\t\t<div class=\"hoverable-unit\">\n\t\t\t\t\t<div class=\"thumb\">\n\t\t\t\t\t\t\t\t\t\t\t\t<img loading=\"lazy\" decoding=\"async\" width=\"1920\" height=\"1440\" src=\"https:\/\/carmax.ma\/wp-content\/uploads\/2026\/03\/1389072108.webp\" class=\"img-responsive\" alt=\"PORSCHE Cayenne Coup\u00e9\" sizes=\"(max-width: 767px) 100vw, 380px\" srcset=\"https:\/\/carmax.ma\/wp-content\/uploads\/2026\/03\/1389072108.webp 1920w, https:\/\/carmax.ma\/wp-content\/uploads\/2026\/03\/1389072108-300x225.webp 300w, https:\/\/carmax.ma\/wp-content\/uploads\/2026\/03\/1389072108-1024x768.webp 1024w, https:\/\/carmax.ma\/wp-content\/uploads\/2026\/03\/1389072108-16x12.webp 16w, https:\/\/carmax.ma\/wp-content\/uploads\/2026\/03\/1389072108-255x191.webp 255w, https:\/\/carmax.ma\/wp-content\/uploads\/2026\/03\/1389072108-510x383.webp 510w, https:\/\/carmax.ma\/wp-content\/uploads\/2026\/03\/1389072108-280x210.webp 280w, https:\/\/carmax.ma\/wp-content\/uploads\/2026\/03\/1389072108-560x420.webp 560w, https:\/\/carmax.ma\/wp-content\/uploads\/2026\/03\/1389072108-350x263.webp 350w, https:\/\/carmax.ma\/wp-content\/uploads\/2026\/03\/1389072108-700x525.webp 700w, https:\/\/carmax.ma\/wp-content\/uploads\/2026\/03\/1389072108-398x299.webp 398w, https:\/\/carmax.ma\/wp-content\/uploads\/2026\/03\/1389072108-796x597.webp 796w, https:\/\/carmax.ma\/wp-content\/uploads\/2026\/03\/1389072108-275x206.webp 275w, https:\/\/carmax.ma\/wp-content\/uploads\/2026\/03\/1389072108-550x413.webp 550w, https:\/\/carmax.ma\/wp-content\/uploads\/2026\/03\/1389072108-1320x990.webp 1320w, https:\/\/carmax.ma\/wp-content\/uploads\/2026\/03\/1389072108-327x245.webp 327w\" \/>\t\t\t\t\t<\/div>\n\t\t\t\t<\/div>\n\t\t\t\t\t\t\t<div class=\"hoverable-unit\">\n\t\t\t\t\t<div class=\"thumb\">\n\t\t\t\t\t\t\t\t\t\t\t\t<img loading=\"lazy\" decoding=\"async\" width=\"1920\" height=\"1440\" src=\"https:\/\/carmax.ma\/wp-content\/uploads\/2026\/03\/1802920896.webp\" class=\"img-responsive\" alt=\"PORSCHE Cayenne Coup\u00e9\" sizes=\"(max-width: 767px) 100vw, 380px\" srcset=\"https:\/\/carmax.ma\/wp-content\/uploads\/2026\/03\/1802920896.webp 1920w, https:\/\/carmax.ma\/wp-content\/uploads\/2026\/03\/1802920896-300x225.webp 300w, https:\/\/carmax.ma\/wp-content\/uploads\/2026\/03\/1802920896-1024x768.webp 1024w, https:\/\/carmax.ma\/wp-content\/uploads\/2026\/03\/1802920896-16x12.webp 16w, https:\/\/carmax.ma\/wp-content\/uploads\/2026\/03\/1802920896-255x191.webp 255w, https:\/\/carmax.ma\/wp-content\/uploads\/2026\/03\/1802920896-510x383.webp 510w, https:\/\/carmax.ma\/wp-content\/uploads\/2026\/03\/1802920896-280x210.webp 280w, https:\/\/carmax.ma\/wp-content\/uploads\/2026\/03\/1802920896-560x420.webp 560w, https:\/\/carmax.ma\/wp-content\/uploads\/2026\/03\/1802920896-350x263.webp 350w, https:\/\/carmax.ma\/wp-content\/uploads\/2026\/03\/1802920896-700x525.webp 700w, https:\/\/carmax.ma\/wp-content\/uploads\/2026\/03\/1802920896-398x299.webp 398w, https:\/\/carmax.ma\/wp-content\/uploads\/2026\/03\/1802920896-796x597.webp 796w, https:\/\/carmax.ma\/wp-content\/uploads\/2026\/03\/1802920896-275x206.webp 275w, https:\/\/carmax.ma\/wp-content\/uploads\/2026\/03\/1802920896-550x413.webp 550w, https:\/\/carmax.ma\/wp-content\/uploads\/2026\/03\/1802920896-1320x990.webp 1320w, https:\/\/carmax.ma\/wp-content\/uploads\/2026\/03\/1802920896-327x245.webp 327w\" \/>\t\t\t\t\t<\/div>\n\t\t\t\t<\/div>\n\t\t\t\t\t<\/div>\n\t\t<div class=\"hoverable-indicators\">\n\t\t\t\t\t\t\t<div class=\"indicator active\"><\/div>\n\t\t\t\t\t\t\t<div class=\"indicator\"><\/div>\n\t\t\t\t\t\t\t<div class=\"indicator\"><\/div>\n\t\t\t\t\t\t\t<div class=\"indicator\"><\/div>\n\t\t\t\t\t<\/div>\n\t\t<\/div>\n\t\t\n\n\t\t\t\t<div class=\"mvl_compare_unit\">\n\t\t\t\t\t<span\n\t\t\t\thref=\"#\"\n\t\t\t\tclass=\"mvl-skins-add-to-compare\"\n\t\t\t\tdata-view=\"grid\"\n\t\t\t\tdata-post-type=\"listings\"\n\t\t\t\ttitle=\"Comparar\"\n\t\t\t\tdata-id=\"10668\"\n\t\t\t\tdata-title=\"PORSCHE Cayenne Coup\u00e9\"\n\t\t\t\tdata-toggle=\"tooltip\"\n\t\t\t\tdata-placement=\"top\"\n\t\t\t\tdata-original-title=\"\u0421ompare\"\n\t\t\t\tdata-container=\"body\"\n\t\t\t\t>\n\t\t\t\t<i class=\"motors-icons-mvl-compare\"><\/i>\n\t\t\t<\/span>\n\t\t\t<\/div>\n\t\t<\/div>\n\t<\/div>\n<\/a>\n<div class=\"skin_2 mvl_listing_title_wrapper\">\n\t<div class=\"mvl_listing_title_wrapper-inner\">\n\t\t<a href=\"https:\/\/carmax.ma\/pt\/listagens\/porsche-cayenne-coupe\/\" class=\"mvl_listing_title\">\n\t\t\t<div class=\"mvl_listing_title car-title\" data-max-char=\"44\">\n\t\t\t\tPorsche Cayenne Coup\u00e9\t\t\t<\/div>\n\t\t<\/a>\n\t\t\t<\/div>\n<\/div>\n\n<div class=\"skin_2 mvl-price-grid-card\">\n\t<div class=\"mvl-price-grid-card-inner\">\n\t\t<a href=\"https:\/\/carmax.ma\/pt\/listagens\/porsche-cayenne-coupe\/\">\n\t\t\t<div class=\"mvl-price-wrapp\">\n\t\t\t\t<div class=\"mvl-price\">\n\t\t\t\t\t<div class=\"normal-price mvl-normal-price\">1 400 000DH<\/div>\n\t\t\t\t\t\t\t\t\t<\/div>\n\t\t\t\t\t\t\t<\/div>\n\t\t<\/a>\n\t<\/div>\n<\/div>\n\t<a href=\"https:\/\/carmax.ma\/pt\/listagens\/porsche-cayenne-coupe\/\">\n\t\t<div class=\"skin_2 mvl-card-listing-data\">\n\t\t\t<ul class=\"mvl-card-listing-data-inner\">\n\t\t\t\t\t\t\t\t\t\t\t\t\t\t\t\t\t\t\t\t<li>\n\t\t\t\t\t\t\t\t\t\t\t\t\t\t\t<i class=\"stm-service-icon-body_type\"><\/i>\n\t\t\t\t\t\t\t\t\t\t\t\t\t\t\t\t\t\t\t\t\t\t\n\t\t\t\t\t\t\t\t\t\t\t\t\t\t\t\t\t\t\t\t\t\t\t\t\t\t\t<span>SUV Coup\u00e9<\/span>\n\t\t\t\t\t\t\t\t\t\t\t\t\t\t\t\t\t\t\t\t\t\t\t\t\t\t\t\t\t\t<\/li>\n\t\t\t\t\t\t\t\t\t\t\t\t\t\t\t\t\t\t\t\t\t\t\t\t\t<li>\n\t\t\t\t\t\t\t\t\t\t\t\t\t\t\t<i class=\"stm-icon-fuel\"><\/i>\n\t\t\t\t\t\t\t\t\t\t\t\t\t\t\t\t\t\t\t\t\t\t\n\t\t\t\t\t\t\t\t\t\t\t\t\t\t\t\t\t\t\t\t\t\t\t\t\t\t\t<span>H\u00edbrido recarreg\u00e1vel<\/span>\n\t\t\t\t\t\t\t\t\t\t\t\t\t\t\t\t\t\t\t\t\t\t\t\t\t\t\t\t\t\t<\/li>\n\t\t\t\t\t\t\t\t\t\t\t\t\t\t\t\t\t\t\t\t\t\t\t\t\t<li>\n\t\t\t\t\t\t\t\t\t\t\t\t\t\t\t<i class=\"stm-icon-engine_fill\"><\/i>\n\t\t\t\t\t\t\t\t\t\t\t\t\t\t\t\t\t\t\t\t\t\t\n\t\t\t\t\t\t\t\t\t\t\t\t\t\t\t\t\t\t\t\t\t\t\t\t\t\t\t<span>3.0 L<\/span>\n\t\t\t\t\t\t\t\t\t\t\t\t\t\t\t\t\t\t\t\t\t\t\t\t\t\t\t\t\t\t<\/li>\n\t\t\t\t\t\t\t\t\t\t\t\t\t\t\t\t\t\t\t\t\t\t\t\t\t<li>\n\t\t\t\t\t\t\t\t\t\t\t\t\t\t\t<i class=\"stm-service-icon-car-listing\"><\/i>\n\t\t\t\t\t\t\t\t\t\t\t\t\t\t\t\t\t\t\t\t\t\t\n\t\t\t\t\t\t\t\t\t\t\t\t\t\t\t\t\t\t\t\t\t\t\t\t\t\t\t<span>0 DHs (ve\u00edculo isento)<\/span>\n\t\t\t\t\t\t\t\t\t\t\t\t\t\t\t\t\t\t\t\t\t\t\t\t\t\t\t\t\t\t<\/li>\n\t\t\t\t\t\t\t\t\t\t\t\t\t\t\t\t\t\t\t\t\t\t\t\t\t<li>\n\t\t\t\t\t\t\t\t\t\t\t\t\t\t\t<i class=\"stm-icon-speedometr3\"><\/i>\n\t\t\t\t\t\t\t\t\t\t\t\t\t\t\t\t\t\t\t\t\t\t\n\t\t\t\t\t\t\t\t\t\t\t\t\t\t\t\t\t\t\t\t\t\t\t\t\t\t\t<span>3.3 L\/100 km<\/span>\n\t\t\t\t\t\t\t\t\t\t\t\t\t\t\t\t\t\t\t\t\t\t\t\t\t\t\t\t\t\t<\/li>\n\t\t\t\t\t\t\t\t\t\t\t\t<\/ul>\n\t\t<\/div>\n\t<\/a>\n\t<\/div>\n<\/div>\n\t\t\t\t\t\t\t<\/div>\n\t\t\t\t\t\t<\/div>\n\t\t\t\t\t\t\t\t\t\t\t\t<div class=\"dp-in swiper-slide\">\n\t\t\t\t\t\t\t<div class=\"listing-car-item\">\n\t\t\t\t\t\t\t\n<div\n\tclass=\"mvl-card-skins skin_2 col-md-4 col-sm-6 col-xs-12 col-xxs-12 stm-directory-grid-loop stm-isotope-listing-item all 0dhs-443 1350000-1111 3-0-l-434 3-2-l-100-km-1110 cayenne-1109 hybrid-rechargeable-419 porsche-353 suv-539 listing_is_active\"\n\tdata-price=\"1350000\"\n\tdata-date=\"202603080513\"\n\tdata-listing-id=\"10659\"\n\tdata-post-type=\"listings\"\n\tdata-puissance=\"\">\n\t<div href=\"https:\/\/carmax.ma\/pt\/listagens\/porsche-cayenne\/\" class=\"mvl-card-inner actions_hover\">\n<a href=\"https:\/\/carmax.ma\/pt\/listagens\/porsche-cayenne\/\">\n\t<div class=\"skin_2 image\">\n\t\t\t\t<div class=\"mvl-car-medias\">\n\t\t\t\t\t\t\t<div class=\"stm-listing-media-unit stm-car-media-10659\">\n\t\t\t\t\t<span>1\/6<\/span>\n\t\t\t\t\t<i class=\"motors-icons-photoaparat\"><\/i>\n\t\t\t\t<\/div>\n\n\t\t\t\t<script type=\"text\/javascript\">\n\t\t\t\t\tjQuery(document).ready(function(){\n\t\t\t\t\t\tjQuery(\".stm-car-media-10659\").on('click', function(e) {\n\t\t\t\t\t\t\te.preventDefault();\n\t\t\t\t\t\t\tjQuery(this).lightGallery({\n\t\t\t\t\t\t\t\tdynamic: true,\n\t\t\t\t\t\t\t\tdynamicEl: [\n\t\t\t\t\t\t\t\t\t\t\t\t\t\t\t\t\t\t\t\t\t\t\t\t\t\t\t\t\t{\n\t\t\t\t\t\t\t\t\t\t\tsrc  : \"https:\/\/carmax.ma\/wp-content\/uploads\/2026\/03\/570557-porsche-cayenne-2024-une-mise-a-jour-sur-tous-les-plans.jpeg\",\n\t\t\t\t\t\t\t\t\t\t\tthumb: \"https:\/\/carmax.ma\/wp-content\/uploads\/2026\/03\/570557-porsche-cayenne-2024-une-mise-a-jour-sur-tous-les-plans.jpeg\"\n\t\t\t\t\t\t\t\t\t\t},\n\t\t\t\t\t\t\t\t\t\t\t\t\t\t\t\t\t\t\t\t{\n\t\t\t\t\t\t\t\t\t\t\tsrc  : \"https:\/\/carmax.ma\/wp-content\/uploads\/2026\/03\/570560-porsche-cayenne-2024-une-mise-a-jour-sur-tous-les-plans.jpeg\",\n\t\t\t\t\t\t\t\t\t\t\tthumb: \"https:\/\/carmax.ma\/wp-content\/uploads\/2026\/03\/570560-porsche-cayenne-2024-une-mise-a-jour-sur-tous-les-plans.jpeg\"\n\t\t\t\t\t\t\t\t\t\t},\n\t\t\t\t\t\t\t\t\t\t\t\t\t\t\t\t\t\t\t\t{\n\t\t\t\t\t\t\t\t\t\t\tsrc  : \"https:\/\/carmax.ma\/wp-content\/uploads\/2026\/03\/570558-porsche-cayenne-2024-une-mise-a-jour-sur-tous-les-plans.jpeg\",\n\t\t\t\t\t\t\t\t\t\t\tthumb: \"https:\/\/carmax.ma\/wp-content\/uploads\/2026\/03\/570558-porsche-cayenne-2024-une-mise-a-jour-sur-tous-les-plans.jpeg\"\n\t\t\t\t\t\t\t\t\t\t},\n\t\t\t\t\t\t\t\t\t\t\t\t\t\t\t\t\t\t\t\t{\n\t\t\t\t\t\t\t\t\t\t\tsrc  : \"https:\/\/carmax.ma\/wp-content\/uploads\/2026\/03\/570559-porsche-cayenne-2024-une-mise-a-jour-sur-tous-les-plans.jpeg\",\n\t\t\t\t\t\t\t\t\t\t\tthumb: \"https:\/\/carmax.ma\/wp-content\/uploads\/2026\/03\/570559-porsche-cayenne-2024-une-mise-a-jour-sur-tous-les-plans.jpeg\"\n\t\t\t\t\t\t\t\t\t\t},\n\t\t\t\t\t\t\t\t\t\t\t\t\t\t\t\t\t\t\t\t{\n\t\t\t\t\t\t\t\t\t\t\tsrc  : \"https:\/\/carmax.ma\/wp-content\/uploads\/2026\/03\/570555-porsche-cayenne-2024-une-mise-a-jour-sur-tous-les-plans.jpeg\",\n\t\t\t\t\t\t\t\t\t\t\tthumb: \"https:\/\/carmax.ma\/wp-content\/uploads\/2026\/03\/570555-porsche-cayenne-2024-une-mise-a-jour-sur-tous-les-plans.jpeg\"\n\t\t\t\t\t\t\t\t\t\t},\n\t\t\t\t\t\t\t\t\t\t\t\t\t\t\t\t\t\t\t\t{\n\t\t\t\t\t\t\t\t\t\t\tsrc  : \"https:\/\/carmax.ma\/wp-content\/uploads\/2026\/03\/570571-porsche-cayenne-2024-une-mise-a-jour-sur-tous-les-plans.jpeg\",\n\t\t\t\t\t\t\t\t\t\t\tthumb: \"https:\/\/carmax.ma\/wp-content\/uploads\/2026\/03\/570571-porsche-cayenne-2024-une-mise-a-jour-sur-tous-les-plans.jpeg\"\n\t\t\t\t\t\t\t\t\t\t},\n\t\t\t\t\t\t\t\t\t\t\t\t\t\t\t\t\t\t\t\n\t\t\t\t\t\t\t\t\t\t\t\t\t\t\t\t\t],\n\t\t\t\t\t\t\t\tdownload: false,\n\t\t\t\t\t\t\t\tmode: 'lg-fade',\n\t\t\t\t\t\t\t});\n\t\t\t\t\t\t});\n\t\t\t\t\t});\n\t\t\t\t<\/script>\n\t\t\t\t\t<\/div>\n\t\t<!--Favourite-->\n\t\t\n\t\t<div class=\"image-inner\">\n\n\t\t\t\n\t\t\t<div class=\"interactive-hoverable\">\n\t\t\t<div class=\"hoverable-wrap\">\n\t\t\t\t\t\t\t<div class=\"hoverable-unit active\">\n\t\t\t\t\t<div class=\"thumb\">\n\t\t\t\t\t\t\t\t\t\t\t\t<img loading=\"lazy\" decoding=\"async\" width=\"1920\" height=\"1200\" src=\"https:\/\/carmax.ma\/wp-content\/uploads\/2026\/03\/570557-porsche-cayenne-2024-une-mise-a-jour-sur-tous-les-plans.jpeg\" class=\"img-responsive\" alt=\"PORSCHE Cayenne\" sizes=\"(max-width: 767px) 100vw, 380px\" srcset=\"https:\/\/carmax.ma\/wp-content\/uploads\/2026\/03\/570557-porsche-cayenne-2024-une-mise-a-jour-sur-tous-les-plans.jpeg 1920w, https:\/\/carmax.ma\/wp-content\/uploads\/2026\/03\/570557-porsche-cayenne-2024-une-mise-a-jour-sur-tous-les-plans-300x188.jpeg 300w, https:\/\/carmax.ma\/wp-content\/uploads\/2026\/03\/570557-porsche-cayenne-2024-une-mise-a-jour-sur-tous-les-plans-1024x640.jpeg 1024w, https:\/\/carmax.ma\/wp-content\/uploads\/2026\/03\/570557-porsche-cayenne-2024-une-mise-a-jour-sur-tous-les-plans-18x12.jpeg 18w, https:\/\/carmax.ma\/wp-content\/uploads\/2026\/03\/570557-porsche-cayenne-2024-une-mise-a-jour-sur-tous-les-plans-255x159.jpeg 255w, https:\/\/carmax.ma\/wp-content\/uploads\/2026\/03\/570557-porsche-cayenne-2024-une-mise-a-jour-sur-tous-les-plans-510x319.jpeg 510w, https:\/\/carmax.ma\/wp-content\/uploads\/2026\/03\/570557-porsche-cayenne-2024-une-mise-a-jour-sur-tous-les-plans-280x175.jpeg 280w, https:\/\/carmax.ma\/wp-content\/uploads\/2026\/03\/570557-porsche-cayenne-2024-une-mise-a-jour-sur-tous-les-plans-560x350.jpeg 560w, https:\/\/carmax.ma\/wp-content\/uploads\/2026\/03\/570557-porsche-cayenne-2024-une-mise-a-jour-sur-tous-les-plans-350x219.jpeg 350w, https:\/\/carmax.ma\/wp-content\/uploads\/2026\/03\/570557-porsche-cayenne-2024-une-mise-a-jour-sur-tous-les-plans-700x438.jpeg 700w, https:\/\/carmax.ma\/wp-content\/uploads\/2026\/03\/570557-porsche-cayenne-2024-une-mise-a-jour-sur-tous-les-plans-398x249.jpeg 398w, https:\/\/carmax.ma\/wp-content\/uploads\/2026\/03\/570557-porsche-cayenne-2024-une-mise-a-jour-sur-tous-les-plans-796x498.jpeg 796w, https:\/\/carmax.ma\/wp-content\/uploads\/2026\/03\/570557-porsche-cayenne-2024-une-mise-a-jour-sur-tous-les-plans-275x172.jpeg 275w, https:\/\/carmax.ma\/wp-content\/uploads\/2026\/03\/570557-porsche-cayenne-2024-une-mise-a-jour-sur-tous-les-plans-550x344.jpeg 550w, https:\/\/carmax.ma\/wp-content\/uploads\/2026\/03\/570557-porsche-cayenne-2024-une-mise-a-jour-sur-tous-les-plans-1320x825.jpeg 1320w, https:\/\/carmax.ma\/wp-content\/uploads\/2026\/03\/570557-porsche-cayenne-2024-une-mise-a-jour-sur-tous-les-plans-327x204.jpeg 327w\" \/>\t\t\t\t\t<\/div>\n\t\t\t\t<\/div>\n\t\t\t\t\t\t\t<div class=\"hoverable-unit\">\n\t\t\t\t\t<div class=\"thumb\">\n\t\t\t\t\t\t\t\t\t\t\t\t<img loading=\"lazy\" decoding=\"async\" width=\"1024\" height=\"640\" src=\"https:\/\/carmax.ma\/wp-content\/uploads\/2026\/03\/570560-porsche-cayenne-2024-une-mise-a-jour-sur-tous-les-plans.jpeg\" class=\"img-responsive\" alt=\"PORSCHE Cayenne\" sizes=\"(max-width: 767px) 100vw, 380px\" srcset=\"https:\/\/carmax.ma\/wp-content\/uploads\/2026\/03\/570560-porsche-cayenne-2024-une-mise-a-jour-sur-tous-les-plans.jpeg 1024w, https:\/\/carmax.ma\/wp-content\/uploads\/2026\/03\/570560-porsche-cayenne-2024-une-mise-a-jour-sur-tous-les-plans-300x188.jpeg 300w, https:\/\/carmax.ma\/wp-content\/uploads\/2026\/03\/570560-porsche-cayenne-2024-une-mise-a-jour-sur-tous-les-plans-18x12.jpeg 18w, https:\/\/carmax.ma\/wp-content\/uploads\/2026\/03\/570560-porsche-cayenne-2024-une-mise-a-jour-sur-tous-les-plans-255x159.jpeg 255w, https:\/\/carmax.ma\/wp-content\/uploads\/2026\/03\/570560-porsche-cayenne-2024-une-mise-a-jour-sur-tous-les-plans-510x319.jpeg 510w, https:\/\/carmax.ma\/wp-content\/uploads\/2026\/03\/570560-porsche-cayenne-2024-une-mise-a-jour-sur-tous-les-plans-280x175.jpeg 280w, https:\/\/carmax.ma\/wp-content\/uploads\/2026\/03\/570560-porsche-cayenne-2024-une-mise-a-jour-sur-tous-les-plans-560x350.jpeg 560w, https:\/\/carmax.ma\/wp-content\/uploads\/2026\/03\/570560-porsche-cayenne-2024-une-mise-a-jour-sur-tous-les-plans-350x219.jpeg 350w, https:\/\/carmax.ma\/wp-content\/uploads\/2026\/03\/570560-porsche-cayenne-2024-une-mise-a-jour-sur-tous-les-plans-700x438.jpeg 700w, https:\/\/carmax.ma\/wp-content\/uploads\/2026\/03\/570560-porsche-cayenne-2024-une-mise-a-jour-sur-tous-les-plans-398x249.jpeg 398w, https:\/\/carmax.ma\/wp-content\/uploads\/2026\/03\/570560-porsche-cayenne-2024-une-mise-a-jour-sur-tous-les-plans-796x498.jpeg 796w, https:\/\/carmax.ma\/wp-content\/uploads\/2026\/03\/570560-porsche-cayenne-2024-une-mise-a-jour-sur-tous-les-plans-275x172.jpeg 275w, https:\/\/carmax.ma\/wp-content\/uploads\/2026\/03\/570560-porsche-cayenne-2024-une-mise-a-jour-sur-tous-les-plans-550x344.jpeg 550w, https:\/\/carmax.ma\/wp-content\/uploads\/2026\/03\/570560-porsche-cayenne-2024-une-mise-a-jour-sur-tous-les-plans-327x204.jpeg 327w\" \/>\t\t\t\t\t<\/div>\n\t\t\t\t<\/div>\n\t\t\t\t\t\t\t<div class=\"hoverable-unit\">\n\t\t\t\t\t<div class=\"thumb\">\n\t\t\t\t\t\t\t\t\t\t\t\t<img loading=\"lazy\" decoding=\"async\" width=\"1024\" height=\"640\" src=\"https:\/\/carmax.ma\/wp-content\/uploads\/2026\/03\/570558-porsche-cayenne-2024-une-mise-a-jour-sur-tous-les-plans.jpeg\" class=\"img-responsive\" alt=\"PORSCHE Cayenne\" sizes=\"(max-width: 767px) 100vw, 380px\" srcset=\"https:\/\/carmax.ma\/wp-content\/uploads\/2026\/03\/570558-porsche-cayenne-2024-une-mise-a-jour-sur-tous-les-plans.jpeg 1024w, https:\/\/carmax.ma\/wp-content\/uploads\/2026\/03\/570558-porsche-cayenne-2024-une-mise-a-jour-sur-tous-les-plans-300x188.jpeg 300w, https:\/\/carmax.ma\/wp-content\/uploads\/2026\/03\/570558-porsche-cayenne-2024-une-mise-a-jour-sur-tous-les-plans-18x12.jpeg 18w, https:\/\/carmax.ma\/wp-content\/uploads\/2026\/03\/570558-porsche-cayenne-2024-une-mise-a-jour-sur-tous-les-plans-255x159.jpeg 255w, https:\/\/carmax.ma\/wp-content\/uploads\/2026\/03\/570558-porsche-cayenne-2024-une-mise-a-jour-sur-tous-les-plans-510x319.jpeg 510w, https:\/\/carmax.ma\/wp-content\/uploads\/2026\/03\/570558-porsche-cayenne-2024-une-mise-a-jour-sur-tous-les-plans-280x175.jpeg 280w, https:\/\/carmax.ma\/wp-content\/uploads\/2026\/03\/570558-porsche-cayenne-2024-une-mise-a-jour-sur-tous-les-plans-560x350.jpeg 560w, https:\/\/carmax.ma\/wp-content\/uploads\/2026\/03\/570558-porsche-cayenne-2024-une-mise-a-jour-sur-tous-les-plans-350x219.jpeg 350w, https:\/\/carmax.ma\/wp-content\/uploads\/2026\/03\/570558-porsche-cayenne-2024-une-mise-a-jour-sur-tous-les-plans-700x438.jpeg 700w, https:\/\/carmax.ma\/wp-content\/uploads\/2026\/03\/570558-porsche-cayenne-2024-une-mise-a-jour-sur-tous-les-plans-398x249.jpeg 398w, https:\/\/carmax.ma\/wp-content\/uploads\/2026\/03\/570558-porsche-cayenne-2024-une-mise-a-jour-sur-tous-les-plans-796x498.jpeg 796w, https:\/\/carmax.ma\/wp-content\/uploads\/2026\/03\/570558-porsche-cayenne-2024-une-mise-a-jour-sur-tous-les-plans-275x172.jpeg 275w, https:\/\/carmax.ma\/wp-content\/uploads\/2026\/03\/570558-porsche-cayenne-2024-une-mise-a-jour-sur-tous-les-plans-550x344.jpeg 550w, https:\/\/carmax.ma\/wp-content\/uploads\/2026\/03\/570558-porsche-cayenne-2024-une-mise-a-jour-sur-tous-les-plans-327x204.jpeg 327w\" \/>\t\t\t\t\t<\/div>\n\t\t\t\t<\/div>\n\t\t\t\t\t\t\t<div class=\"hoverable-unit\">\n\t\t\t\t\t<div class=\"thumb\">\n\t\t\t\t\t\t\t\t\t\t\t\t<img loading=\"lazy\" decoding=\"async\" width=\"1024\" height=\"640\" src=\"https:\/\/carmax.ma\/wp-content\/uploads\/2026\/03\/570559-porsche-cayenne-2024-une-mise-a-jour-sur-tous-les-plans.jpeg\" class=\"img-responsive\" alt=\"PORSCHE Cayenne\" sizes=\"(max-width: 767px) 100vw, 380px\" srcset=\"https:\/\/carmax.ma\/wp-content\/uploads\/2026\/03\/570559-porsche-cayenne-2024-une-mise-a-jour-sur-tous-les-plans.jpeg 1024w, https:\/\/carmax.ma\/wp-content\/uploads\/2026\/03\/570559-porsche-cayenne-2024-une-mise-a-jour-sur-tous-les-plans-300x188.jpeg 300w, https:\/\/carmax.ma\/wp-content\/uploads\/2026\/03\/570559-porsche-cayenne-2024-une-mise-a-jour-sur-tous-les-plans-18x12.jpeg 18w, https:\/\/carmax.ma\/wp-content\/uploads\/2026\/03\/570559-porsche-cayenne-2024-une-mise-a-jour-sur-tous-les-plans-255x159.jpeg 255w, https:\/\/carmax.ma\/wp-content\/uploads\/2026\/03\/570559-porsche-cayenne-2024-une-mise-a-jour-sur-tous-les-plans-510x319.jpeg 510w, https:\/\/carmax.ma\/wp-content\/uploads\/2026\/03\/570559-porsche-cayenne-2024-une-mise-a-jour-sur-tous-les-plans-280x175.jpeg 280w, https:\/\/carmax.ma\/wp-content\/uploads\/2026\/03\/570559-porsche-cayenne-2024-une-mise-a-jour-sur-tous-les-plans-560x350.jpeg 560w, https:\/\/carmax.ma\/wp-content\/uploads\/2026\/03\/570559-porsche-cayenne-2024-une-mise-a-jour-sur-tous-les-plans-350x219.jpeg 350w, https:\/\/carmax.ma\/wp-content\/uploads\/2026\/03\/570559-porsche-cayenne-2024-une-mise-a-jour-sur-tous-les-plans-700x438.jpeg 700w, https:\/\/carmax.ma\/wp-content\/uploads\/2026\/03\/570559-porsche-cayenne-2024-une-mise-a-jour-sur-tous-les-plans-398x249.jpeg 398w, https:\/\/carmax.ma\/wp-content\/uploads\/2026\/03\/570559-porsche-cayenne-2024-une-mise-a-jour-sur-tous-les-plans-796x498.jpeg 796w, https:\/\/carmax.ma\/wp-content\/uploads\/2026\/03\/570559-porsche-cayenne-2024-une-mise-a-jour-sur-tous-les-plans-275x172.jpeg 275w, https:\/\/carmax.ma\/wp-content\/uploads\/2026\/03\/570559-porsche-cayenne-2024-une-mise-a-jour-sur-tous-les-plans-550x344.jpeg 550w, https:\/\/carmax.ma\/wp-content\/uploads\/2026\/03\/570559-porsche-cayenne-2024-une-mise-a-jour-sur-tous-les-plans-327x204.jpeg 327w\" \/>\t\t\t\t\t<\/div>\n\t\t\t\t<\/div>\n\t\t\t\t\t\t\t<div class=\"hoverable-unit\">\n\t\t\t\t\t<div class=\"thumb\">\n\t\t\t\t\t\t\t\t\t\t\t\t\t<div class=\"remaining\">\n\t\t\t\t\t\t\t\t<i class=\"stm-icon-album\"><\/i>\n\t\t\t\t\t\t\t\t<p>\n\t\t\t\t\t\t\t\t\t1 more photo\t\t\t\t\t\t\t\t<\/p>\n\t\t\t\t\t\t\t<\/div>\n\t\t\t\t\t\t\t\t\t\t\t\t<img loading=\"lazy\" decoding=\"async\" width=\"1024\" height=\"640\" src=\"https:\/\/carmax.ma\/wp-content\/uploads\/2026\/03\/570555-porsche-cayenne-2024-une-mise-a-jour-sur-tous-les-plans.jpeg\" class=\"img-responsive\" alt=\"PORSCHE Cayenne\" sizes=\"(max-width: 767px) 100vw, 380px\" srcset=\"https:\/\/carmax.ma\/wp-content\/uploads\/2026\/03\/570555-porsche-cayenne-2024-une-mise-a-jour-sur-tous-les-plans.jpeg 1024w, https:\/\/carmax.ma\/wp-content\/uploads\/2026\/03\/570555-porsche-cayenne-2024-une-mise-a-jour-sur-tous-les-plans-300x188.jpeg 300w, https:\/\/carmax.ma\/wp-content\/uploads\/2026\/03\/570555-porsche-cayenne-2024-une-mise-a-jour-sur-tous-les-plans-18x12.jpeg 18w, https:\/\/carmax.ma\/wp-content\/uploads\/2026\/03\/570555-porsche-cayenne-2024-une-mise-a-jour-sur-tous-les-plans-255x159.jpeg 255w, https:\/\/carmax.ma\/wp-content\/uploads\/2026\/03\/570555-porsche-cayenne-2024-une-mise-a-jour-sur-tous-les-plans-510x319.jpeg 510w, https:\/\/carmax.ma\/wp-content\/uploads\/2026\/03\/570555-porsche-cayenne-2024-une-mise-a-jour-sur-tous-les-plans-280x175.jpeg 280w, https:\/\/carmax.ma\/wp-content\/uploads\/2026\/03\/570555-porsche-cayenne-2024-une-mise-a-jour-sur-tous-les-plans-560x350.jpeg 560w, https:\/\/carmax.ma\/wp-content\/uploads\/2026\/03\/570555-porsche-cayenne-2024-une-mise-a-jour-sur-tous-les-plans-350x219.jpeg 350w, https:\/\/carmax.ma\/wp-content\/uploads\/2026\/03\/570555-porsche-cayenne-2024-une-mise-a-jour-sur-tous-les-plans-700x438.jpeg 700w, https:\/\/carmax.ma\/wp-content\/uploads\/2026\/03\/570555-porsche-cayenne-2024-une-mise-a-jour-sur-tous-les-plans-398x249.jpeg 398w, https:\/\/carmax.ma\/wp-content\/uploads\/2026\/03\/570555-porsche-cayenne-2024-une-mise-a-jour-sur-tous-les-plans-796x498.jpeg 796w, https:\/\/carmax.ma\/wp-content\/uploads\/2026\/03\/570555-porsche-cayenne-2024-une-mise-a-jour-sur-tous-les-plans-275x172.jpeg 275w, https:\/\/carmax.ma\/wp-content\/uploads\/2026\/03\/570555-porsche-cayenne-2024-une-mise-a-jour-sur-tous-les-plans-550x344.jpeg 550w, https:\/\/carmax.ma\/wp-content\/uploads\/2026\/03\/570555-porsche-cayenne-2024-une-mise-a-jour-sur-tous-les-plans-327x204.jpeg 327w\" \/>\t\t\t\t\t<\/div>\n\t\t\t\t<\/div>\n\t\t\t\t\t<\/div>\n\t\t<div class=\"hoverable-indicators\">\n\t\t\t\t\t\t\t<div class=\"indicator active\"><\/div>\n\t\t\t\t\t\t\t<div class=\"indicator\"><\/div>\n\t\t\t\t\t\t\t<div class=\"indicator\"><\/div>\n\t\t\t\t\t\t\t<div class=\"indicator\"><\/div>\n\t\t\t\t\t\t\t<div class=\"indicator\"><\/div>\n\t\t\t\t\t<\/div>\n\t\t<\/div>\n\t\t\n\n\t\t\t\t<div class=\"mvl_compare_unit\">\n\t\t\t\t\t<span\n\t\t\t\thref=\"#\"\n\t\t\t\tclass=\"mvl-skins-add-to-compare\"\n\t\t\t\tdata-view=\"grid\"\n\t\t\t\tdata-post-type=\"listings\"\n\t\t\t\ttitle=\"Comparar\"\n\t\t\t\tdata-id=\"10659\"\n\t\t\t\tdata-title=\"PORSCHE Cayenne\"\n\t\t\t\tdata-toggle=\"tooltip\"\n\t\t\t\tdata-placement=\"top\"\n\t\t\t\tdata-original-title=\"\u0421ompare\"\n\t\t\t\tdata-container=\"body\"\n\t\t\t\t>\n\t\t\t\t<i class=\"motors-icons-mvl-compare\"><\/i>\n\t\t\t<\/span>\n\t\t\t<\/div>\n\t\t<\/div>\n\t<\/div>\n<\/a>\n<div class=\"skin_2 mvl_listing_title_wrapper\">\n\t<div class=\"mvl_listing_title_wrapper-inner\">\n\t\t<a href=\"https:\/\/carmax.ma\/pt\/listagens\/porsche-cayenne\/\" class=\"mvl_listing_title\">\n\t\t\t<div class=\"mvl_listing_title car-title\" data-max-char=\"44\">\n\t\t\t\tPorsche Cayenne\t\t\t<\/div>\n\t\t<\/a>\n\t\t\t<\/div>\n<\/div>\n\n<div class=\"skin_2 mvl-price-grid-card\">\n\t<div class=\"mvl-price-grid-card-inner\">\n\t\t<a href=\"https:\/\/carmax.ma\/pt\/listagens\/porsche-cayenne\/\">\n\t\t\t<div class=\"mvl-price-wrapp\">\n\t\t\t\t<div class=\"mvl-price\">\n\t\t\t\t\t<div class=\"normal-price mvl-normal-price\">1 350 000DH<\/div>\n\t\t\t\t\t\t\t\t\t<\/div>\n\t\t\t\t\t\t\t<\/div>\n\t\t<\/a>\n\t<\/div>\n<\/div>\n\t<a href=\"https:\/\/carmax.ma\/pt\/listagens\/porsche-cayenne\/\">\n\t\t<div class=\"skin_2 mvl-card-listing-data\">\n\t\t\t<ul class=\"mvl-card-listing-data-inner\">\n\t\t\t\t\t\t\t\t\t\t\t\t\t\t\t\t\t\t\t\t<li>\n\t\t\t\t\t\t\t\t\t\t\t\t\t\t\t<i class=\"stm-service-icon-body_type\"><\/i>\n\t\t\t\t\t\t\t\t\t\t\t\t\t\t\t\t\t\t\t\t\t\t\n\t\t\t\t\t\t\t\t\t\t\t\t\t\t\t\t\t\t\t\t\t\t\t\t\t\t\t<span>SUV<\/span>\n\t\t\t\t\t\t\t\t\t\t\t\t\t\t\t\t\t\t\t\t\t\t\t\t\t\t\t\t\t\t<\/li>\n\t\t\t\t\t\t\t\t\t\t\t\t\t\t\t\t\t\t\t\t\t\t\t\t\t<li>\n\t\t\t\t\t\t\t\t\t\t\t\t\t\t\t<i class=\"stm-icon-fuel\"><\/i>\n\t\t\t\t\t\t\t\t\t\t\t\t\t\t\t\t\t\t\t\t\t\t\n\t\t\t\t\t\t\t\t\t\t\t\t\t\t\t\t\t\t\t\t\t\t\t\t\t\t\t<span>H\u00edbrido recarreg\u00e1vel<\/span>\n\t\t\t\t\t\t\t\t\t\t\t\t\t\t\t\t\t\t\t\t\t\t\t\t\t\t\t\t\t\t<\/li>\n\t\t\t\t\t\t\t\t\t\t\t\t\t\t\t\t\t\t\t\t\t\t\t\t\t<li>\n\t\t\t\t\t\t\t\t\t\t\t\t\t\t\t<i class=\"stm-icon-engine_fill\"><\/i>\n\t\t\t\t\t\t\t\t\t\t\t\t\t\t\t\t\t\t\t\t\t\t\n\t\t\t\t\t\t\t\t\t\t\t\t\t\t\t\t\t\t\t\t\t\t\t\t\t\t\t<span>3.0 L<\/span>\n\t\t\t\t\t\t\t\t\t\t\t\t\t\t\t\t\t\t\t\t\t\t\t\t\t\t\t\t\t\t<\/li>\n\t\t\t\t\t\t\t\t\t\t\t\t\t\t\t\t\t\t\t\t\t\t\t\t\t<li>\n\t\t\t\t\t\t\t\t\t\t\t\t\t\t\t<i class=\"stm-service-icon-car-listing\"><\/i>\n\t\t\t\t\t\t\t\t\t\t\t\t\t\t\t\t\t\t\t\t\t\t\n\t\t\t\t\t\t\t\t\t\t\t\t\t\t\t\t\t\t\t\t\t\t\t\t\t\t\t<span>0 DHs (ve\u00edculo isento)<\/span>\n\t\t\t\t\t\t\t\t\t\t\t\t\t\t\t\t\t\t\t\t\t\t\t\t\t\t\t\t\t\t<\/li>\n\t\t\t\t\t\t\t\t\t\t\t\t\t\t\t\t\t\t\t\t\t\t\t\t\t<li>\n\t\t\t\t\t\t\t\t\t\t\t\t\t\t\t<i class=\"stm-icon-speedometr3\"><\/i>\n\t\t\t\t\t\t\t\t\t\t\t\t\t\t\t\t\t\t\t\t\t\t\n\t\t\t\t\t\t\t\t\t\t\t\t\t\t\t\t\t\t\t\t\t\t\t\t\t\t\t<span>3.2 L\/100 km<\/span>\n\t\t\t\t\t\t\t\t\t\t\t\t\t\t\t\t\t\t\t\t\t\t\t\t\t\t\t\t\t\t<\/li>\n\t\t\t\t\t\t\t\t\t\t\t\t<\/ul>\n\t\t<\/div>\n\t<\/a>\n\t<\/div>\n<\/div>\n\t\t\t\t\t\t\t<\/div>\n\t\t\t\t\t\t<\/div>\n\t\t\t\t\t\t\t\t\t\t\t\t<div class=\"dp-in swiper-slide\">\n\t\t\t\t\t\t\t<div class=\"listing-car-item\">\n\t\t\t\t\t\t\t\n<div\n\tclass=\"mvl-card-skins skin_2 col-md-4 col-sm-6 col-xs-12 col-xxs-12 stm-directory-grid-loop stm-isotope-listing-item all 2190000-1108 3-0-l-434 8000-dhs-409 9-7-l-100-589 911-targa-1107 cabriolet-635 essence-454 porsche-353 listing_is_active\"\n\tdata-price=\"2190000\"\n\tdata-date=\"202603080502\"\n\tdata-listing-id=\"10652\"\n\tdata-post-type=\"listings\"\n\tdata-puissance=\"\">\n\t<div href=\"https:\/\/carmax.ma\/pt\/listagens\/porsche-911-targa\/\" class=\"mvl-card-inner actions_hover\">\n<a href=\"https:\/\/carmax.ma\/pt\/listagens\/porsche-911-targa\/\">\n\t<div class=\"skin_2 image\">\n\t\t\t\t<div class=\"mvl-car-medias\">\n\t\t\t\t\t\t\t<div class=\"stm-listing-media-unit stm-car-media-10652\">\n\t\t\t\t\t<span>1\/5<\/span>\n\t\t\t\t\t<i class=\"motors-icons-photoaparat\"><\/i>\n\t\t\t\t<\/div>\n\n\t\t\t\t<script type=\"text\/javascript\">\n\t\t\t\t\tjQuery(document).ready(function(){\n\t\t\t\t\t\tjQuery(\".stm-car-media-10652\").on('click', function(e) {\n\t\t\t\t\t\t\te.preventDefault();\n\t\t\t\t\t\t\tjQuery(this).lightGallery({\n\t\t\t\t\t\t\t\tdynamic: true,\n\t\t\t\t\t\t\t\tdynamicEl: [\n\t\t\t\t\t\t\t\t\t\t\t\t\t\t\t\t\t\t\t\t\t\t\t\t\t\t\t\t\t{\n\t\t\t\t\t\t\t\t\t\t\tsrc  : \"https:\/\/carmax.ma\/wp-content\/uploads\/2026\/03\/PORSCHE-911-Targa-4S-6818_2.jpg\",\n\t\t\t\t\t\t\t\t\t\t\tthumb: \"https:\/\/carmax.ma\/wp-content\/uploads\/2026\/03\/PORSCHE-911-Targa-4S-6818_2.jpg\"\n\t\t\t\t\t\t\t\t\t\t},\n\t\t\t\t\t\t\t\t\t\t\t\t\t\t\t\t\t\t\t\t{\n\t\t\t\t\t\t\t\t\t\t\tsrc  : \"https:\/\/carmax.ma\/wp-content\/uploads\/2026\/03\/PORSCHE-911-Targa-4S-6818_5.jpg\",\n\t\t\t\t\t\t\t\t\t\t\tthumb: \"https:\/\/carmax.ma\/wp-content\/uploads\/2026\/03\/PORSCHE-911-Targa-4S-6818_5.jpg\"\n\t\t\t\t\t\t\t\t\t\t},\n\t\t\t\t\t\t\t\t\t\t\t\t\t\t\t\t\t\t\t\t{\n\t\t\t\t\t\t\t\t\t\t\tsrc  : \"https:\/\/carmax.ma\/wp-content\/uploads\/2026\/03\/PORSCHE-911-Targa-4S-6818_6.jpg\",\n\t\t\t\t\t\t\t\t\t\t\tthumb: \"https:\/\/carmax.ma\/wp-content\/uploads\/2026\/03\/PORSCHE-911-Targa-4S-6818_6.jpg\"\n\t\t\t\t\t\t\t\t\t\t},\n\t\t\t\t\t\t\t\t\t\t\t\t\t\t\t\t\t\t\t\t{\n\t\t\t\t\t\t\t\t\t\t\tsrc  : \"https:\/\/carmax.ma\/wp-content\/uploads\/2026\/03\/PORSCHE-911-Targa-4S-6818_8.jpg\",\n\t\t\t\t\t\t\t\t\t\t\tthumb: \"https:\/\/carmax.ma\/wp-content\/uploads\/2026\/03\/PORSCHE-911-Targa-4S-6818_8.jpg\"\n\t\t\t\t\t\t\t\t\t\t},\n\t\t\t\t\t\t\t\t\t\t\t\t\t\t\t\t\t\t\t\t{\n\t\t\t\t\t\t\t\t\t\t\tsrc  : \"https:\/\/carmax.ma\/wp-content\/uploads\/2026\/03\/PORSCHE-911-Targa-4S-6818_1.jpg\",\n\t\t\t\t\t\t\t\t\t\t\tthumb: \"https:\/\/carmax.ma\/wp-content\/uploads\/2026\/03\/PORSCHE-911-Targa-4S-6818_1.jpg\"\n\t\t\t\t\t\t\t\t\t\t},\n\t\t\t\t\t\t\t\t\t\t\t\t\t\t\t\t\t\t\t\n\t\t\t\t\t\t\t\t\t\t\t\t\t\t\t\t\t],\n\t\t\t\t\t\t\t\tdownload: false,\n\t\t\t\t\t\t\t\tmode: 'lg-fade',\n\t\t\t\t\t\t\t});\n\t\t\t\t\t\t});\n\t\t\t\t\t});\n\t\t\t\t<\/script>\n\t\t\t\t\t<\/div>\n\t\t<!--Favourite-->\n\t\t\n\t\t<div class=\"image-inner\">\n\n\t\t\t\n\t\t\t<div class=\"interactive-hoverable\">\n\t\t\t<div class=\"hoverable-wrap\">\n\t\t\t\t\t\t\t<div class=\"hoverable-unit active\">\n\t\t\t\t\t<div class=\"thumb\">\n\t\t\t\t\t\t\t\t\t\t\t\t<img loading=\"lazy\" decoding=\"async\" width=\"1024\" height=\"689\" src=\"https:\/\/carmax.ma\/wp-content\/uploads\/2026\/03\/PORSCHE-911-Targa-4S-6818_2.jpg\" class=\"img-responsive\" alt=\"PORSCHE 911 Targa\" sizes=\"(max-width: 767px) 100vw, 380px\" srcset=\"https:\/\/carmax.ma\/wp-content\/uploads\/2026\/03\/PORSCHE-911-Targa-4S-6818_2.jpg 1024w, https:\/\/carmax.ma\/wp-content\/uploads\/2026\/03\/PORSCHE-911-Targa-4S-6818_2-300x202.jpg 300w, https:\/\/carmax.ma\/wp-content\/uploads\/2026\/03\/PORSCHE-911-Targa-4S-6818_2-18x12.jpg 18w, https:\/\/carmax.ma\/wp-content\/uploads\/2026\/03\/PORSCHE-911-Targa-4S-6818_2-255x172.jpg 255w, https:\/\/carmax.ma\/wp-content\/uploads\/2026\/03\/PORSCHE-911-Targa-4S-6818_2-510x343.jpg 510w, https:\/\/carmax.ma\/wp-content\/uploads\/2026\/03\/PORSCHE-911-Targa-4S-6818_2-280x188.jpg 280w, https:\/\/carmax.ma\/wp-content\/uploads\/2026\/03\/PORSCHE-911-Targa-4S-6818_2-560x377.jpg 560w, https:\/\/carmax.ma\/wp-content\/uploads\/2026\/03\/PORSCHE-911-Targa-4S-6818_2-350x235.jpg 350w, https:\/\/carmax.ma\/wp-content\/uploads\/2026\/03\/PORSCHE-911-Targa-4S-6818_2-700x471.jpg 700w, https:\/\/carmax.ma\/wp-content\/uploads\/2026\/03\/PORSCHE-911-Targa-4S-6818_2-398x268.jpg 398w, https:\/\/carmax.ma\/wp-content\/uploads\/2026\/03\/PORSCHE-911-Targa-4S-6818_2-796x536.jpg 796w, https:\/\/carmax.ma\/wp-content\/uploads\/2026\/03\/PORSCHE-911-Targa-4S-6818_2-275x185.jpg 275w, https:\/\/carmax.ma\/wp-content\/uploads\/2026\/03\/PORSCHE-911-Targa-4S-6818_2-550x370.jpg 550w, https:\/\/carmax.ma\/wp-content\/uploads\/2026\/03\/PORSCHE-911-Targa-4S-6818_2-327x220.jpg 327w\" \/>\t\t\t\t\t<\/div>\n\t\t\t\t<\/div>\n\t\t\t\t\t\t\t<div class=\"hoverable-unit\">\n\t\t\t\t\t<div class=\"thumb\">\n\t\t\t\t\t\t\t\t\t\t\t\t<img loading=\"lazy\" decoding=\"async\" width=\"1024\" height=\"698\" src=\"https:\/\/carmax.ma\/wp-content\/uploads\/2026\/03\/PORSCHE-911-Targa-4S-6818_5.jpg\" class=\"img-responsive\" alt=\"PORSCHE 911 Targa\" sizes=\"(max-width: 767px) 100vw, 380px\" srcset=\"https:\/\/carmax.ma\/wp-content\/uploads\/2026\/03\/PORSCHE-911-Targa-4S-6818_5.jpg 1024w, https:\/\/carmax.ma\/wp-content\/uploads\/2026\/03\/PORSCHE-911-Targa-4S-6818_5-300x204.jpg 300w, https:\/\/carmax.ma\/wp-content\/uploads\/2026\/03\/PORSCHE-911-Targa-4S-6818_5-18x12.jpg 18w, https:\/\/carmax.ma\/wp-content\/uploads\/2026\/03\/PORSCHE-911-Targa-4S-6818_5-255x174.jpg 255w, https:\/\/carmax.ma\/wp-content\/uploads\/2026\/03\/PORSCHE-911-Targa-4S-6818_5-510x348.jpg 510w, https:\/\/carmax.ma\/wp-content\/uploads\/2026\/03\/PORSCHE-911-Targa-4S-6818_5-280x191.jpg 280w, https:\/\/carmax.ma\/wp-content\/uploads\/2026\/03\/PORSCHE-911-Targa-4S-6818_5-560x382.jpg 560w, https:\/\/carmax.ma\/wp-content\/uploads\/2026\/03\/PORSCHE-911-Targa-4S-6818_5-350x239.jpg 350w, https:\/\/carmax.ma\/wp-content\/uploads\/2026\/03\/PORSCHE-911-Targa-4S-6818_5-700x477.jpg 700w, https:\/\/carmax.ma\/wp-content\/uploads\/2026\/03\/PORSCHE-911-Targa-4S-6818_5-398x271.jpg 398w, https:\/\/carmax.ma\/wp-content\/uploads\/2026\/03\/PORSCHE-911-Targa-4S-6818_5-796x543.jpg 796w, https:\/\/carmax.ma\/wp-content\/uploads\/2026\/03\/PORSCHE-911-Targa-4S-6818_5-275x187.jpg 275w, https:\/\/carmax.ma\/wp-content\/uploads\/2026\/03\/PORSCHE-911-Targa-4S-6818_5-550x375.jpg 550w, https:\/\/carmax.ma\/wp-content\/uploads\/2026\/03\/PORSCHE-911-Targa-4S-6818_5-327x223.jpg 327w\" \/>\t\t\t\t\t<\/div>\n\t\t\t\t<\/div>\n\t\t\t\t\t\t\t<div class=\"hoverable-unit\">\n\t\t\t\t\t<div class=\"thumb\">\n\t\t\t\t\t\t\t\t\t\t\t\t<img loading=\"lazy\" decoding=\"async\" width=\"1024\" height=\"689\" src=\"https:\/\/carmax.ma\/wp-content\/uploads\/2026\/03\/PORSCHE-911-Targa-4S-6818_6.jpg\" class=\"img-responsive\" alt=\"PORSCHE 911 Targa\" sizes=\"(max-width: 767px) 100vw, 380px\" srcset=\"https:\/\/carmax.ma\/wp-content\/uploads\/2026\/03\/PORSCHE-911-Targa-4S-6818_6.jpg 1024w, https:\/\/carmax.ma\/wp-content\/uploads\/2026\/03\/PORSCHE-911-Targa-4S-6818_6-300x202.jpg 300w, https:\/\/carmax.ma\/wp-content\/uploads\/2026\/03\/PORSCHE-911-Targa-4S-6818_6-18x12.jpg 18w, https:\/\/carmax.ma\/wp-content\/uploads\/2026\/03\/PORSCHE-911-Targa-4S-6818_6-255x172.jpg 255w, https:\/\/carmax.ma\/wp-content\/uploads\/2026\/03\/PORSCHE-911-Targa-4S-6818_6-510x343.jpg 510w, https:\/\/carmax.ma\/wp-content\/uploads\/2026\/03\/PORSCHE-911-Targa-4S-6818_6-280x188.jpg 280w, https:\/\/carmax.ma\/wp-content\/uploads\/2026\/03\/PORSCHE-911-Targa-4S-6818_6-560x377.jpg 560w, https:\/\/carmax.ma\/wp-content\/uploads\/2026\/03\/PORSCHE-911-Targa-4S-6818_6-350x235.jpg 350w, https:\/\/carmax.ma\/wp-content\/uploads\/2026\/03\/PORSCHE-911-Targa-4S-6818_6-700x471.jpg 700w, https:\/\/carmax.ma\/wp-content\/uploads\/2026\/03\/PORSCHE-911-Targa-4S-6818_6-398x268.jpg 398w, https:\/\/carmax.ma\/wp-content\/uploads\/2026\/03\/PORSCHE-911-Targa-4S-6818_6-796x536.jpg 796w, https:\/\/carmax.ma\/wp-content\/uploads\/2026\/03\/PORSCHE-911-Targa-4S-6818_6-275x185.jpg 275w, https:\/\/carmax.ma\/wp-content\/uploads\/2026\/03\/PORSCHE-911-Targa-4S-6818_6-550x370.jpg 550w, https:\/\/carmax.ma\/wp-content\/uploads\/2026\/03\/PORSCHE-911-Targa-4S-6818_6-327x220.jpg 327w\" \/>\t\t\t\t\t<\/div>\n\t\t\t\t<\/div>\n\t\t\t\t\t\t\t<div class=\"hoverable-unit\">\n\t\t\t\t\t<div class=\"thumb\">\n\t\t\t\t\t\t\t\t\t\t\t\t<img loading=\"lazy\" decoding=\"async\" width=\"1024\" height=\"691\" src=\"https:\/\/carmax.ma\/wp-content\/uploads\/2026\/03\/PORSCHE-911-Targa-4S-6818_8.jpg\" class=\"img-responsive\" alt=\"PORSCHE 911 Targa\" sizes=\"(max-width: 767px) 100vw, 380px\" srcset=\"https:\/\/carmax.ma\/wp-content\/uploads\/2026\/03\/PORSCHE-911-Targa-4S-6818_8.jpg 1024w, https:\/\/carmax.ma\/wp-content\/uploads\/2026\/03\/PORSCHE-911-Targa-4S-6818_8-300x202.jpg 300w, https:\/\/carmax.ma\/wp-content\/uploads\/2026\/03\/PORSCHE-911-Targa-4S-6818_8-18x12.jpg 18w, https:\/\/carmax.ma\/wp-content\/uploads\/2026\/03\/PORSCHE-911-Targa-4S-6818_8-255x172.jpg 255w, https:\/\/carmax.ma\/wp-content\/uploads\/2026\/03\/PORSCHE-911-Targa-4S-6818_8-510x344.jpg 510w, https:\/\/carmax.ma\/wp-content\/uploads\/2026\/03\/PORSCHE-911-Targa-4S-6818_8-280x189.jpg 280w, https:\/\/carmax.ma\/wp-content\/uploads\/2026\/03\/PORSCHE-911-Targa-4S-6818_8-560x378.jpg 560w, https:\/\/carmax.ma\/wp-content\/uploads\/2026\/03\/PORSCHE-911-Targa-4S-6818_8-350x236.jpg 350w, https:\/\/carmax.ma\/wp-content\/uploads\/2026\/03\/PORSCHE-911-Targa-4S-6818_8-700x472.jpg 700w, https:\/\/carmax.ma\/wp-content\/uploads\/2026\/03\/PORSCHE-911-Targa-4S-6818_8-398x269.jpg 398w, https:\/\/carmax.ma\/wp-content\/uploads\/2026\/03\/PORSCHE-911-Targa-4S-6818_8-796x537.jpg 796w, https:\/\/carmax.ma\/wp-content\/uploads\/2026\/03\/PORSCHE-911-Targa-4S-6818_8-275x186.jpg 275w, https:\/\/carmax.ma\/wp-content\/uploads\/2026\/03\/PORSCHE-911-Targa-4S-6818_8-550x371.jpg 550w, https:\/\/carmax.ma\/wp-content\/uploads\/2026\/03\/PORSCHE-911-Targa-4S-6818_8-327x221.jpg 327w\" \/>\t\t\t\t\t<\/div>\n\t\t\t\t<\/div>\n\t\t\t\t\t\t\t<div class=\"hoverable-unit\">\n\t\t\t\t\t<div class=\"thumb\">\n\t\t\t\t\t\t\t\t\t\t\t\t<img loading=\"lazy\" decoding=\"async\" width=\"1024\" height=\"768\" src=\"https:\/\/carmax.ma\/wp-content\/uploads\/2026\/03\/PORSCHE-911-Targa-4S-6818_1.jpg\" class=\"img-responsive\" alt=\"PORSCHE 911 Targa\" sizes=\"(max-width: 767px) 100vw, 380px\" srcset=\"https:\/\/carmax.ma\/wp-content\/uploads\/2026\/03\/PORSCHE-911-Targa-4S-6818_1.jpg 1024w, https:\/\/carmax.ma\/wp-content\/uploads\/2026\/03\/PORSCHE-911-Targa-4S-6818_1-300x225.jpg 300w, https:\/\/carmax.ma\/wp-content\/uploads\/2026\/03\/PORSCHE-911-Targa-4S-6818_1-16x12.jpg 16w, https:\/\/carmax.ma\/wp-content\/uploads\/2026\/03\/PORSCHE-911-Targa-4S-6818_1-255x191.jpg 255w, https:\/\/carmax.ma\/wp-content\/uploads\/2026\/03\/PORSCHE-911-Targa-4S-6818_1-510x383.jpg 510w, https:\/\/carmax.ma\/wp-content\/uploads\/2026\/03\/PORSCHE-911-Targa-4S-6818_1-280x210.jpg 280w, https:\/\/carmax.ma\/wp-content\/uploads\/2026\/03\/PORSCHE-911-Targa-4S-6818_1-560x420.jpg 560w, https:\/\/carmax.ma\/wp-content\/uploads\/2026\/03\/PORSCHE-911-Targa-4S-6818_1-350x263.jpg 350w, https:\/\/carmax.ma\/wp-content\/uploads\/2026\/03\/PORSCHE-911-Targa-4S-6818_1-700x525.jpg 700w, https:\/\/carmax.ma\/wp-content\/uploads\/2026\/03\/PORSCHE-911-Targa-4S-6818_1-398x299.jpg 398w, https:\/\/carmax.ma\/wp-content\/uploads\/2026\/03\/PORSCHE-911-Targa-4S-6818_1-796x597.jpg 796w, https:\/\/carmax.ma\/wp-content\/uploads\/2026\/03\/PORSCHE-911-Targa-4S-6818_1-275x206.jpg 275w, https:\/\/carmax.ma\/wp-content\/uploads\/2026\/03\/PORSCHE-911-Targa-4S-6818_1-550x413.jpg 550w, https:\/\/carmax.ma\/wp-content\/uploads\/2026\/03\/PORSCHE-911-Targa-4S-6818_1-327x245.jpg 327w\" \/>\t\t\t\t\t<\/div>\n\t\t\t\t<\/div>\n\t\t\t\t\t<\/div>\n\t\t<div class=\"hoverable-indicators\">\n\t\t\t\t\t\t\t<div class=\"indicator active\"><\/div>\n\t\t\t\t\t\t\t<div class=\"indicator\"><\/div>\n\t\t\t\t\t\t\t<div class=\"indicator\"><\/div>\n\t\t\t\t\t\t\t<div class=\"indicator\"><\/div>\n\t\t\t\t\t\t\t<div class=\"indicator\"><\/div>\n\t\t\t\t\t<\/div>\n\t\t<\/div>\n\t\t\n\n\t\t\t\t<div class=\"mvl_compare_unit\">\n\t\t\t\t\t<span\n\t\t\t\thref=\"#\"\n\t\t\t\tclass=\"mvl-skins-add-to-compare\"\n\t\t\t\tdata-view=\"grid\"\n\t\t\t\tdata-post-type=\"listings\"\n\t\t\t\ttitle=\"Comparar\"\n\t\t\t\tdata-id=\"10652\"\n\t\t\t\tdata-title=\"PORSCHE 911 Targa\"\n\t\t\t\tdata-toggle=\"tooltip\"\n\t\t\t\tdata-placement=\"top\"\n\t\t\t\tdata-original-title=\"\u0421ompare\"\n\t\t\t\tdata-container=\"body\"\n\t\t\t\t>\n\t\t\t\t<i class=\"motors-icons-mvl-compare\"><\/i>\n\t\t\t<\/span>\n\t\t\t<\/div>\n\t\t<\/div>\n\t<\/div>\n<\/a>\n<div class=\"skin_2 mvl_listing_title_wrapper\">\n\t<div class=\"mvl_listing_title_wrapper-inner\">\n\t\t<a href=\"https:\/\/carmax.ma\/pt\/listagens\/porsche-911-targa\/\" class=\"mvl_listing_title\">\n\t\t\t<div class=\"mvl_listing_title car-title\" data-max-char=\"44\">\n\t\t\t\tPorsche 911 Targa\t\t\t<\/div>\n\t\t<\/a>\n\t\t\t<\/div>\n<\/div>\n\n<div class=\"skin_2 mvl-price-grid-card\">\n\t<div class=\"mvl-price-grid-card-inner\">\n\t\t<a href=\"https:\/\/carmax.ma\/pt\/listagens\/porsche-911-targa\/\">\n\t\t\t<div class=\"mvl-price-wrapp\">\n\t\t\t\t<div class=\"mvl-price\">\n\t\t\t\t\t<div class=\"normal-price mvl-normal-price\">2 190 000DH<\/div>\n\t\t\t\t\t\t\t\t\t<\/div>\n\t\t\t\t\t\t\t<\/div>\n\t\t<\/a>\n\t<\/div>\n<\/div>\n\t<a href=\"https:\/\/carmax.ma\/pt\/listagens\/porsche-911-targa\/\">\n\t\t<div class=\"skin_2 mvl-card-listing-data\">\n\t\t\t<ul class=\"mvl-card-listing-data-inner\">\n\t\t\t\t\t\t\t\t\t\t\t\t\t\t\t\t\t\t\t\t<li>\n\t\t\t\t\t\t\t\t\t\t\t\t\t\t\t<i class=\"stm-service-icon-body_type\"><\/i>\n\t\t\t\t\t\t\t\t\t\t\t\t\t\t\t\t\t\t\t\t\t\t\n\t\t\t\t\t\t\t\t\t\t\t\t\t\t\t\t\t\t\t\t\t\t\t\t\t\t\t<span>Descapot\u00e1vel<\/span>\n\t\t\t\t\t\t\t\t\t\t\t\t\t\t\t\t\t\t\t\t\t\t\t\t\t\t\t\t\t\t<\/li>\n\t\t\t\t\t\t\t\t\t\t\t\t\t\t\t\t\t\t\t\t\t\t\t\t\t<li>\n\t\t\t\t\t\t\t\t\t\t\t\t\t\t\t<i class=\"stm-icon-fuel\"><\/i>\n\t\t\t\t\t\t\t\t\t\t\t\t\t\t\t\t\t\t\t\t\t\t\n\t\t\t\t\t\t\t\t\t\t\t\t\t\t\t\t\t\t\t\t\t\t\t\t\t\t\t<span>Gasolina<\/span>\n\t\t\t\t\t\t\t\t\t\t\t\t\t\t\t\t\t\t\t\t\t\t\t\t\t\t\t\t\t\t<\/li>\n\t\t\t\t\t\t\t\t\t\t\t\t\t\t\t\t\t\t\t\t\t\t\t\t\t<li>\n\t\t\t\t\t\t\t\t\t\t\t\t\t\t\t<i class=\"stm-icon-engine_fill\"><\/i>\n\t\t\t\t\t\t\t\t\t\t\t\t\t\t\t\t\t\t\t\t\t\t\n\t\t\t\t\t\t\t\t\t\t\t\t\t\t\t\t\t\t\t\t\t\t\t\t\t\t\t<span>3.0 L<\/span>\n\t\t\t\t\t\t\t\t\t\t\t\t\t\t\t\t\t\t\t\t\t\t\t\t\t\t\t\t\t\t<\/li>\n\t\t\t\t\t\t\t\t\t\t\t\t\t\t\t\t\t\t\t\t\t\t\t\t\t<li>\n\t\t\t\t\t\t\t\t\t\t\t\t\t\t\t<i class=\"stm-service-icon-car-listing\"><\/i>\n\t\t\t\t\t\t\t\t\t\t\t\t\t\t\t\t\t\t\t\t\t\t\n\t\t\t\t\t\t\t\t\t\t\t\t\t\t\t\t\t\t\t\t\t\t\t\t\t\t\t<span>8000 DHs<\/span>\n\t\t\t\t\t\t\t\t\t\t\t\t\t\t\t\t\t\t\t\t\t\t\t\t\t\t\t\t\t\t<\/li>\n\t\t\t\t\t\t\t\t\t\t\t\t\t\t\t\t\t\t\t\t\t\t\t\t\t<li>\n\t\t\t\t\t\t\t\t\t\t\t\t\t\t\t<i class=\"stm-icon-speedometr3\"><\/i>\n\t\t\t\t\t\t\t\t\t\t\t\t\t\t\t\t\t\t\t\t\t\t\n\t\t\t\t\t\t\t\t\t\t\t\t\t\t\t\t\t\t\t\t\t\t\t\t\t\t\t<span>9.7 L\/100<\/span>\n\t\t\t\t\t\t\t\t\t\t\t\t\t\t\t\t\t\t\t\t\t\t\t\t\t\t\t\t\t\t<\/li>\n\t\t\t\t\t\t\t\t\t\t\t\t<\/ul>\n\t\t<\/div>\n\t<\/a>\n\t<\/div>\n<\/div>\n\t\t\t\t\t\t\t<\/div>\n\t\t\t\t\t\t<\/div>\n\t\t\t\t\t\t\t\t\t<\/div>\n\n\t\t\t\t\t\t\t<div class=\"stm-swiper-controls\">\n\t\t\t\t\t\t\t\t\t\t\t<div class=\"stm-swiper-prev\"><i class=\"fas fa-angle-left\"><\/i><\/div>\n\t\t\t\t\t\t\t\t\t\t\t\t\t\t\t\t<div class=\"swiper-pagination\"><\/div>\n\t\t\t\t\t\t\t\t\t\t\t\t\t\t\t\t<div class=\"stm-swiper-next\"><i class=\"fas fa-angle-right\"><\/i><\/div>\n\t\t\t\t\t\t\t\t\t<\/div>\n\t\t\t\t\t<\/div>\n\t\t<\/div>\n\n<script>\n    (function ($) {\n        \"use strict\";\n\t\t        $(window).on('elementor\/frontend\/init', function () {\n\t\t\t            let swiper = new Swiper('#selc-48728', {\n\t\t\t\t\n\t\t\t\t                simulateTouch: false,\n\t\t\t\t\n\t\t\t\t                autoplay: {\n\t\t\t\t\t                    delay: 3000,\n\t\t\t\t\t\n\t\t\t\t\t                },\n\t\t\t\t\n\t\t\t\t                speed: 300,\n\t\t\t\t\n\t\t\t\t                slidesPerGroup: 1,\n\t\t\t\t                centerInsufficientSlides: true,\n\n                slidesPerView: 1,\n\n                breakpoints: {\n                    640: {\n                        slidesPerView: 2,\n                    },\n                    992: {\n                        slidesPerView: 4,\n                    }\n                },\n\t\t\t\t                navigation: {\n                    nextEl: '.stm-swiper-next',\n                    prevEl: '.stm-swiper-prev',\n                },\n\t\t\t\t\n\t\t\t\t                pagination: {\n                    el: '.swiper-pagination',\n                    clickable: true,\n                },\n\t\t\t\t            });\n\n\t\t\t        });\n\t\t    }(jQuery));\n<\/script>\n\t\t\t\t<\/div>\n\t\t\t\t<\/div>\n\t\t\t\t\t<\/div>\n\t\t\t\t<\/div>\n\t\t\t\t<section class=\"elementor-section elementor-top-section elementor-element elementor-element-e2b7e5c elementor-section-stretched elementor-section-boxed elementor-section-height-default elementor-section-height-default\" data-id=\"e2b7e5c\" data-element_type=\"section\" data-e-type=\"section\" data-settings=\"{&quot;stretch_section&quot;:&quot;section-stretched&quot;,&quot;background_background&quot;:&quot;classic&quot;}\">\n\t\t\t\t\t\t<div class=\"elementor-container elementor-column-gap-default\">\n\t\t\t\t\t<div class=\"elementor-column elementor-col-100 elementor-top-column elementor-element elementor-element-dc99f63\" data-id=\"dc99f63\" data-element_type=\"column\" data-e-type=\"column\">\n\t\t\t<div class=\"elementor-widget-wrap elementor-element-populated\">\n\t\t\t\t\t\t<div class=\"elementor-element elementor-element-3711632 elementor-widget elementor-widget-heading\" data-id=\"3711632\" data-element_type=\"widget\" data-e-type=\"widget\" data-widget_type=\"heading.default\">\n\t\t\t\t\t<h2 class=\"elementor-heading-title elementor-size-default\">V\u00eddeo recente<\/h2>\t\t\t\t<\/div>\n\t\t\t\t<div class=\"elementor-element elementor-element-800b3f8 elementor-widget elementor-widget-video\" data-id=\"800b3f8\" data-element_type=\"widget\" data-e-type=\"widget\" data-settings=\"{&quot;youtube_url&quot;:&quot;https:\\\/\\\/www.youtube.com\\\/watch?v=lxXUvdMamKU&quot;,&quot;video_type&quot;:&quot;youtube&quot;,&quot;controls&quot;:&quot;yes&quot;}\" data-widget_type=\"video.default\">\n\t\t\t\t\t\t\t<div class=\"elementor-wrapper elementor-open-inline\">\n\t\t\t<div class=\"elementor-video\"><\/div>\t\t<\/div>\n\t\t\t\t\t\t<\/div>\n\t\t\t\t\t<\/div>\n\t\t<\/div>\n\t\t\t\t\t<\/div>\n\t\t<\/section>\n\t\t<div class=\"elementor-element elementor-element-32ec264 e-flex e-con-boxed e-con e-parent\" data-id=\"32ec264\" data-element_type=\"container\" data-e-type=\"container\">\n\t\t\t\t\t<div class=\"e-con-inner\">\n\t\t\t\t<div class=\"elementor-element elementor-element-2f6c6e8 elementor-widget-divider--view-line elementor-widget elementor-widget-divider\" data-id=\"2f6c6e8\" data-element_type=\"widget\" data-e-type=\"widget\" data-widget_type=\"divider.default\">\n\t\t\t\t\t\t\t<div class=\"elementor-divider\">\n\t\t\t<span class=\"elementor-divider-separator\">\n\t\t\t\t\t\t<\/span>\n\t\t<\/div>\n\t\t\t\t\t\t<\/div>\n\t\t\t\t\t<\/div>\n\t\t\t\t<\/div>\n\t\t<div class=\"elementor-element elementor-element-67d0477 e-grid e-con-full e-con e-parent\" data-id=\"67d0477\" data-element_type=\"container\" data-e-type=\"container\">\n\t\t\t\t<div class=\"elementor-element elementor-element-5c00c7d elementor-widget elementor-widget-upk-static-social-count\" data-id=\"5c00c7d\" data-element_type=\"widget\" data-e-type=\"widget\" data-widget_type=\"upk-static-social-count.default\">\n\t\t\t\t\t\t\t<div class=\"upk-static-social-count\">\n\t\t\t\t\t\t\t<a class=\"upk-item upk-social-icon upk-social-icon-instagram elementor-repeater-item-37fe191\" href=\"https:\/\/instagram.com\/carmaxmorocco\">\n\t\t\t\t\t<div class=\"upk-icon\">\n\t\t\t\t\t\t<span title=\"Instagram\">\n\t\t\t\t\t\t\t<svg aria-hidden=\"true\" class=\"e-font-icon-svg e-fab-instagram\" viewbox=\"0 0 448 512\" xmlns=\"http:\/\/www.w3.org\/2000\/svg\"><path d=\"M224.1 141c-63.6 0-114.9 51.3-114.9 114.9s51.3 114.9 114.9 114.9S339 319.5 339 255.9 287.7 141 224.1 141zm0 189.6c-41.1 0-74.7-33.5-74.7-74.7s33.5-74.7 74.7-74.7 74.7 33.5 74.7 74.7-33.6 74.7-74.7 74.7zm146.4-194.3c0 14.9-12 26.8-26.8 26.8-14.9 0-26.8-12-26.8-26.8s12-26.8 26.8-26.8 26.8 12 26.8 26.8zm76.1 27.2c-1.7-35.9-9.9-67.7-36.2-93.9-26.2-26.2-58-34.4-93.9-36.2-37-2.1-147.9-2.1-184.9 0-35.8 1.7-67.6 9.9-93.9 36.1s-34.4 58-36.2 93.9c-2.1 37-2.1 147.9 0 184.9 1.7 35.9 9.9 67.7 36.2 93.9s58 34.4 93.9 36.2c37 2.1 147.9 2.1 184.9 0 35.9-1.7 67.7-9.9 93.9-36.2 26.2-26.2 34.4-58 36.2-93.9 2.1-37 2.1-147.8 0-184.8zM398.8 388c-7.8 19.6-22.9 34.7-42.6 42.6-29.5 11.7-99.5 9-132.1 9s-102.7 2.6-132.1-9c-19.6-7.8-34.7-22.9-42.6-42.6-11.7-29.5-9-99.5-9-132.1s-2.6-102.7 9-132.1c7.8-19.6 22.9-34.7 42.6-42.6 29.5-11.7 99.5-9 132.1-9s102.7-2.6 132.1 9c19.6 7.8 34.7 22.9 42.6 42.6 11.7 29.5 9 99.5 9 132.1s2.7 102.7-9 132.1z\"><\/path><\/svg>\t\t\t\t\t\t<\/span>\n\t\t\t\t\t<\/div>\n\t\t\t\t\t<div class=\"upk-content\">\n\t\t\t\t\t\t<div class=\"upk-count\">\n\t\t\t\t\t\t\t<span class=\"counter-value\">393000<\/span>\t\t\t\t\t\t<\/div>\n\t\t\t\t\t\t<div class=\"upk-meta\">\n\t\t\t\t\t\t\t<span>Seguidores<\/span>\t\t\t\t\t\t<\/div>\n\t\t\t\t\t<\/div>\n\t\t\t\t<\/a>\n\t<\/div>\t\t\t\t<\/div>\n\t\t\t\t<div class=\"elementor-element elementor-element-0b13f06 elementor-widget elementor-widget-upk-static-social-count\" data-id=\"0b13f06\" data-element_type=\"widget\" data-e-type=\"widget\" data-widget_type=\"upk-static-social-count.default\">\n\t\t\t\t\t\t\t<div class=\"upk-static-social-count\">\n\t\t\t\t\t\t\t<a class=\"upk-item upk-social-icon upk-social-icon-youtube elementor-repeater-item-ae0fc51\" href=\"https:\/\/youtube.com\/carmaxmorocco\">\n\t\t\t\t\t<div class=\"upk-icon\">\n\t\t\t\t\t\t<span title=\"Youtube\">\n\t\t\t\t\t\t\t<svg aria-hidden=\"true\" class=\"e-font-icon-svg e-fab-youtube\" viewbox=\"0 0 576 512\" xmlns=\"http:\/\/www.w3.org\/2000\/svg\"><path d=\"M549.655 124.083c-6.281-23.65-24.787-42.276-48.284-48.597C458.781 64 288 64 288 64S117.22 64 74.629 75.486c-23.497 6.322-42.003 24.947-48.284 48.597-11.412 42.867-11.412 132.305-11.412 132.305s0 89.438 11.412 132.305c6.281 23.65 24.787 41.5 48.284 47.821C117.22 448 288 448 288 448s170.78 0 213.371-11.486c23.497-6.321 42.003-24.171 48.284-47.821 11.412-42.867 11.412-132.305 11.412-132.305s0-89.438-11.412-132.305zm-317.51 213.508V175.185l142.739 81.205-142.739 81.201z\"><\/path><\/svg>\t\t\t\t\t\t<\/span>\n\t\t\t\t\t<\/div>\n\t\t\t\t\t<div class=\"upk-content\">\n\t\t\t\t\t\t<div class=\"upk-count\">\n\t\t\t\t\t\t\t<span class=\"counter-value\">140000<\/span>\t\t\t\t\t\t<\/div>\n\t\t\t\t\t\t<div class=\"upk-meta\">\n\t\t\t\t\t\t\t<span>Subscritores<\/span>\t\t\t\t\t\t<\/div>\n\t\t\t\t\t<\/div>\n\t\t\t\t<\/a>\n\t<\/div>\t\t\t\t<\/div>\n\t\t\t\t<div class=\"elementor-element elementor-element-3b5f84a elementor-widget elementor-widget-upk-static-social-count\" data-id=\"3b5f84a\" data-element_type=\"widget\" data-e-type=\"widget\" data-widget_type=\"upk-static-social-count.default\">\n\t\t\t\t\t\t\t<div class=\"upk-static-social-count\">\n\t\t\t\t\t\t\t<a class=\"upk-item upk-social-icon upk-social-icon-facebook elementor-repeater-item-42d4582\" href=\"https:\/\/facebook.com\/carmaxmorocco\">\n\t\t\t\t\t<div class=\"upk-icon\">\n\t\t\t\t\t\t<span title=\"Facebook\">\n\t\t\t\t\t\t\t<svg aria-hidden=\"true\" class=\"e-font-icon-svg e-fab-facebook\" viewbox=\"0 0 512 512\" xmlns=\"http:\/\/www.w3.org\/2000\/svg\"><path d=\"M504 256C504 119 393 8 256 8S8 119 8 256c0 123.78 90.69 226.38 209.25 245V327.69h-63V256h63v-54.64c0-62.15 37-96.48 93.67-96.48 27.14 0 55.52 4.84 55.52 4.84v61h-31.28c-30.8 0-40.41 19.12-40.41 38.73V256h68.78l-11 71.69h-57.78V501C413.31 482.38 504 379.78 504 256z\"><\/path><\/svg>\t\t\t\t\t\t<\/span>\n\t\t\t\t\t<\/div>\n\t\t\t\t\t<div class=\"upk-content\">\n\t\t\t\t\t\t<div class=\"upk-count\">\n\t\t\t\t\t\t\t<span class=\"counter-value\">92000<\/span>\t\t\t\t\t\t<\/div>\n\t\t\t\t\t\t<div class=\"upk-meta\">\n\t\t\t\t\t\t\t<span>Seguidores<\/span>\t\t\t\t\t\t<\/div>\n\t\t\t\t\t<\/div>\n\t\t\t\t<\/a>\n\t<\/div>\t\t\t\t<\/div>\n\t\t\t\t<\/div>\n\t\t<div class=\"elementor-element elementor-element-e699668 e-flex e-con-boxed e-con e-parent\" data-id=\"e699668\" data-element_type=\"container\" data-e-type=\"container\">\n\t\t\t\t\t<div class=\"e-con-inner\">\n\t\t\t\t<div class=\"elementor-element elementor-element-0160f72 elementor-widget-divider--view-line elementor-widget elementor-widget-divider\" data-id=\"0160f72\" data-element_type=\"widget\" data-e-type=\"widget\" data-widget_type=\"divider.default\">\n\t\t\t\t\t\t\t<div class=\"elementor-divider\">\n\t\t\t<span class=\"elementor-divider-separator\">\n\t\t\t\t\t\t<\/span>\n\t\t<\/div>\n\t\t\t\t\t\t<\/div>\n\t\t\t\t\t<\/div>\n\t\t\t\t<\/div>\n\t\t\t\t<section class=\"elementor-section elementor-top-section elementor-element elementor-element-0e62efc elementor-section-content-middle elementor-section-stretched elementor-section-boxed elementor-section-height-default elementor-section-height-default\" data-id=\"0e62efc\" data-element_type=\"section\" data-e-type=\"section\" data-settings=\"{&quot;stretch_section&quot;:&quot;section-stretched&quot;,&quot;background_background&quot;:&quot;classic&quot;}\">\n\t\t\t\t\t\t<div class=\"elementor-container elementor-column-gap-default\">\n\t\t\t\t\t<div class=\"elementor-column elementor-col-100 elementor-top-column elementor-element elementor-element-6a27cc2\" data-id=\"6a27cc2\" data-element_type=\"column\" data-e-type=\"column\">\n\t\t\t<div class=\"elementor-widget-wrap elementor-element-populated\">\n\t\t\t\t\t\t\t<\/div>\n\t\t<\/div>\n\t\t\t\t\t<\/div>\n\t\t<\/section>\n\t\t\t\t<\/div>","protected":false},"excerpt":{"rendered":"<p>Maserati Levante \u00c0 partir de 850 000 Dhs D\u00e9couvrir Jaecoo J7 SHS \u00c0 partir de 370 000 Dhs D\u00e9couvrir Kia Sportage \u00c0 partir de 375 000 Dhs D\u00e9couvrir V\u00e9hicule Neuf V\u00e9hicule Occasion Forum Garagistes Assurance Infos L\u00e9gales et guides D\u00e9couvrez 1\/5 Abarth 695 352 000DH Citadine Essence 1.4 L 350 DHs 6.7 L\/100 km 1\/5&#8230;<\/p>","protected":false},"author":1,"featured_media":0,"parent":0,"menu_order":0,"comment_status":"closed","ping_status":"closed","template":"","meta":{"_bbp_topic_count":0,"_bbp_reply_count":0,"_bbp_total_topic_count":0,"_bbp_total_reply_count":0,"_bbp_voice_count":0,"_bbp_anonymous_reply_count":0,"_bbp_topic_count_hidden":0,"_bbp_reply_count_hidden":0,"_bbp_forum_subforum_count":0,"footnotes":""},"class_list":["post-5660","page","type-page","status-publish","hentry"],"jetpack_sharing_enabled":true,"_links":{"self":[{"href":"https:\/\/carmax.ma\/pt\/wp-json\/wp\/v2\/pages\/5660","targetHints":{"allow":["GET"]}}],"collection":[{"href":"https:\/\/carmax.ma\/pt\/wp-json\/wp\/v2\/pages"}],"about":[{"href":"https:\/\/carmax.ma\/pt\/wp-json\/wp\/v2\/types\/page"}],"author":[{"embeddable":true,"href":"https:\/\/carmax.ma\/pt\/wp-json\/wp\/v2\/users\/1"}],"replies":[{"embeddable":true,"href":"https:\/\/carmax.ma\/pt\/wp-json\/wp\/v2\/comments?post=5660"}],"version-history":[{"count":634,"href":"https:\/\/carmax.ma\/pt\/wp-json\/wp\/v2\/pages\/5660\/revisions"}],"predecessor-version":[{"id":10834,"href":"https:\/\/carmax.ma\/pt\/wp-json\/wp\/v2\/pages\/5660\/revisions\/10834"}],"wp:attachment":[{"href":"https:\/\/carmax.ma\/pt\/wp-json\/wp\/v2\/media?parent=5660"}],"curies":[{"name":"wp","href":"https:\/\/api.w.org\/{rel}","templated":true}]}}